{"id":4471,"date":"2019-09-30T08:20:08","date_gmt":"2019-09-30T08:20:08","guid":{"rendered":"https:\/\/www.moto-collection.org\/blog\/?page_id=4471"},"modified":"2024-08-25T17:13:50","modified_gmt":"2024-08-25T17:13:50","slug":"liste-des-articles","status":"publish","type":"page","link":"https:\/\/www.moto-collection.org\/blog\/liste-des-articles\/","title":{"rendered":"Liste des articles"},"content":{"rendered":"<p>[vc_row][vc_column][vc_column_text]<\/p>\n<p><code><div class=\"pt-cv-wrapper\"><div class=\"pt-cv-view pt-cv-grid pt-cv-colsys\" id=\"pt-cv-view-6e7b2ebkb6\"><div data-id=\"pt-cv-page-1\" class=\"pt-cv-page\" data-cvc=\"1\"><div class=\"col-md-12 col-sm-6 col-xs-12 pt-cv-content-item pt-cv-1-col\" ><div class='pt-cv-ifield'><h6 class=\"pt-cv-title\"><a href=\"https:\/\/www.moto-collection.org\/blog\/avignon-motor-passion-2026\/\" class=\"_self\" target=\"_self\" >Avignon Motor Passion 2026<\/a><\/h6><\/div><\/div>\n<div class=\"col-md-12 col-sm-6 col-xs-12 pt-cv-content-item pt-cv-1-col\" ><div class='pt-cv-ifield'><h6 class=\"pt-cv-title\"><a href=\"https:\/\/www.moto-collection.org\/blog\/guillaume-perreaux-lincroyable-replique\/\" class=\"_self\" target=\"_self\" >Guillaume Perreaux: L&rsquo;incroyable r\u00e9plique<\/a><\/h6><\/div><\/div>\n<div class=\"col-md-12 col-sm-6 col-xs-12 pt-cv-content-item pt-cv-1-col\" ><div class='pt-cv-ifield'><h6 class=\"pt-cv-title\"><a href=\"https:\/\/www.moto-collection.org\/blog\/lambretta-li-lalbum-photos\/\" class=\"_self\" target=\"_self\" >Lambretta LI: l&rsquo;album photos<\/a><\/h6><\/div><\/div>\n<div class=\"col-md-12 col-sm-6 col-xs-12 pt-cv-content-item pt-cv-1-col\" ><div class='pt-cv-ifield'><h6 class=\"pt-cv-title\"><a href=\"https:\/\/www.moto-collection.org\/blog\/s2r-lyon-2026\/\" class=\"_self\" target=\"_self\" >S2R &#8211;  Lyon 2026<\/a><\/h6><\/div><\/div>\n<div class=\"col-md-12 col-sm-6 col-xs-12 pt-cv-content-item pt-cv-1-col\" ><div class='pt-cv-ifield'><h6 class=\"pt-cv-title\"><a href=\"https:\/\/www.moto-collection.org\/blog\/lexpo-geniale-de-gaignard\/\" class=\"_self\" target=\"_self\" >L&rsquo;expo g\u00e9niale de Gaignard<\/a><\/h6><\/div><\/div>\n<div class=\"col-md-12 col-sm-6 col-xs-12 pt-cv-content-item pt-cv-1-col\" ><div class='pt-cv-ifield'><h6 class=\"pt-cv-title\"><a href=\"https:\/\/www.moto-collection.org\/blog\/superia-joue-le-super-kitch\/\" class=\"_self\" target=\"_self\" >Superia joue le super kitch<\/a><\/h6><\/div><\/div>\n<div class=\"col-md-12 col-sm-6 col-xs-12 pt-cv-content-item pt-cv-1-col\" ><div class='pt-cv-ifield'><h6 class=\"pt-cv-title\"><a href=\"https:\/\/www.moto-collection.org\/blog\/terrot-la-175-rallye-invente-son-futur\/\" class=\"_self\" target=\"_self\" >Terrot, la 175 Rallye invente son futur<\/a><\/h6><\/div><\/div>\n<div class=\"col-md-12 col-sm-6 col-xs-12 pt-cv-content-item pt-cv-1-col\" ><div class='pt-cv-ifield'><h6 class=\"pt-cv-title\"><a href=\"https:\/\/www.moto-collection.org\/blog\/terrot-la-revolution-manquee-et-mes-premieres-amours\/\" class=\"_self\" target=\"_self\" >Terrot : La r\u00e9volution manqu\u00e9e&#8230; et mes premi\u00e8res amours<\/a><\/h6><\/div><\/div>\n<div class=\"col-md-12 col-sm-6 col-xs-12 pt-cv-content-item pt-cv-1-col\" ><div class='pt-cv-ifield'><h6 class=\"pt-cv-title\"><a href=\"https:\/\/www.moto-collection.org\/blog\/charles-burki-illustrateur-et-designer\/\" class=\"_self\" target=\"_self\" >Charles Burki: Illustrateur et designer<\/a><\/h6><\/div><\/div>\n<div class=\"col-md-12 col-sm-6 col-xs-12 pt-cv-content-item pt-cv-1-col\" ><div class='pt-cv-ifield'><h6 class=\"pt-cv-title\"><a href=\"https:\/\/www.moto-collection.org\/blog\/mercury-lalbum-photos\/\" class=\"_self\" target=\"_self\" >Mercury: l&rsquo;album photos<\/a><\/h6><\/div><\/div>\n<div class=\"col-md-12 col-sm-6 col-xs-12 pt-cv-content-item pt-cv-1-col\" ><div class='pt-cv-ifield'><h6 class=\"pt-cv-title\"><a href=\"https:\/\/www.moto-collection.org\/blog\/vincent-hrd-lalbum-photos\/\" class=\"_self\" target=\"_self\" >Vincent HRD : l&rsquo;album photos<\/a><\/h6><\/div><\/div>\n<div class=\"col-md-12 col-sm-6 col-xs-12 pt-cv-content-item pt-cv-1-col\" ><div class='pt-cv-ifield'><h6 class=\"pt-cv-title\"><a href=\"https:\/\/www.moto-collection.org\/blog\/marama-le-speedway-et-les-galbusera-v8\/\" class=\"_self\" target=\"_self\" >Marama, le speedway et les Galbusera V8<\/a><\/h6><\/div><\/div>\n<div class=\"col-md-12 col-sm-6 col-xs-12 pt-cv-content-item pt-cv-1-col\" ><div class='pt-cv-ifield'><h6 class=\"pt-cv-title\"><a href=\"https:\/\/www.moto-collection.org\/blog\/toute-lhistoire-des-motos-a-boite-automatique\/\" class=\"_self\" target=\"_self\" >Toute l&rsquo;histoire des motos \u00e0 boite automatique<\/a><\/h6><\/div><\/div>\n<div class=\"col-md-12 col-sm-6 col-xs-12 pt-cv-content-item pt-cv-1-col\" ><div class='pt-cv-ifield'><h6 class=\"pt-cv-title\"><a href=\"https:\/\/www.moto-collection.org\/blog\/corbeau-utilia-souvenirs\/\" class=\"_self\" target=\"_self\" >Corbeau Utilia : souvenirs<\/a><\/h6><\/div><\/div>\n<div class=\"col-md-12 col-sm-6 col-xs-12 pt-cv-content-item pt-cv-1-col\" ><div class='pt-cv-ifield'><h6 class=\"pt-cv-title\"><a href=\"https:\/\/www.moto-collection.org\/blog\/gnome-rhone-350-wm-lalbum-photos\/\" class=\"_self\" target=\"_self\" >Gnome &#038; Rh\u00f4ne 350 WM : L&rsquo;album photos<\/a><\/h6><\/div><\/div>\n<div class=\"col-md-12 col-sm-6 col-xs-12 pt-cv-content-item pt-cv-1-col\" ><div class='pt-cv-ifield'><h6 class=\"pt-cv-title\"><a href=\"https:\/\/www.moto-collection.org\/blog\/les-debuts-de-suzuki-en-1952-53-lalbum-photo\/\" class=\"_self\" target=\"_self\" >D\u00e9buts de Suzuki en 1952-55: L&rsquo;album photo<\/a><\/h6><\/div><\/div>\n<div class=\"col-md-12 col-sm-6 col-xs-12 pt-cv-content-item pt-cv-1-col\" ><div class='pt-cv-ifield'><h6 class=\"pt-cv-title\"><a href=\"https:\/\/www.moto-collection.org\/blog\/s2r-lyon-2025-formidable\/\" class=\"_self\" target=\"_self\" >S2R Lyon 2025 : formidable !<\/a><\/h6><\/div><\/div>\n<div class=\"col-md-12 col-sm-6 col-xs-12 pt-cv-content-item pt-cv-1-col\" ><div class='pt-cv-ifield'><h6 class=\"pt-cv-title\"><a href=\"https:\/\/www.moto-collection.org\/blog\/retromobile-2025-la-moto-confirme-sa-presence\/\" class=\"_self\" target=\"_self\" >R\u00e9tromobile 2025 : la moto bien pr\u00e9sente<\/a><\/h6><\/div><\/div>\n<div class=\"col-md-12 col-sm-6 col-xs-12 pt-cv-content-item pt-cv-1-col\" ><div class='pt-cv-ifield'><h6 class=\"pt-cv-title\"><a href=\"https:\/\/www.moto-collection.org\/blog\/orial-lalbum-photos\/\" class=\"_self\" target=\"_self\" >Orial : L&rsquo;album photos<\/a><\/h6><\/div><\/div>\n<div class=\"col-md-12 col-sm-6 col-xs-12 pt-cv-content-item pt-cv-1-col\" ><div class='pt-cv-ifield'><h6 class=\"pt-cv-title\"><a href=\"https:\/\/www.moto-collection.org\/blog\/derniers-jours-pour-sinscrire-au-concours-de-motos-de-la-ffve-a-lyon\/\" class=\"_self\" target=\"_self\" >Derniers jours pour s&rsquo;inscrire au Concours de motos de la FFVE \u00e0 Lyon<\/a><\/h6><\/div><\/div>\n<div class=\"col-md-12 col-sm-6 col-xs-12 pt-cv-content-item pt-cv-1-col\" ><div class='pt-cv-ifield'><h6 class=\"pt-cv-title\"><a href=\"https:\/\/www.moto-collection.org\/blog\/les-motos-exceptionnelles-de-didier-choquet\/\" class=\"_self\" target=\"_self\" >Les motos exceptionnelles de Didier Choquet<\/a><\/h6><\/div><\/div>\n<div class=\"col-md-12 col-sm-6 col-xs-12 pt-cv-content-item pt-cv-1-col\" ><div class='pt-cv-ifield'><h6 class=\"pt-cv-title\"><a href=\"https:\/\/www.moto-collection.org\/blog\/concours-motos-au-salon-du-2-roues-a-lyon\/\" class=\"_self\" target=\"_self\" >Concours Motos au salon du 2 roues \u00e0 Lyon<\/a><\/h6><\/div><\/div>\n<div class=\"col-md-12 col-sm-6 col-xs-12 pt-cv-content-item pt-cv-1-col\" ><div class='pt-cv-ifield'><h6 class=\"pt-cv-title\"><a href=\"https:\/\/www.moto-collection.org\/blog\/nsu-prima-v-iii-lalbum-photos\/\" class=\"_self\" target=\"_self\" >NSU Prima V &#038;  III: L&rsquo;album photos<\/a><\/h6><\/div><\/div>\n<div class=\"col-md-12 col-sm-6 col-xs-12 pt-cv-content-item pt-cv-1-col\" ><div class='pt-cv-ifield'><h6 class=\"pt-cv-title\"><a href=\"https:\/\/www.moto-collection.org\/blog\/guzzi-750-tre-per-tre-album-photos\/\" class=\"_self\" target=\"_self\" >Guzzi 750 \u00ab\u00a0Tre per tre\u00a0\u00bb &#8211; Album photos<\/a><\/h6><\/div><\/div>\n<div class=\"col-md-12 col-sm-6 col-xs-12 pt-cv-content-item pt-cv-1-col\" ><div class='pt-cv-ifield'><h6 class=\"pt-cv-title\"><a href=\"https:\/\/www.moto-collection.org\/blog\/epoquauto-2024-incontournable\/\" class=\"_self\" target=\"_self\" >Epoqu&rsquo;Auto 2024: Incontournable<\/a><\/h6><\/div><\/div>\n<div class=\"col-md-12 col-sm-6 col-xs-12 pt-cv-content-item pt-cv-1-col\" ><div class='pt-cv-ifield'><h6 class=\"pt-cv-title\"><a href=\"https:\/\/www.moto-collection.org\/blog\/cerreti-1929-le-motocar-de-lavenir\/\" class=\"_self\" target=\"_self\" >Cerreti 1929 : le Motocar de l&rsquo;avenir<\/a><\/h6><\/div><\/div>\n<div class=\"col-md-12 col-sm-6 col-xs-12 pt-cv-content-item pt-cv-1-col\" ><div class='pt-cv-ifield'><h6 class=\"pt-cv-title\"><a href=\"https:\/\/www.moto-collection.org\/blog\/sublime-350-bicylindre-1946-lalbum-photo\/\" class=\"_self\" target=\"_self\" >Sublime 350 bicylindre 1946: L&rsquo;album photos<\/a><\/h6><\/div><\/div>\n<div class=\"col-md-12 col-sm-6 col-xs-12 pt-cv-content-item pt-cv-1-col\" ><div class='pt-cv-ifield'><h6 class=\"pt-cv-title\"><a href=\"https:\/\/www.moto-collection.org\/blog\/jacky-boeuf\/\" class=\"_self\" target=\"_self\" >Jacky Boeuf<\/a><\/h6><\/div><\/div>\n<div class=\"col-md-12 col-sm-6 col-xs-12 pt-cv-content-item pt-cv-1-col\" ><div class='pt-cv-ifield'><h6 class=\"pt-cv-title\"><a href=\"https:\/\/www.moto-collection.org\/blog\/peugeot-grande-puissance-1934-39-lalbum-photo\/\" class=\"_self\" target=\"_self\" >Peugeot \u00ab\u00a0Grande Puissance\u00a0\u00bb 1934-39 : L&rsquo;album photos<\/a><\/h6><\/div><\/div>\n<div class=\"col-md-12 col-sm-6 col-xs-12 pt-cv-content-item pt-cv-1-col\" ><div class='pt-cv-ifield'><h6 class=\"pt-cv-title\"><a href=\"https:\/\/www.moto-collection.org\/blog\/100-ans-montlhery-les-vraies-centenaires-oubliees\/\" class=\"_self\" target=\"_self\" >100 ans Montlh\u00e9ry : les vraies centenaires oubli\u00e9es<\/a><\/h6><\/div><\/div>\n<div class=\"col-md-12 col-sm-6 col-xs-12 pt-cv-content-item pt-cv-1-col\" ><div class='pt-cv-ifield'><h6 class=\"pt-cv-title\"><a href=\"https:\/\/www.moto-collection.org\/blog\/colani-le-motard-inconnu\/\" class=\"_self\" target=\"_self\" >Colani : le motard inconnu<\/a><\/h6><\/div><\/div>\n<div class=\"col-md-12 col-sm-6 col-xs-12 pt-cv-content-item pt-cv-1-col\" ><div class='pt-cv-ifield'><h6 class=\"pt-cv-title\"><a href=\"https:\/\/www.moto-collection.org\/blog\/gilera-500-marte-side-tracte-lalbum-photos\/\" class=\"_self\" target=\"_self\" >Gilera 500 Marte &#038; side tract\u00e9 : \u00ab\u00a0L&rsquo;album photos\u00a0\u00bb<\/a><\/h6><\/div><\/div>\n<div class=\"col-md-12 col-sm-6 col-xs-12 pt-cv-content-item pt-cv-1-col\" ><div class='pt-cv-ifield'><h6 class=\"pt-cv-title\"><a href=\"https:\/\/www.moto-collection.org\/blog\/gnome-rhone-500-super-star-1950-lalbum-photos\/\" class=\"_self\" target=\"_self\" >Gnome Rh\u00f4ne 500 Super Star 1950 : L&rsquo;album photos<\/a><\/h6><\/div><\/div>\n<div class=\"col-md-12 col-sm-6 col-xs-12 pt-cv-content-item pt-cv-1-col\" ><div class='pt-cv-ifield'><h6 class=\"pt-cv-title\"><a href=\"https:\/\/www.moto-collection.org\/blog\/histoire-secrete-des-peugeot-500-m2-de-1922-a-26-a-simple-et-double-act\/\" class=\"_self\" target=\"_self\" >Histoire secr\u00e8te des Peugeot 500 M2 de 1922 \u00e0 26 \u00e0 simple et double ACT<\/a><\/h6><\/div><\/div>\n<div class=\"col-md-12 col-sm-6 col-xs-12 pt-cv-content-item pt-cv-1-col\" ><div class='pt-cv-ifield'><h6 class=\"pt-cv-title\"><a href=\"https:\/\/www.moto-collection.org\/blog\/morbidelli-850-v8-lalbum-photos\/\" class=\"_self\" target=\"_self\" >Morbidelli 850 V8: \u00ab\u00a0l&rsquo;Album photos\u00a0\u00bb<\/a><\/h6><\/div><\/div>\n<div class=\"col-md-12 col-sm-6 col-xs-12 pt-cv-content-item pt-cv-1-col\" ><div class='pt-cv-ifield'><h6 class=\"pt-cv-title\"><a href=\"https:\/\/www.moto-collection.org\/blog\/yale-1910-lalbum-photos\/\" class=\"_self\" target=\"_self\" >Yale 1910 : \u00ab\u00a0L&rsquo;Album photos\u00a0\u00bb<\/a><\/h6><\/div><\/div>\n<div class=\"col-md-12 col-sm-6 col-xs-12 pt-cv-content-item pt-cv-1-col\" ><div class='pt-cv-ifield'><h6 class=\"pt-cv-title\"><a href=\"https:\/\/www.moto-collection.org\/blog\/la-lepoix-oubliee\/\" class=\"_self\" target=\"_self\" >La Lepoix oubli\u00e9e<\/a><\/h6><\/div><\/div>\n<div class=\"col-md-12 col-sm-6 col-xs-12 pt-cv-content-item pt-cv-1-col\" ><div class='pt-cv-ifield'><h6 class=\"pt-cv-title\"><a href=\"https:\/\/www.moto-collection.org\/blog\/wooler-twins-1919-1926-lalbum-photo\/\" class=\"_self\" target=\"_self\" >Wooler twins 1919-1926 : \u00ab\u00a0l&rsquo;Album photos\u00a0\u00bb<\/a><\/h6><\/div><\/div>\n<div class=\"col-md-12 col-sm-6 col-xs-12 pt-cv-content-item pt-cv-1-col\" ><div class='pt-cv-ifield'><h6 class=\"pt-cv-title\"><a href=\"https:\/\/www.moto-collection.org\/blog\/olivier-de-la-garoullaye\/\" class=\"_self\" target=\"_self\" >Olivier de la Garoullaye<\/a><\/h6><\/div><\/div>\n<div class=\"col-md-12 col-sm-6 col-xs-12 pt-cv-content-item pt-cv-1-col\" ><div class='pt-cv-ifield'><h6 class=\"pt-cv-title\"><a href=\"https:\/\/www.moto-collection.org\/blog\/jacques-insermini\/\" class=\"_self\" target=\"_self\" >Jacques Insermini<\/a><\/h6><\/div><\/div>\n<div class=\"col-md-12 col-sm-6 col-xs-12 pt-cv-content-item pt-cv-1-col\" ><div class='pt-cv-ifield'><h6 class=\"pt-cv-title\"><a href=\"https:\/\/www.moto-collection.org\/blog\/vintage-revival-montlhery-2024-encore-encore-encore\/\" class=\"_self\" target=\"_self\" >Vintage Revival Montlh\u00e9ry 2024 : ENCORE, encore, encore&#8230;<\/a><\/h6><\/div><\/div>\n<div class=\"col-md-12 col-sm-6 col-xs-12 pt-cv-content-item pt-cv-1-col\" ><div class='pt-cv-ifield'><h6 class=\"pt-cv-title\"><a href=\"https:\/\/www.moto-collection.org\/blog\/motos-dalu-4-molteni-1925\/\" class=\"_self\" target=\"_self\" >Motos d&rsquo;alu #4 : Molteni 1925<\/a><\/h6><\/div><\/div>\n<div class=\"col-md-12 col-sm-6 col-xs-12 pt-cv-content-item pt-cv-1-col\" ><div class='pt-cv-ifield'><h6 class=\"pt-cv-title\"><a href=\"https:\/\/www.moto-collection.org\/blog\/heinkel-50-perle-un-utilitaire-de-luxe\/\" class=\"_self\" target=\"_self\" >Heinkel 50 Perle 1955-58 : un utilitaire de luxe<\/a><\/h6><\/div><\/div>\n<div class=\"col-md-12 col-sm-6 col-xs-12 pt-cv-content-item pt-cv-1-col\" ><div class='pt-cv-ifield'><h6 class=\"pt-cv-title\"><a href=\"https:\/\/www.moto-collection.org\/blog\/louis-lepoix-5-de-kreidler-a-maico-puch-et-derbi\/\" class=\"_self\" target=\"_self\" >Louis Lepoix #5 De Kreidler \u00e0 Maico, Puch et Derbi<\/a><\/h6><\/div><\/div>\n<div class=\"col-md-12 col-sm-6 col-xs-12 pt-cv-content-item pt-cv-1-col\" ><div class='pt-cv-ifield'><h6 class=\"pt-cv-title\"><a href=\"https:\/\/www.moto-collection.org\/blog\/louis-lepoix-3-les-auto-scooters\/\" class=\"_self\" target=\"_self\" >Louis Lepoix #4 Les auto-scooters<\/a><\/h6><\/div><\/div>\n<div class=\"col-md-12 col-sm-6 col-xs-12 pt-cv-content-item pt-cv-1-col\" ><div class='pt-cv-ifield'><h6 class=\"pt-cv-title\"><a href=\"https:\/\/www.moto-collection.org\/blog\/louis-lepoix-3-walba-lanti-vespa\/\" class=\"_self\" target=\"_self\" >Louis Lepoix #3 : Walba : L&rsquo;anti-Vespa<\/a><\/h6><\/div><\/div>\n<div class=\"col-md-12 col-sm-6 col-xs-12 pt-cv-content-item pt-cv-1-col\" ><div class='pt-cv-ifield'><h6 class=\"pt-cv-title\"><a href=\"https:\/\/www.moto-collection.org\/blog\/epoquauto-2023-dollar-750-v4-et-cyclos-sport\/\" class=\"_self\" target=\"_self\" >Epoqu&rsquo;Auto 2023 : Dollar 750 V4 et cyclos sport<\/a><\/h6><\/div><\/div>\n<div class=\"col-md-12 col-sm-6 col-xs-12 pt-cv-content-item pt-cv-1-col\" ><div class='pt-cv-ifield'><h6 class=\"pt-cv-title\"><a href=\"https:\/\/www.moto-collection.org\/blog\/louis-lepoix-2-chez-horex-1951-1956\/\" class=\"_self\" target=\"_self\" >Louis Lepoix #2 : motos Horex 1951-1956<\/a><\/h6><\/div><\/div>\n<div class=\"col-md-12 col-sm-6 col-xs-12 pt-cv-content-item pt-cv-1-col\" ><div class='pt-cv-ifield'><h6 class=\"pt-cv-title\"><a href=\"https:\/\/www.moto-collection.org\/blog\/louis-lepoix-le-designer-qui-a-mene-lallemagne-1\/\" class=\"_self\" target=\"_self\" >Louis Lepoix : Le designer qui a men\u00e9 l&rsquo;Allemagne #1<\/a><\/h6><\/div><\/div>\n<div class=\"col-md-12 col-sm-6 col-xs-12 pt-cv-content-item pt-cv-1-col\" ><div class='pt-cv-ifield'><h6 class=\"pt-cv-title\"><a href=\"https:\/\/www.moto-collection.org\/blog\/wfm-m-50-et-m-52-osa-de-vrais-scooters-tout-terrain\/\" class=\"_self\" target=\"_self\" >WFM Osa M-50 &#038; 52: de vrais scooters tout terrain<\/a><\/h6><\/div><\/div>\n<div class=\"col-md-12 col-sm-6 col-xs-12 pt-cv-content-item pt-cv-1-col\" ><div class='pt-cv-ifield'><h6 class=\"pt-cv-title\"><a href=\"https:\/\/www.moto-collection.org\/blog\/d-rad-la-berlinoise-qui-conquit-lallemagne\/\" class=\"_self\" target=\"_self\" >D-Rad : la berlinoise qui conquit l&rsquo;Allemagne<\/a><\/h6><\/div><\/div>\n<div class=\"col-md-12 col-sm-6 col-xs-12 pt-cv-content-item pt-cv-1-col\" ><div class='pt-cv-ifield'><h6 class=\"pt-cv-title\"><a href=\"https:\/\/www.moto-collection.org\/blog\/les-coques-deric-offenstadt-2-la-restauration\/\" class=\"_self\" target=\"_self\" >Les coques d&rsquo;Eric Offenstadt #2 : la restauration<\/a><\/h6><\/div><\/div>\n<div class=\"col-md-12 col-sm-6 col-xs-12 pt-cv-content-item pt-cv-1-col\" ><div class='pt-cv-ifield'><h6 class=\"pt-cv-title\"><a href=\"https:\/\/www.moto-collection.org\/blog\/les-coques-deric-offenstadt-1\/\" class=\"_self\" target=\"_self\" >Les coques d&rsquo;Eric Offenstadt #1<\/a><\/h6><\/div><\/div>\n<div class=\"col-md-12 col-sm-6 col-xs-12 pt-cv-content-item pt-cv-1-col\" ><div class='pt-cv-ifield'><h6 class=\"pt-cv-title\"><a href=\"https:\/\/www.moto-collection.org\/blog\/dresch-le-triporteur-inconnu\/\" class=\"_self\" target=\"_self\" >Dresch : le triporteur inconnu<\/a><\/h6><\/div><\/div>\n<div class=\"col-md-12 col-sm-6 col-xs-12 pt-cv-content-item pt-cv-1-col\" ><div class='pt-cv-ifield'><h6 class=\"pt-cv-title\"><a href=\"https:\/\/www.moto-collection.org\/blog\/jane-birkin\/\" class=\"_self\" target=\"_self\" >Jane Birkin<\/a><\/h6><\/div><\/div>\n<div class=\"col-md-12 col-sm-6 col-xs-12 pt-cv-content-item pt-cv-1-col\" ><div class='pt-cv-ifield'><h6 class=\"pt-cv-title\"><a href=\"https:\/\/www.moto-collection.org\/blog\/sgonina-1922-le-premier-double-act-britannique\/\" class=\"_self\" target=\"_self\" >Sgonina 1922 : Le premier double ACT britannique<\/a><\/h6><\/div><\/div>\n<div class=\"col-md-12 col-sm-6 col-xs-12 pt-cv-content-item pt-cv-1-col\" ><div class='pt-cv-ifield'><h6 class=\"pt-cv-title\"><a href=\"https:\/\/www.moto-collection.org\/blog\/de-harlette-a-geco-1923-1930\/\" class=\"_self\" target=\"_self\" >De Harlette \u00e0 Geco : 1923-1930<\/a><\/h6><\/div><\/div>\n<div class=\"col-md-12 col-sm-6 col-xs-12 pt-cv-content-item pt-cv-1-col\" ><div class='pt-cv-ifield'><h6 class=\"pt-cv-title\"><a href=\"https:\/\/www.moto-collection.org\/blog\/collection-walter-ankli-a-caldes-de-boi\/\" class=\"_self\" target=\"_self\" >Collection Walter Ankli \u00e0 Caldes de Boi<\/a><\/h6><\/div><\/div>\n<div class=\"col-md-12 col-sm-6 col-xs-12 pt-cv-content-item pt-cv-1-col\" ><div class='pt-cv-ifield'><h6 class=\"pt-cv-title\"><a href=\"https:\/\/www.moto-collection.org\/blog\/olivier-et-alain-chevallier-par-jacques-bussillet\/\" class=\"_self\" target=\"_self\" >Olivier et Alain Chevallier par Jacques Bussillet<\/a><\/h6><\/div><\/div>\n<div class=\"col-md-12 col-sm-6 col-xs-12 pt-cv-content-item pt-cv-1-col\" ><div class='pt-cv-ifield'><h6 class=\"pt-cv-title\"><a href=\"https:\/\/www.moto-collection.org\/blog\/les-raids-fous-de-monneret\/\" class=\"_self\" target=\"_self\" >Les raids fous de Monneret<\/a><\/h6><\/div><\/div>\n<div class=\"col-md-12 col-sm-6 col-xs-12 pt-cv-content-item pt-cv-1-col\" ><div class='pt-cv-ifield'><h6 class=\"pt-cv-title\"><a href=\"https:\/\/www.moto-collection.org\/blog\/kerlo-et-son-orchestre-refont-la-250-honda-6\/\" class=\"_self\" target=\"_self\" >Kerlo et son orchestre refont la 250 Honda-6<\/a><\/h6><\/div><\/div>\n<div class=\"col-md-12 col-sm-6 col-xs-12 pt-cv-content-item pt-cv-1-col\" ><div class='pt-cv-ifield'><h6 class=\"pt-cv-title\"><a href=\"https:\/\/www.moto-collection.org\/blog\/top-mountain-museum-500-motos\/\" class=\"_self\" target=\"_self\" >Top Mountain Museum : 500 motos<\/a><\/h6><\/div><\/div>\n<div class=\"col-md-12 col-sm-6 col-xs-12 pt-cv-content-item pt-cv-1-col\" ><div class='pt-cv-ifield'><h6 class=\"pt-cv-title\"><a href=\"https:\/\/www.moto-collection.org\/blog\/top-mountain-museum-60-000-visites\/\" class=\"_self\" target=\"_self\" >Top Mountain Museum : 60 000 visites !<\/a><\/h6><\/div><\/div>\n<div class=\"col-md-12 col-sm-6 col-xs-12 pt-cv-content-item pt-cv-1-col\" ><div class='pt-cv-ifield'><h6 class=\"pt-cv-title\"><a href=\"https:\/\/www.moto-collection.org\/blog\/8110-2\/\" class=\"_self\" target=\"_self\" >Journ\u00e9e Nationale des V\u00e9hicules d&rsquo;Epoque<\/a><\/h6><\/div><\/div>\n<div class=\"col-md-12 col-sm-6 col-xs-12 pt-cv-content-item pt-cv-1-col\" ><div class='pt-cv-ifield'><h6 class=\"pt-cv-title\"><a href=\"https:\/\/www.moto-collection.org\/blog\/issoire-2023-les-copains-dabord\/\" class=\"_self\" target=\"_self\" >Issoire 2023 : \u00ab\u00a0Les copains d&rsquo;abord\u00a0\u00bb<\/a><\/h6><\/div><\/div>\n<div class=\"col-md-12 col-sm-6 col-xs-12 pt-cv-content-item pt-cv-1-col\" ><div class='pt-cv-ifield'><h6 class=\"pt-cv-title\"><a href=\"https:\/\/www.moto-collection.org\/blog\/salon-du-2-roues-lyon-2-les-vieilles-en-vie\/\" class=\"_self\" target=\"_self\" >Salon du 2 roues &#8211; Lyon #2 : Les vieilles en vie<\/a><\/h6><\/div><\/div>\n<div class=\"col-md-12 col-sm-6 col-xs-12 pt-cv-content-item pt-cv-1-col\" ><div class='pt-cv-ifield'><h6 class=\"pt-cv-title\"><a href=\"https:\/\/www.moto-collection.org\/blog\/le-formidable-salon-du-2-roues-a-lyon-1-le-centenaire-de-motobecane\/\" class=\"_self\" target=\"_self\" >Salon du 2 roues \u00e0 Lyon #1: le centenaire de Motob\u00e9cane<\/a><\/h6><\/div><\/div>\n<div class=\"col-md-12 col-sm-6 col-xs-12 pt-cv-content-item pt-cv-1-col\" ><div class='pt-cv-ifield'><h6 class=\"pt-cv-title\"><a href=\"https:\/\/www.moto-collection.org\/blog\/carnets-de-voyage-dalbert-1er-de-monaco\/\" class=\"_self\" target=\"_self\" >Carnets de voyage d&rsquo;Albert 1er de Monaco<\/a><\/h6><\/div><\/div>\n<div class=\"col-md-12 col-sm-6 col-xs-12 pt-cv-content-item pt-cv-1-col\" ><div class='pt-cv-ifield'><h6 class=\"pt-cv-title\"><a href=\"https:\/\/www.moto-collection.org\/blog\/rene-gillet-le-livre-reference\/\" class=\"_self\" target=\"_self\" >Ren\u00e9 Gillet : le livre r\u00e9f\u00e9rence<\/a><\/h6><\/div><\/div>\n<div class=\"col-md-12 col-sm-6 col-xs-12 pt-cv-content-item pt-cv-1-col\" ><div class='pt-cv-ifield'><h6 class=\"pt-cv-title\"><a href=\"https:\/\/www.moto-collection.org\/blog\/retour-sur-retromobile-2023\/\" class=\"_self\" target=\"_self\" >Retour sur R\u00e9tromobile 2023<\/a><\/h6><\/div><\/div>\n<div class=\"col-md-12 col-sm-6 col-xs-12 pt-cv-content-item pt-cv-1-col\" ><div class='pt-cv-ifield'><h6 class=\"pt-cv-title\"><a href=\"https:\/\/www.moto-collection.org\/blog\/salon-de-lyon-les-mgc-reviennent-et-bien-dautres\/\" class=\"_self\" target=\"_self\" >Salon de Lyon : Les MGC reviennent et bien d&rsquo;autres<\/a><\/h6><\/div><\/div>\n<div class=\"col-md-12 col-sm-6 col-xs-12 pt-cv-content-item pt-cv-1-col\" ><div class='pt-cv-ifield'><h6 class=\"pt-cv-title\"><a href=\"https:\/\/www.moto-collection.org\/blog\/100-ans-de-dollar-a-retromobile\/\" class=\"_self\" target=\"_self\" >100 ans de Dollar \u00e0 R\u00e9tromobile<\/a><\/h6><\/div><\/div>\n<div class=\"col-md-12 col-sm-6 col-xs-12 pt-cv-content-item pt-cv-1-col\" ><div class='pt-cv-ifield'><h6 class=\"pt-cv-title\"><a href=\"https:\/\/www.moto-collection.org\/blog\/dollar-fete-ses-100-ans-a-retromobile\/\" class=\"_self\" target=\"_self\" >Dollar f\u00eate ses 100 ans \u00e0 R\u00e9tromobile<\/a><\/h6><\/div><\/div>\n<div class=\"col-md-12 col-sm-6 col-xs-12 pt-cv-content-item pt-cv-1-col\" ><div class='pt-cv-ifield'><h6 class=\"pt-cv-title\"><a href=\"https:\/\/www.moto-collection.org\/blog\/les-hommages-de-jean-caillou\/\" class=\"_self\" target=\"_self\" >Les hommages de Jean Caillou<\/a><\/h6><\/div><\/div>\n<div class=\"col-md-12 col-sm-6 col-xs-12 pt-cv-content-item pt-cv-1-col\" ><div class='pt-cv-ifield'><h6 class=\"pt-cv-title\"><a href=\"https:\/\/www.moto-collection.org\/blog\/fuji-rabbit-1946-68\/\" class=\"_self\" target=\"_self\" >Fuji Rabbit 1946-68<\/a><\/h6><\/div><\/div>\n<div class=\"col-md-12 col-sm-6 col-xs-12 pt-cv-content-item pt-cv-1-col\" ><div class='pt-cv-ifield'><h6 class=\"pt-cv-title\"><a href=\"https:\/\/www.moto-collection.org\/blog\/derbi-fete-ses-100-ans\/\" class=\"_self\" target=\"_self\" >Derbi f\u00eate ses 100 ans<\/a><\/h6><\/div><\/div>\n<div class=\"col-md-12 col-sm-6 col-xs-12 pt-cv-content-item pt-cv-1-col\" ><div class='pt-cv-ifield'><h6 class=\"pt-cv-title\"><a href=\"https:\/\/www.moto-collection.org\/blog\/les-motos-a-transmission-par-arbre-en-europe\/\" class=\"_self\" target=\"_self\" >Les motos \u00e0 transmission par arbre en Europe<\/a><\/h6><\/div><\/div>\n<div class=\"col-md-12 col-sm-6 col-xs-12 pt-cv-content-item pt-cv-1-col\" ><div class='pt-cv-ifield'><h6 class=\"pt-cv-title\"><a href=\"https:\/\/www.moto-collection.org\/blog\/tontons-scooteurs-histoires-de-faussaires\/\" class=\"_self\" target=\"_self\" >Tontons Scooteurs : Histoires de faussaires<\/a><\/h6><\/div><\/div>\n<div class=\"col-md-12 col-sm-6 col-xs-12 pt-cv-content-item pt-cv-1-col\" ><div class='pt-cv-ifield'><h6 class=\"pt-cv-title\"><a href=\"https:\/\/www.moto-collection.org\/blog\/mecenat-fondation-du-patrimoine-motul\/\" class=\"_self\" target=\"_self\" >M\u00e9c\u00e9nat Fondation du Patrimoine &#8211; Motul<\/a><\/h6><\/div><\/div>\n<div class=\"col-md-12 col-sm-6 col-xs-12 pt-cv-content-item pt-cv-1-col\" ><div class='pt-cv-ifield'><h6 class=\"pt-cv-title\"><a href=\"https:\/\/www.moto-collection.org\/blog\/les-transmissions-par-arbre\/\" class=\"_self\" target=\"_self\" >Les motos fran\u00e7aises \u00e0 transmissions par arbre<\/a><\/h6><\/div><\/div>\n<div class=\"col-md-12 col-sm-6 col-xs-12 pt-cv-content-item pt-cv-1-col\" ><div class='pt-cv-ifield'><h6 class=\"pt-cv-title\"><a href=\"https:\/\/www.moto-collection.org\/blog\/salon-moto-legende-2022-hidalgo-lache-ses-chiens\/\" class=\"_self\" target=\"_self\" >Salon Moto L\u00e9gende 2022: Hidalgo l\u00e2che ses chiens<\/a><\/h6><\/div><\/div>\n<div class=\"col-md-12 col-sm-6 col-xs-12 pt-cv-content-item pt-cv-1-col\" ><div class='pt-cv-ifield'><h6 class=\"pt-cv-title\"><a href=\"https:\/\/www.moto-collection.org\/blog\/recherche-terrot-250-ftc-fgc\/\" class=\"_self\" target=\"_self\" >Recherche Terrot 250 FTC \/ FGC<\/a><\/h6><\/div><\/div>\n<div class=\"col-md-12 col-sm-6 col-xs-12 pt-cv-content-item pt-cv-1-col\" ><div class='pt-cv-ifield'><h6 class=\"pt-cv-title\"><a href=\"https:\/\/www.moto-collection.org\/blog\/alcyon-500-ar-blocvis-1929-1932\/\" class=\"_self\" target=\"_self\" >Alcyon 500 AR Blocvis 1929-1932<\/a><\/h6><\/div><\/div>\n<div class=\"col-md-12 col-sm-6 col-xs-12 pt-cv-content-item pt-cv-1-col\" ><div class='pt-cv-ifield'><h6 class=\"pt-cv-title\"><a href=\"https:\/\/www.moto-collection.org\/blog\/phil-read\/\" class=\"_self\" target=\"_self\" >Phil Read<\/a><\/h6><\/div><\/div>\n<div class=\"col-md-12 col-sm-6 col-xs-12 pt-cv-content-item pt-cv-1-col\" ><div class='pt-cv-ifield'><h6 class=\"pt-cv-title\"><a href=\"https:\/\/www.moto-collection.org\/blog\/bernard-salvat-nous-a-quittes\/\" class=\"_self\" target=\"_self\" >Bernard Salvat nous a quitt\u00e9s<\/a><\/h6><\/div><\/div>\n<div class=\"col-md-12 col-sm-6 col-xs-12 pt-cv-content-item pt-cv-1-col\" ><div class='pt-cv-ifield'><h6 class=\"pt-cv-title\"><a href=\"https:\/\/www.moto-collection.org\/blog\/jawa-350-bol-dor-1957\/\" class=\"_self\" target=\"_self\" >Jawa 350 Bol d&rsquo;Or 1957<\/a><\/h6><\/div><\/div>\n<div class=\"col-md-12 col-sm-6 col-xs-12 pt-cv-content-item pt-cv-1-col\" ><div class='pt-cv-ifield'><h6 class=\"pt-cv-title\"><a href=\"https:\/\/www.moto-collection.org\/blog\/parilla-150-pb3-1957-limpossible-projet\/\" class=\"_self\" target=\"_self\" >Parilla 150 PB3 1957: l&rsquo;impossible projet<\/a><\/h6><\/div><\/div>\n<div class=\"col-md-12 col-sm-6 col-xs-12 pt-cv-content-item pt-cv-1-col\" ><div class='pt-cv-ifield'><h6 class=\"pt-cv-title\"><a href=\"https:\/\/www.moto-collection.org\/blog\/sarolea-600-atlantic-1955\/\" class=\"_self\" target=\"_self\" >Sarol\u00e9a 600 Atlantic 1955<\/a><\/h6><\/div><\/div>\n<div class=\"col-md-12 col-sm-6 col-xs-12 pt-cv-content-item pt-cv-1-col\" ><div class='pt-cv-ifield'><h6 class=\"pt-cv-title\"><a href=\"https:\/\/www.moto-collection.org\/blog\/peugeot-350-p105-et-p111\/\" class=\"_self\" target=\"_self\" >Peugeot 350 P105 et P111<\/a><\/h6><\/div><\/div>\n<div class=\"col-md-12 col-sm-6 col-xs-12 pt-cv-content-item pt-cv-1-col\" ><div class='pt-cv-ifield'><h6 class=\"pt-cv-title\"><a href=\"https:\/\/www.moto-collection.org\/blog\/bol-dor-100-ans-200-photos-7-1958-60\/\" class=\"_self\" target=\"_self\" >Bol d&rsquo;Or 100 ans\/200 photos #7 : 1958-60<\/a><\/h6><\/div><\/div>\n<div class=\"col-md-12 col-sm-6 col-xs-12 pt-cv-content-item pt-cv-1-col\" ><div class='pt-cv-ifield'><h6 class=\"pt-cv-title\"><a href=\"https:\/\/www.moto-collection.org\/blog\/linconnue-du-musee-de-bry\/\" class=\"_self\" target=\"_self\" >L&rsquo;inconnue du mus\u00e9e de Bry<\/a><\/h6><\/div><\/div>\n<div class=\"col-md-12 col-sm-6 col-xs-12 pt-cv-content-item pt-cv-1-col\" ><div class='pt-cv-ifield'><h6 class=\"pt-cv-title\"><a href=\"https:\/\/www.moto-collection.org\/blog\/bimot-sans-a-cest-alpino\/\" class=\"_self\" target=\"_self\" >Des Alpino au Bimot<\/a><\/h6><\/div><\/div>\n<div class=\"col-md-12 col-sm-6 col-xs-12 pt-cv-content-item pt-cv-1-col\" ><div class='pt-cv-ifield'><h6 class=\"pt-cv-title\"><a href=\"https:\/\/www.moto-collection.org\/blog\/bol-dor-100-ans-200-photos-6-1957\/\" class=\"_self\" target=\"_self\" >Bol d&rsquo;Or 100 ans\/200 photos #6 : 1957<\/a><\/h6><\/div><\/div>\n<div class=\"col-md-12 col-sm-6 col-xs-12 pt-cv-content-item pt-cv-1-col\" ><div class='pt-cv-ifield'><h6 class=\"pt-cv-title\"><a href=\"https:\/\/www.moto-collection.org\/blog\/reunion-aermacchi-a-varese\/\" class=\"_self\" target=\"_self\" >R\u00e9union Aermacchi \u00e0 Varese<\/a><\/h6><\/div><\/div>\n<div class=\"col-md-12 col-sm-6 col-xs-12 pt-cv-content-item pt-cv-1-col\" ><div class='pt-cv-ifield'><h6 class=\"pt-cv-title\"><a href=\"https:\/\/www.moto-collection.org\/blog\/yamaha-250-yd2-1961\/\" class=\"_self\" target=\"_self\" >Yamaha 250 YD2-1961<\/a><\/h6><\/div><\/div>\n<div class=\"col-md-12 col-sm-6 col-xs-12 pt-cv-content-item pt-cv-1-col\" ><div class='pt-cv-ifield'><h6 class=\"pt-cv-title\"><a href=\"https:\/\/www.moto-collection.org\/blog\/bol-dor-100-ans-200-photos-5-1956\/\" class=\"_self\" target=\"_self\" >Bol d&rsquo;Or 100 ans\/200 photos #5 : 1956<\/a><\/h6><\/div><\/div>\n<div class=\"col-md-12 col-sm-6 col-xs-12 pt-cv-content-item pt-cv-1-col\" ><div class='pt-cv-ifield'><h6 class=\"pt-cv-title\"><a href=\"https:\/\/www.moto-collection.org\/blog\/dresch-500-monobloc-1930-38\/\" class=\"_self\" target=\"_self\" >Dresch 500 Monobloc 1930-38<\/a><\/h6><\/div><\/div>\n<div class=\"col-md-12 col-sm-6 col-xs-12 pt-cv-content-item pt-cv-1-col\" ><div class='pt-cv-ifield'><h6 class=\"pt-cv-title\"><a href=\"https:\/\/www.moto-collection.org\/blog\/bol-dor-100-ans-200-photos-4-1950-55\/\" class=\"_self\" target=\"_self\" >Bol d&rsquo;Or 100 ans\/200 photos #4 : 1950-55<\/a><\/h6><\/div><\/div>\n<div class=\"col-md-12 col-sm-6 col-xs-12 pt-cv-content-item pt-cv-1-col\" ><div class='pt-cv-ifield'><h6 class=\"pt-cv-title\"><a href=\"https:\/\/www.moto-collection.org\/blog\/the-bercley-1905\/\" class=\"_self\" target=\"_self\" >The Bercley 1905<\/a><\/h6><\/div><\/div>\n<div class=\"col-md-12 col-sm-6 col-xs-12 pt-cv-content-item pt-cv-1-col\" ><div class='pt-cv-ifield'><h6 class=\"pt-cv-title\"><a href=\"https:\/\/www.moto-collection.org\/blog\/harley-davidson-w-584-1919\/\" class=\"_self\" target=\"_self\" >Harley Davidson W 584 &#8211; 1919-23<\/a><\/h6><\/div><\/div>\n<div class=\"col-md-12 col-sm-6 col-xs-12 pt-cv-content-item pt-cv-1-col\" ><div class='pt-cv-ifield'><h6 class=\"pt-cv-title\"><a href=\"https:\/\/www.moto-collection.org\/blog\/bol-dor-100-ans-200-photos-3-les-annees-40\/\" class=\"_self\" target=\"_self\" >Bol d&rsquo;Or 100 ans\/200 photos #3 Les ann\u00e9es 40<\/a><\/h6><\/div><\/div>\n<div class=\"col-md-12 col-sm-6 col-xs-12 pt-cv-content-item pt-cv-1-col\" ><div class='pt-cv-ifield'><h6 class=\"pt-cv-title\"><a href=\"https:\/\/www.moto-collection.org\/blog\/bol-dor-100ans-200-photos-2-les-annees-30\/\" class=\"_self\" target=\"_self\" >Bol d&rsquo;Or 100 ans\/200 photos #2 les ann\u00e9es 30<\/a><\/h6><\/div><\/div>\n<div class=\"col-md-12 col-sm-6 col-xs-12 pt-cv-content-item pt-cv-1-col\" ><div class='pt-cv-ifield'><h6 class=\"pt-cv-title\"><a href=\"https:\/\/www.moto-collection.org\/blog\/bol-dor-100-ans-200-photos-1\/\" class=\"_self\" target=\"_self\" >Bol d&rsquo;Or 100 ans\/200 photos #1 les ann\u00e9es 20<\/a><\/h6><\/div><\/div>\n<div class=\"col-md-12 col-sm-6 col-xs-12 pt-cv-content-item pt-cv-1-col\" ><div class='pt-cv-ifield'><h6 class=\"pt-cv-title\"><a href=\"https:\/\/www.moto-collection.org\/blog\/motos-dalu-3-side-motor-1923\/\" class=\"_self\" target=\"_self\" >Motos d&rsquo;alu #3 &#8211; Side-Motor 1923-25<\/a><\/h6><\/div><\/div>\n<div class=\"col-md-12 col-sm-6 col-xs-12 pt-cv-content-item pt-cv-1-col\" ><div class='pt-cv-ifield'><h6 class=\"pt-cv-title\"><a href=\"https:\/\/www.moto-collection.org\/blog\/motos-dalu-2-rm-1923-25\/\" class=\"_self\" target=\"_self\" >Motos d&rsquo;alu #2 &#8211; RM 1923-25<\/a><\/h6><\/div><\/div>\n<div class=\"col-md-12 col-sm-6 col-xs-12 pt-cv-content-item pt-cv-1-col\" ><div class='pt-cv-ifield'><h6 class=\"pt-cv-title\"><a href=\"https:\/\/www.moto-collection.org\/blog\/laventure-jbb-par-yves-kerlo\/\" class=\"_self\" target=\"_self\" >L&rsquo;aventure JBB par Yves Kerlo<\/a><\/h6><\/div><\/div>\n<div class=\"col-md-12 col-sm-6 col-xs-12 pt-cv-content-item pt-cv-1-col\" ><div class='pt-cv-ifield'><h6 class=\"pt-cv-title\"><a href=\"https:\/\/www.moto-collection.org\/blog\/coupes-moto-legende-2022-le-plateau-rajeunit\/\" class=\"_self\" target=\"_self\" >Coupes Moto L\u00e9gende 2022 : le plateau rajeunit<\/a><\/h6><\/div><\/div>\n<div class=\"col-md-12 col-sm-6 col-xs-12 pt-cv-content-item pt-cv-1-col\" ><div class='pt-cv-ifield'><h6 class=\"pt-cv-title\"><a href=\"https:\/\/www.moto-collection.org\/blog\/schickel-1912-lancetre-absolu\/\" class=\"_self\" target=\"_self\" >Motos d&rsquo;alu #1 &#8211; Schickel 1912 : L&rsquo;anc\u00eatre absolu<\/a><\/h6><\/div><\/div>\n<div class=\"col-md-12 col-sm-6 col-xs-12 pt-cv-content-item pt-cv-1-col\" ><div class='pt-cv-ifield'><h6 class=\"pt-cv-title\"><a href=\"https:\/\/www.moto-collection.org\/blog\/lube-montesa-torrot-rieju-lespagne-francophage\/\" class=\"_self\" target=\"_self\" >Lube, Montesa, Torrot, Rieju : L&rsquo;Espagne francophage<\/a><\/h6><\/div><\/div>\n<div class=\"col-md-12 col-sm-6 col-xs-12 pt-cv-content-item pt-cv-1-col\" ><div class='pt-cv-ifield'><h6 class=\"pt-cv-title\"><a href=\"https:\/\/www.moto-collection.org\/blog\/6e-montlhery-vintage-revival-60-photos-du-paradis\/\" class=\"_self\" target=\"_self\" >6e Montlh\u00e9ry Vintage Revival : 60 photos du paradis !<\/a><\/h6><\/div><\/div>\n<div class=\"col-md-12 col-sm-6 col-xs-12 pt-cv-content-item pt-cv-1-col\" ><div class='pt-cv-ifield'><h6 class=\"pt-cv-title\"><a href=\"https:\/\/www.moto-collection.org\/blog\/charron-1927-moto-de-bois-et-moteur-voisin\/\" class=\"_self\" target=\"_self\" >Charron 1927 : moto de bois et moteur Voisin<\/a><\/h6><\/div><\/div>\n<div class=\"col-md-12 col-sm-6 col-xs-12 pt-cv-content-item pt-cv-1-col\" ><div class='pt-cv-ifield'><h6 class=\"pt-cv-title\"><a href=\"https:\/\/www.moto-collection.org\/blog\/ultima-500-un-twin-4-temps-horizontal-en-1951\/\" class=\"_self\" target=\"_self\" >Ultima 500 : un twin 4 temps horizontal en 1951<\/a><\/h6><\/div><\/div>\n<div class=\"col-md-12 col-sm-6 col-xs-12 pt-cv-content-item pt-cv-1-col\" ><div class='pt-cv-ifield'><h6 class=\"pt-cv-title\"><a href=\"https:\/\/www.moto-collection.org\/blog\/amc-les-aventures-des-moteurs-clermontois\/\" class=\"_self\" target=\"_self\" >AMC : Les aventures des moteurs clermontois<\/a><\/h6><\/div><\/div>\n<div class=\"col-md-12 col-sm-6 col-xs-12 pt-cv-content-item pt-cv-1-col\" ><div class='pt-cv-ifield'><h6 class=\"pt-cv-title\"><a href=\"https:\/\/www.moto-collection.org\/blog\/nouvelles-nougier-et-alcyon-a-issoire\/\" class=\"_self\" target=\"_self\" >Nouvelles Nougier et Alcyon \u00e0 Issoire<\/a><\/h6><\/div><\/div>\n<div class=\"col-md-12 col-sm-6 col-xs-12 pt-cv-content-item pt-cv-1-col\" ><div class='pt-cv-ifield'><h6 class=\"pt-cv-title\"><a href=\"https:\/\/www.moto-collection.org\/blog\/salon-de-lyon-2022-lino-tonti-au-salon-du-2-roues-a-lyon\/\" class=\"_self\" target=\"_self\" >Salon de Lyon 2022 : l&rsquo;expo Lino Tonti<\/a><\/h6><\/div><\/div>\n<div class=\"col-md-12 col-sm-6 col-xs-12 pt-cv-content-item pt-cv-1-col\" ><div class='pt-cv-ifield'><h6 class=\"pt-cv-title\"><a href=\"https:\/\/www.moto-collection.org\/blog\/jacques-onda-1935-2022\/\" class=\"_self\" target=\"_self\" >Jacques Onda 1935-2022<\/a><\/h6><\/div><\/div>\n<div class=\"col-md-12 col-sm-6 col-xs-12 pt-cv-content-item pt-cv-1-col\" ><div class='pt-cv-ifield'><h6 class=\"pt-cv-title\"><a href=\"https:\/\/www.moto-collection.org\/blog\/salon-du-2-roues-lyon-2022-1\/\" class=\"_self\" target=\"_self\" >Salon du 2 roues-Lyon 2022<\/a><\/h6><\/div><\/div>\n<div class=\"col-md-12 col-sm-6 col-xs-12 pt-cv-content-item pt-cv-1-col\" ><div class='pt-cv-ifield'><h6 class=\"pt-cv-title\"><a href=\"https:\/\/www.moto-collection.org\/blog\/gilberto-parlotti\/\" class=\"_self\" target=\"_self\" >Gilberto Parlotti<\/a><\/h6><\/div><\/div>\n<div class=\"col-md-12 col-sm-6 col-xs-12 pt-cv-content-item pt-cv-1-col\" ><div class='pt-cv-ifield'><h6 class=\"pt-cv-title\"><a href=\"https:\/\/www.moto-collection.org\/blog\/la-dama-de-tonti\/\" class=\"_self\" target=\"_self\" >La Dama de Tonti<\/a><\/h6><\/div><\/div>\n<div class=\"col-md-12 col-sm-6 col-xs-12 pt-cv-content-item pt-cv-1-col\" ><div class='pt-cv-ifield'><h6 class=\"pt-cv-title\"><a href=\"https:\/\/www.moto-collection.org\/blog\/gilbert-guignabodet\/\" class=\"_self\" target=\"_self\" >Gilbert Guignabodet<\/a><\/h6><\/div><\/div>\n<div class=\"col-md-12 col-sm-6 col-xs-12 pt-cv-content-item pt-cv-1-col\" ><div class='pt-cv-ifield'><h6 class=\"pt-cv-title\"><a href=\"https:\/\/www.moto-collection.org\/blog\/les-vraies-motos-koehler-escoffier\/\" class=\"_self\" target=\"_self\" >Les \u00ab\u00a0vraies\u00a0\u00bb motos Koehler Escoffier<\/a><\/h6><\/div><\/div>\n<div class=\"col-md-12 col-sm-6 col-xs-12 pt-cv-content-item pt-cv-1-col\" ><div class='pt-cv-ifield'><h6 class=\"pt-cv-title\"><a href=\"https:\/\/www.moto-collection.org\/blog\/michel-de-thomasson\/\" class=\"_self\" target=\"_self\" >Michel de Thomasson<\/a><\/h6><\/div><\/div>\n<div class=\"col-md-12 col-sm-6 col-xs-12 pt-cv-content-item pt-cv-1-col\" ><div class='pt-cv-ifield'><h6 class=\"pt-cv-title\"><a href=\"https:\/\/www.moto-collection.org\/blog\/la-moto-renard\/\" class=\"_self\" target=\"_self\" >La moto Renard<\/a><\/h6><\/div><\/div>\n<div class=\"col-md-12 col-sm-6 col-xs-12 pt-cv-content-item pt-cv-1-col\" ><div class='pt-cv-ifield'><h6 class=\"pt-cv-title\"><a href=\"https:\/\/www.moto-collection.org\/blog\/les-vraies-motos-ferrari\/\" class=\"_self\" target=\"_self\" >Les vraies motos Ferrari<\/a><\/h6><\/div><\/div>\n<div class=\"col-md-12 col-sm-6 col-xs-12 pt-cv-content-item pt-cv-1-col\" ><div class='pt-cv-ifield'><h6 class=\"pt-cv-title\"><a href=\"https:\/\/www.moto-collection.org\/blog\/bourdache-change-dadresse\/\" class=\"_self\" target=\"_self\" >Bourdache change d\u2019adresse<\/a><\/h6><\/div><\/div>\n<div class=\"col-md-12 col-sm-6 col-xs-12 pt-cv-content-item pt-cv-1-col\" ><div class='pt-cv-ifield'><h6 class=\"pt-cv-title\"><a href=\"https:\/\/www.moto-collection.org\/blog\/du-victoria-50-nicky-au-csepel-panni\/\" class=\"_self\" target=\"_self\" >Du Victoria 50 Nicky au Csepel Panni<\/a><\/h6><\/div><\/div>\n<div class=\"col-md-12 col-sm-6 col-xs-12 pt-cv-content-item pt-cv-1-col\" ><div class='pt-cv-ifield'><h6 class=\"pt-cv-title\"><a href=\"https:\/\/www.moto-collection.org\/blog\/socovel-electrique-le-passe-du-futur\/\" class=\"_self\" target=\"_self\" >Socovel \u00e9lectrique : Le pass\u00e9 du futur<\/a><\/h6><\/div><\/div>\n<div class=\"col-md-12 col-sm-6 col-xs-12 pt-cv-content-item pt-cv-1-col\" ><div class='pt-cv-ifield'><h6 class=\"pt-cv-title\"><a href=\"https:\/\/www.moto-collection.org\/blog\/allons-zenfants\/\" class=\"_self\" target=\"_self\" >Allons z&rsquo;enfants\u2026<\/a><\/h6><\/div><\/div>\n<div class=\"col-md-12 col-sm-6 col-xs-12 pt-cv-content-item pt-cv-1-col\" ><div class='pt-cv-ifield'><h6 class=\"pt-cv-title\"><a href=\"https:\/\/www.moto-collection.org\/blog\/le-top-mountain-museum-a-reouvert\/\" class=\"_self\" target=\"_self\" >Le Top Mountain Museum a r\u00e9ouvert<\/a><\/h6><\/div><\/div>\n<div class=\"col-md-12 col-sm-6 col-xs-12 pt-cv-content-item pt-cv-1-col\" ><div class='pt-cv-ifield'><h6 class=\"pt-cv-title\"><a href=\"https:\/\/www.moto-collection.org\/blog\/fb-mondial-2-les-routieres-du-meilleur-au-pire\/\" class=\"_self\" target=\"_self\" >FB Mondial #2 &#8211; Les routi\u00e8res : du meilleur au pire<\/a><\/h6><\/div><\/div>\n<div class=\"col-md-12 col-sm-6 col-xs-12 pt-cv-content-item pt-cv-1-col\" ><div class='pt-cv-ifield'><h6 class=\"pt-cv-title\"><a href=\"https:\/\/www.moto-collection.org\/blog\/exposition-vitesse-a-compiegne-admiration-et-frustration\/\" class=\"_self\" target=\"_self\" >Exposition Vitesse \u00e0 Compi\u00e8gne : admiration et frustration<\/a><\/h6><\/div><\/div>\n<div class=\"col-md-12 col-sm-6 col-xs-12 pt-cv-content-item pt-cv-1-col\" ><div class='pt-cv-ifield'><h6 class=\"pt-cv-title\"><a href=\"https:\/\/www.moto-collection.org\/blog\/auto-publicite\/\" class=\"_self\" target=\"_self\" >Auto publicit\u00e9<\/a><\/h6><\/div><\/div>\n<div class=\"col-md-12 col-sm-6 col-xs-12 pt-cv-content-item pt-cv-1-col\" ><div class='pt-cv-ifield'><h6 class=\"pt-cv-title\"><a href=\"https:\/\/www.moto-collection.org\/blog\/fb-mondial-la-periode-glorieuse-de-1949-a-1957\/\" class=\"_self\" target=\"_self\" >FB Mondial : La p\u00e9riode glorieuse de 1949 \u00e0 1957<\/a><\/h6><\/div><\/div>\n<div class=\"col-md-12 col-sm-6 col-xs-12 pt-cv-content-item pt-cv-1-col\" ><div class='pt-cv-ifield'><h6 class=\"pt-cv-title\"><a href=\"https:\/\/www.moto-collection.org\/blog\/eric-de-seynes-sexprime-sur-la-circulation-a-paris\/\" class=\"_self\" target=\"_self\" >Eric de Seynes s&rsquo;exprime sur la circulation \u00e0 Paris<\/a><\/h6><\/div><\/div>\n<div class=\"col-md-12 col-sm-6 col-xs-12 pt-cv-content-item pt-cv-1-col\" ><div class='pt-cv-ifield'><h6 class=\"pt-cv-title\"><a href=\"https:\/\/www.moto-collection.org\/blog\/epoquauto-2021\/\" class=\"_self\" target=\"_self\" >Epoqu&rsquo;Auto 2021<\/a><\/h6><\/div><\/div>\n<div class=\"col-md-12 col-sm-6 col-xs-12 pt-cv-content-item pt-cv-1-col\" ><div class='pt-cv-ifield'><h6 class=\"pt-cv-title\"><a href=\"https:\/\/www.moto-collection.org\/blog\/101-ans-de-gillet-herstal\/\" class=\"_self\" target=\"_self\" >101 ans de Gillet Herstal<\/a><\/h6><\/div><\/div>\n<div class=\"col-md-12 col-sm-6 col-xs-12 pt-cv-content-item pt-cv-1-col\" ><div class='pt-cv-ifield'><h6 class=\"pt-cv-title\"><a href=\"https:\/\/www.moto-collection.org\/blog\/les-fantomes-de-lavenue-de-la-grande-armee-1899-2021-3\/\" class=\"_self\" target=\"_self\" >Les fant\u00f4mes de l&rsquo;avenue de la Grande Arm\u00e9e : 1899-2021 # 3<\/a><\/h6><\/div><\/div>\n<div class=\"col-md-12 col-sm-6 col-xs-12 pt-cv-content-item pt-cv-1-col\" ><div class='pt-cv-ifield'><h6 class=\"pt-cv-title\"><a href=\"https:\/\/www.moto-collection.org\/blog\/les-fantomes-de-lavenue-de-la-grande-armee-1899-2021-2\/\" class=\"_self\" target=\"_self\" >Les fant\u00f4mes de l&rsquo;avenue de la Grande Arm\u00e9e : 1899-2021 # 2<\/a><\/h6><\/div><\/div>\n<div class=\"col-md-12 col-sm-6 col-xs-12 pt-cv-content-item pt-cv-1-col\" ><div class='pt-cv-ifield'><h6 class=\"pt-cv-title\"><a href=\"https:\/\/www.moto-collection.org\/blog\/avenue-de-la-grande-armee-un-siecle-de-motos\/\" class=\"_self\" target=\"_self\" >Avenue de la Grande Arm\u00e9e : un si\u00e8cle de motos<\/a><\/h6><\/div><\/div>\n<div class=\"col-md-12 col-sm-6 col-xs-12 pt-cv-content-item pt-cv-1-col\" ><div class='pt-cv-ifield'><h6 class=\"pt-cv-title\"><a href=\"https:\/\/www.moto-collection.org\/blog\/bridier-charron-le-faiseur-darbre\/\" class=\"_self\" target=\"_self\" >Bridier-Charon : le faiseur d&rsquo;arbre<\/a><\/h6><\/div><\/div>\n<div class=\"col-md-12 col-sm-6 col-xs-12 pt-cv-content-item pt-cv-1-col\" ><div class='pt-cv-ifield'><h6 class=\"pt-cv-title\"><a href=\"https:\/\/www.moto-collection.org\/blog\/gillet-fete-ses-101-ans\/\" class=\"_self\" target=\"_self\" >Gillet f\u00eate ses 101 ans<\/a><\/h6><\/div><\/div>\n<div class=\"col-md-12 col-sm-6 col-xs-12 pt-cv-content-item pt-cv-1-col\" ><div class='pt-cv-ifield'><h6 class=\"pt-cv-title\"><a href=\"https:\/\/www.moto-collection.org\/blog\/majestic-dollar-500-750-v4-a-moteur-chaise\/\" class=\"_self\" target=\"_self\" >Majestic &#038; Dollar 500\/750 V4 \u00e0 moteur Chaise<\/a><\/h6><\/div><\/div>\n<div class=\"col-md-12 col-sm-6 col-xs-12 pt-cv-content-item pt-cv-1-col\" ><div class='pt-cv-ifield'><h6 class=\"pt-cv-title\"><a href=\"https:\/\/www.moto-collection.org\/blog\/vieilles-terrot-et-champagne\/\" class=\"_self\" target=\"_self\" >Vieilles Terrot et champagne<\/a><\/h6><\/div><\/div>\n<div class=\"col-md-12 col-sm-6 col-xs-12 pt-cv-content-item pt-cv-1-col\" ><div class='pt-cv-ifield'><h6 class=\"pt-cv-title\"><a href=\"https:\/\/www.moto-collection.org\/blog\/frissons-la-moto-en-balade-comme-si-vous-y-etiez\/\" class=\"_self\" target=\"_self\" >Frissons : la moto en balade comme si vous y \u00e9tiez<\/a><\/h6><\/div><\/div>\n<div class=\"col-md-12 col-sm-6 col-xs-12 pt-cv-content-item pt-cv-1-col\" ><div class='pt-cv-ifield'><h6 class=\"pt-cv-title\"><a href=\"https:\/\/www.moto-collection.org\/blog\/3-roues-sur-langle\/\" class=\"_self\" target=\"_self\" >3 roues sur l&rsquo;angle<\/a><\/h6><\/div><\/div>\n<div class=\"col-md-12 col-sm-6 col-xs-12 pt-cv-content-item pt-cv-1-col\" ><div class='pt-cv-ifield'><h6 class=\"pt-cv-title\"><a href=\"https:\/\/www.moto-collection.org\/blog\/les-peugeot-secretes-de-la-guerre\/\" class=\"_self\" target=\"_self\" >Les Peugeot secr\u00e8tes de la guerre<\/a><\/h6><\/div><\/div>\n<div class=\"col-md-12 col-sm-6 col-xs-12 pt-cv-content-item pt-cv-1-col\" ><div class='pt-cv-ifield'><h6 class=\"pt-cv-title\"><a href=\"https:\/\/www.moto-collection.org\/blog\/la-chanson-des-gnome\/\" class=\"_self\" target=\"_self\" >Gnome &#038; Rh\u00f4ne : en BD et en Chanson !<\/a><\/h6><\/div><\/div>\n<div class=\"col-md-12 col-sm-6 col-xs-12 pt-cv-content-item pt-cv-1-col\" ><div class='pt-cv-ifield'><h6 class=\"pt-cv-title\"><a href=\"https:\/\/www.moto-collection.org\/blog\/peugeot-100-cm3-de-1932-a-1946\/\" class=\"_self\" target=\"_self\" >Peugeot 100 cm3 de 1932 \u00e0 1946<\/a><\/h6><\/div><\/div>\n<div class=\"col-md-12 col-sm-6 col-xs-12 pt-cv-content-item pt-cv-1-col\" ><div class='pt-cv-ifield'><h6 class=\"pt-cv-title\"><a href=\"https:\/\/www.moto-collection.org\/blog\/annees-60-litalie-lance-ses-twins-2\/\" class=\"_self\" target=\"_self\" >Ann\u00e9es 60 : l&rsquo;Italie lance ses twins (2)<\/a><\/h6><\/div><\/div>\n<div class=\"col-md-12 col-sm-6 col-xs-12 pt-cv-content-item pt-cv-1-col\" ><div class='pt-cv-ifield'><h6 class=\"pt-cv-title\"><a href=\"https:\/\/www.moto-collection.org\/blog\/1967-litalie-lance-ses-twins-1\/\" class=\"_self\" target=\"_self\" >Ann\u00e9es 60 : L&rsquo;Italie lance ses twins (1)<\/a><\/h6><\/div><\/div>\n<div class=\"col-md-12 col-sm-6 col-xs-12 pt-cv-content-item pt-cv-1-col\" ><div class='pt-cv-ifield'><h6 class=\"pt-cv-title\"><a href=\"https:\/\/www.moto-collection.org\/blog\/%e2%80%89riding-on-air%e2%80%89-en-asl-1909\/\" class=\"_self\" target=\"_self\" >\u00abRiding on Air\u00bb en ASL 1909 !<\/a><\/h6><\/div><\/div>\n<div class=\"col-md-12 col-sm-6 col-xs-12 pt-cv-content-item pt-cv-1-col\" ><div class='pt-cv-ifield'><h6 class=\"pt-cv-title\"><a href=\"https:\/\/www.moto-collection.org\/blog\/quiz-les-reponses\/\" class=\"_self\" target=\"_self\" >Quiz : les r\u00e9ponses<\/a><\/h6><\/div><\/div>\n<div class=\"col-md-12 col-sm-6 col-xs-12 pt-cv-content-item pt-cv-1-col\" ><div class='pt-cv-ifield'><h6 class=\"pt-cv-title\"><a href=\"https:\/\/www.moto-collection.org\/blog\/quizz-de-limpossible-n-4\/\" class=\"_self\" target=\"_self\" >Quiz de l&rsquo;impossible N\u00b0 4<\/a><\/h6><\/div><\/div>\n<div class=\"col-md-12 col-sm-6 col-xs-12 pt-cv-content-item pt-cv-1-col\" ><div class='pt-cv-ifield'><h6 class=\"pt-cv-title\"><a href=\"https:\/\/www.moto-collection.org\/blog\/unibus-1920-le-scooter-moderne-a-100-ans\/\" class=\"_self\" target=\"_self\" >Unibus 1921 : le scooter moderne a 100 ans<\/a><\/h6><\/div><\/div>\n<div class=\"col-md-12 col-sm-6 col-xs-12 pt-cv-content-item pt-cv-1-col\" ><div class='pt-cv-ifield'><h6 class=\"pt-cv-title\"><a href=\"https:\/\/www.moto-collection.org\/blog\/quizz-n3\/\" class=\"_self\" target=\"_self\" >Quiz n\u00b03<\/a><\/h6><\/div><\/div>\n<div class=\"col-md-12 col-sm-6 col-xs-12 pt-cv-content-item pt-cv-1-col\" ><div class='pt-cv-ifield'><h6 class=\"pt-cv-title\"><a href=\"https:\/\/www.moto-collection.org\/blog\/quizz-de-paques\/\" class=\"_self\" target=\"_self\" >Quiz de P\u00e2ques<\/a><\/h6><\/div><\/div>\n<div class=\"col-md-12 col-sm-6 col-xs-12 pt-cv-content-item pt-cv-1-col\" ><div class='pt-cv-ifield'><h6 class=\"pt-cv-title\"><a href=\"https:\/\/www.moto-collection.org\/blog\/quizz-les-motos-de-linconnu\/\" class=\"_self\" target=\"_self\" >Quiz : les motos de l&rsquo;inconnu<\/a><\/h6><\/div><\/div>\n<div class=\"col-md-12 col-sm-6 col-xs-12 pt-cv-content-item pt-cv-1-col\" ><div class='pt-cv-ifield'><h6 class=\"pt-cv-title\"><a href=\"https:\/\/www.moto-collection.org\/blog\/guzzi-fete-son-centenaire-et-egale-honda\/\" class=\"_self\" target=\"_self\" >Guzzi f\u00eate son centenaire et \u00e9gale Honda<\/a><\/h6><\/div><\/div>\n<div class=\"col-md-12 col-sm-6 col-xs-12 pt-cv-content-item pt-cv-1-col\" ><div class='pt-cv-ifield'><h6 class=\"pt-cv-title\"><a href=\"https:\/\/www.moto-collection.org\/blog\/habits-dhiver-souvenirs-de-campagne\/\" class=\"_self\" target=\"_self\" >Habits d&rsquo;hiver : souvenirs de campagne<\/a><\/h6><\/div><\/div>\n<div class=\"col-md-12 col-sm-6 col-xs-12 pt-cv-content-item pt-cv-1-col\" ><div class='pt-cv-ifield'><h6 class=\"pt-cv-title\"><a href=\"https:\/\/www.moto-collection.org\/blog\/top-mountain-museum-des-nouvelles-du-feu\/\" class=\"_self\" target=\"_self\" >Top Mountain Museum : des nouvelles du feu<\/a><\/h6><\/div><\/div>\n<div class=\"col-md-12 col-sm-6 col-xs-12 pt-cv-content-item pt-cv-1-col\" ><div class='pt-cv-ifield'><h6 class=\"pt-cv-title\"><a href=\"https:\/\/www.moto-collection.org\/blog\/le-musee-le-plus-haut-du-monde-a-brule\/\" class=\"_self\" target=\"_self\" >Le mus\u00e9e le plus haut du monde a br\u00fbl\u00e9 !<\/a><\/h6><\/div><\/div>\n<div class=\"col-md-12 col-sm-6 col-xs-12 pt-cv-content-item pt-cv-1-col\" ><div class='pt-cv-ifield'><h6 class=\"pt-cv-title\"><a href=\"https:\/\/www.moto-collection.org\/blog\/voeux-2021\/\" class=\"_self\" target=\"_self\" >Tous mes voeux pour une meilleure ann\u00e9e en 2021<\/a><\/h6><\/div><\/div>\n<div class=\"col-md-12 col-sm-6 col-xs-12 pt-cv-content-item pt-cv-1-col\" ><div class='pt-cv-ifield'><h6 class=\"pt-cv-title\"><a href=\"https:\/\/www.moto-collection.org\/blog\/carlo-perelli\/\" class=\"_self\" target=\"_self\" >Carlo Perelli<\/a><\/h6><\/div><\/div>\n<div class=\"col-md-12 col-sm-6 col-xs-12 pt-cv-content-item pt-cv-1-col\" ><div class='pt-cv-ifield'><h6 class=\"pt-cv-title\"><a href=\"https:\/\/www.moto-collection.org\/blog\/motos-standard-le-simple-act-ne-du-protectionnisme\/\" class=\"_self\" target=\"_self\" >Motos Standard : le simple ACT n\u00e9 du protectionnisme<\/a><\/h6><\/div><\/div>\n<div class=\"col-md-12 col-sm-6 col-xs-12 pt-cv-content-item pt-cv-1-col\" ><div class='pt-cv-ifield'><h6 class=\"pt-cv-title\"><a href=\"https:\/\/www.moto-collection.org\/blog\/la-triumph-speed-twin-a-compresseur-des-records-de-1938\/\" class=\"_self\" target=\"_self\" >La Triumph Speed Twin \u00e0 compresseur des records de 1938<\/a><\/h6><\/div><\/div>\n<div class=\"col-md-12 col-sm-6 col-xs-12 pt-cv-content-item pt-cv-1-col\" ><div class='pt-cv-ifield'><h6 class=\"pt-cv-title\"><a href=\"https:\/\/www.moto-collection.org\/blog\/harley-et-un-italien-inventent-la-moto-a-4-roues\/\" class=\"_self\" target=\"_self\" >Harley et un italien inventent la moto \u00e0 4 roues<\/a><\/h6><\/div><\/div>\n<div class=\"col-md-12 col-sm-6 col-xs-12 pt-cv-content-item pt-cv-1-col\" ><div class='pt-cv-ifield'><h6 class=\"pt-cv-title\"><a href=\"https:\/\/www.moto-collection.org\/blog\/amc-1955-du-250-au-280-cm3\/\" class=\"_self\" target=\"_self\" >AMC 1955 du 250 au 280 cm3<\/a><\/h6><\/div><\/div>\n<div class=\"col-md-12 col-sm-6 col-xs-12 pt-cv-content-item pt-cv-1-col\" ><div class='pt-cv-ifield'><h6 class=\"pt-cv-title\"><a href=\"https:\/\/www.moto-collection.org\/blog\/amc-250-1952-56-lespoir-decu\/\" class=\"_self\" target=\"_self\" >AMC 250 \u2013 1952-56 : L&rsquo;espoir d\u00e9\u00e7u<\/a><\/h6><\/div><\/div>\n<div class=\"col-md-12 col-sm-6 col-xs-12 pt-cv-content-item pt-cv-1-col\" ><div class='pt-cv-ifield'><h6 class=\"pt-cv-title\"><a href=\"https:\/\/www.moto-collection.org\/blog\/yamaha-gl-750-1971-la-tz-750-de-route-a-failli-exister\/\" class=\"_self\" target=\"_self\" >Yamaha GL 750-1971: la TZ 750 de route a failli exister<\/a><\/h6><\/div><\/div>\n<div class=\"col-md-12 col-sm-6 col-xs-12 pt-cv-content-item pt-cv-1-col\" ><div class='pt-cv-ifield'><h6 class=\"pt-cv-title\"><a href=\"https:\/\/www.moto-collection.org\/blog\/scoot-air-le-scooter-fou-de-lefol\/\" class=\"_self\" target=\"_self\" >Scoot-Air : le scooter fou de Lefol<\/a><\/h6><\/div><\/div>\n<div class=\"col-md-12 col-sm-6 col-xs-12 pt-cv-content-item pt-cv-1-col\" ><div class='pt-cv-ifield'><h6 class=\"pt-cv-title\"><a href=\"https:\/\/www.moto-collection.org\/blog\/tandem-derny-etes-vous-bi\/\" class=\"_self\" target=\"_self\" >Tandem Derny: \u00eates-vous bi ?<\/a><\/h6><\/div><\/div>\n<div class=\"col-md-12 col-sm-6 col-xs-12 pt-cv-content-item pt-cv-1-col\" ><div class='pt-cv-ifield'><h6 class=\"pt-cv-title\"><a href=\"https:\/\/www.moto-collection.org\/blog\/norton-cosworth-1976-1988-un-si-beau-cauchemar\/\" class=\"_self\" target=\"_self\" >Norton Cosworth 1976-1988: Un si beau cauchemar<\/a><\/h6><\/div><\/div>\n<div class=\"col-md-12 col-sm-6 col-xs-12 pt-cv-content-item pt-cv-1-col\" ><div class='pt-cv-ifield'><h6 class=\"pt-cv-title\"><a href=\"https:\/\/www.moto-collection.org\/blog\/norton-1972-1975-en-attendant-le-cosworth\/\" class=\"_self\" target=\"_self\" >Norton 1972-1975: En attendant le Cosworth<\/a><\/h6><\/div><\/div>\n<div class=\"col-md-12 col-sm-6 col-xs-12 pt-cv-content-item pt-cv-1-col\" ><div class='pt-cv-ifield'><h6 class=\"pt-cv-title\"><a href=\"https:\/\/www.moto-collection.org\/blog\/mob-et-solex-pliables\/\" class=\"_self\" target=\"_self\" >Mobs et Solex pliables<\/a><\/h6><\/div><\/div>\n<div class=\"col-md-12 col-sm-6 col-xs-12 pt-cv-content-item pt-cv-1-col\" ><div class='pt-cv-ifield'><h6 class=\"pt-cv-title\"><a href=\"https:\/\/www.moto-collection.org\/blog\/motobecane-350-l4c-1953-60-le-twin-en-tandem\/\" class=\"_self\" target=\"_self\" >Motob\u00e9cane 350 L4C 1953-60: Le twin en tandem<\/a><\/h6><\/div><\/div>\n<div class=\"col-md-12 col-sm-6 col-xs-12 pt-cv-content-item pt-cv-1-col\" ><div class='pt-cv-ifield'><h6 class=\"pt-cv-title\"><a href=\"https:\/\/www.moto-collection.org\/blog\/motobecane-350-v4c-1947-lespoir-decu\/\" class=\"_self\" target=\"_self\" >Motob\u00e9cane 350 V4C 1947 : L&rsquo;espoir d\u00e9\u00e7u<\/a><\/h6><\/div><\/div>\n<div class=\"col-md-12 col-sm-6 col-xs-12 pt-cv-content-item pt-cv-1-col\" ><div class='pt-cv-ifield'><h6 class=\"pt-cv-title\"><a href=\"https:\/\/www.moto-collection.org\/blog\/grand-prix-de-france-1953-a-rouen\/\" class=\"_self\" target=\"_self\" >Grand Prix de France 1953 \u00e0 Rouen<\/a><\/h6><\/div><\/div>\n<div class=\"col-md-12 col-sm-6 col-xs-12 pt-cv-content-item pt-cv-1-col\" ><div class='pt-cv-ifield'><h6 class=\"pt-cv-title\"><a href=\"https:\/\/www.moto-collection.org\/blog\/scooters-rumi-et-parilla-twins-1960-des-reves-inacheves\/\" class=\"_self\" target=\"_self\" >Scooters Rumi et Parilla twins 1960 : des r\u00eaves inachev\u00e9s<\/a><\/h6><\/div><\/div>\n<div class=\"col-md-12 col-sm-6 col-xs-12 pt-cv-content-item pt-cv-1-col\" ><div class='pt-cv-ifield'><h6 class=\"pt-cv-title\"><a href=\"https:\/\/www.moto-collection.org\/blog\/les-premiers-flat-twins-deux-temps\/\" class=\"_self\" target=\"_self\" >Les premiers flat twins deux temps<\/a><\/h6><\/div><\/div>\n<div class=\"col-md-12 col-sm-6 col-xs-12 pt-cv-content-item pt-cv-1-col\" ><div class='pt-cv-ifield'><h6 class=\"pt-cv-title\"><a href=\"https:\/\/www.moto-collection.org\/blog\/3-le-twin-a-lhorizontale-releve-la-tete\/\" class=\"_self\" target=\"_self\" >#3: Le twin \u00e0 l&rsquo;horizontale rel\u00e8ve la t\u00eate<\/a><\/h6><\/div><\/div>\n<div class=\"col-md-12 col-sm-6 col-xs-12 pt-cv-content-item pt-cv-1-col\" ><div class='pt-cv-ifield'><h6 class=\"pt-cv-title\"><a href=\"https:\/\/www.moto-collection.org\/blog\/twins-a-lhorizontale-les-annees-50\/\" class=\"_self\" target=\"_self\" >Twins \u00e0 l&rsquo;horizontale: Les ann\u00e9es 50<\/a><\/h6><\/div><\/div>\n<div class=\"col-md-12 col-sm-6 col-xs-12 pt-cv-content-item pt-cv-1-col\" ><div class='pt-cv-ifield'><h6 class=\"pt-cv-title\"><a href=\"https:\/\/www.moto-collection.org\/blog\/moto-becanette-spada-le-premier-bicylindre-a-plat-deux-temps\/\" class=\"_self\" target=\"_self\" >Moto-B\u00e9canette Spada, le premier bicylindre horizontal deux temps<\/a><\/h6><\/div><\/div>\n<div class=\"col-md-12 col-sm-6 col-xs-12 pt-cv-content-item pt-cv-1-col\" ><div class='pt-cv-ifield'><h6 class=\"pt-cv-title\"><a href=\"https:\/\/www.moto-collection.org\/blog\/immatriculer-en-collection-sous-confinement\/\" class=\"_self\" target=\"_self\" >Immatriculer en collection sous confinement<\/a><\/h6><\/div><\/div>\n<div class=\"col-md-12 col-sm-6 col-xs-12 pt-cv-content-item pt-cv-1-col\" ><div class='pt-cv-ifield'><h6 class=\"pt-cv-title\"><a href=\"https:\/\/www.moto-collection.org\/blog\/bradshaw-et-les-bouilleurs-dhuile-la-course\/\" class=\"_self\" target=\"_self\" >Bradshaw et les bouilleurs d&rsquo;huile: La course<\/a><\/h6><\/div><\/div>\n<div class=\"col-md-12 col-sm-6 col-xs-12 pt-cv-content-item pt-cv-1-col\" ><div class='pt-cv-ifield'><h6 class=\"pt-cv-title\"><a href=\"https:\/\/www.moto-collection.org\/blog\/bradshaw-et-les-bouilleurs-dhuile\/\" class=\"_self\" target=\"_self\" >Bradshaw et les bouilleurs d\u2019huile<\/a><\/h6><\/div><\/div>\n<div class=\"col-md-12 col-sm-6 col-xs-12 pt-cv-content-item pt-cv-1-col\" ><div class='pt-cv-ifield'><h6 class=\"pt-cv-title\"><a href=\"https:\/\/www.moto-collection.org\/blog\/faux-de-gaulle-vraies-motos\/\" class=\"_self\" target=\"_self\" >Faux de Gaulle, vraies motos<\/a><\/h6><\/div><\/div>\n<div class=\"col-md-12 col-sm-6 col-xs-12 pt-cv-content-item pt-cv-1-col\" ><div class='pt-cv-ifield'><h6 class=\"pt-cv-title\"><a href=\"https:\/\/www.moto-collection.org\/blog\/bientot-une-125-ducati-quatre-cylindres\/\" class=\"_self\" target=\"_self\" >Bient\u00f4t une 125 Ducati quatre cylindres<\/a><\/h6><\/div><\/div>\n<div class=\"col-md-12 col-sm-6 col-xs-12 pt-cv-content-item pt-cv-1-col\" ><div class='pt-cv-ifield'><h6 class=\"pt-cv-title\"><a href=\"https:\/\/www.moto-collection.org\/blog\/salon-du-2-roues-a-lyon-plus-de-1000-motos-anciennes\/\" class=\"_self\" target=\"_self\" >Salon du 2 roues \u00e0 Lyon : Plus de 1000 motos anciennes !<\/a><\/h6><\/div><\/div>\n<div class=\"col-md-12 col-sm-6 col-xs-12 pt-cv-content-item pt-cv-1-col\" ><div class='pt-cv-ifield'><h6 class=\"pt-cv-title\"><a href=\"https:\/\/www.moto-collection.org\/blog\/1948-monneret-cree-le-reve-en-d45-2020-3-mecs-en-revent-encore\/\" class=\"_self\" target=\"_self\" >1948: Monneret cr\u00e9e le r\u00eave en D45. 2020: 3 mecs en r\u00eavent encore !<\/a><\/h6><\/div><\/div>\n<div class=\"col-md-12 col-sm-6 col-xs-12 pt-cv-content-item pt-cv-1-col\" ><div class='pt-cv-ifield'><h6 class=\"pt-cv-title\"><a href=\"https:\/\/www.moto-collection.org\/blog\/aubier-dunne-des-utilitaires-et-de-beaux-reves\/\" class=\"_self\" target=\"_self\" >Aubier-Dunne : des utilitaires et de beaux r\u00eaves<\/a><\/h6><\/div><\/div>\n<div class=\"col-md-12 col-sm-6 col-xs-12 pt-cv-content-item pt-cv-1-col\" ><div class='pt-cv-ifield'><h6 class=\"pt-cv-title\"><a href=\"https:\/\/www.moto-collection.org\/blog\/courses-moto-dans-leure-au-debut-du-20e-siecle\/\" class=\"_self\" target=\"_self\" >Courses moto dans l\u2019Eure au d\u00e9but du 20e si\u00e8cle<\/a><\/h6><\/div><\/div>\n<div class=\"col-md-12 col-sm-6 col-xs-12 pt-cv-content-item pt-cv-1-col\" ><div class='pt-cv-ifield'><h6 class=\"pt-cv-title\"><a href=\"https:\/\/www.moto-collection.org\/blog\/la-mars-blanche-a-100-ans\/\" class=\"_self\" target=\"_self\" >La Mars Blanche a 100 ans<\/a><\/h6><\/div><\/div>\n<div class=\"col-md-12 col-sm-6 col-xs-12 pt-cv-content-item pt-cv-1-col\" ><div class='pt-cv-ifield'><h6 class=\"pt-cv-title\"><a href=\"https:\/\/www.moto-collection.org\/blog\/tous-mes-voeux-pour-2020\/\" class=\"_self\" target=\"_self\" >Tous mes voeux pour 2020<\/a><\/h6><\/div><\/div>\n<div class=\"col-md-12 col-sm-6 col-xs-12 pt-cv-content-item pt-cv-1-col\" ><div class='pt-cv-ifield'><h6 class=\"pt-cv-title\"><a href=\"https:\/\/www.moto-collection.org\/blog\/ducati-les-vertical-twins-en-course\/\" class=\"_self\" target=\"_self\" >Ducati: les vertical twins en course<\/a><\/h6><\/div><\/div>\n<div class=\"col-md-12 col-sm-6 col-xs-12 pt-cv-content-item pt-cv-1-col\" ><div class='pt-cv-ifield'><h6 class=\"pt-cv-title\"><a href=\"https:\/\/www.moto-collection.org\/blog\/jawa-fete-ses-90-ans-a-prague\/\" class=\"_self\" target=\"_self\" >Jawa f\u00eate ses 90 ans \u00e0 Prague<\/a><\/h6><\/div><\/div>\n<div class=\"col-md-12 col-sm-6 col-xs-12 pt-cv-content-item pt-cv-1-col\" ><div class='pt-cv-ifield'><h6 class=\"pt-cv-title\"><a href=\"https:\/\/www.moto-collection.org\/blog\/ducati-26-ans-de-vertical-twin\/\" class=\"_self\" target=\"_self\" >Ducati : 26 ans de vertical twin !<\/a><\/h6><\/div><\/div>\n<div class=\"col-md-12 col-sm-6 col-xs-12 pt-cv-content-item pt-cv-1-col\" ><div class='pt-cv-ifield'><h6 class=\"pt-cv-title\"><a href=\"https:\/\/www.moto-collection.org\/blog\/mobylette-electrique\/\" class=\"_self\" target=\"_self\" >Mobylette \u00e9lectrique<\/a><\/h6><\/div><\/div>\n<div class=\"col-md-12 col-sm-6 col-xs-12 pt-cv-content-item pt-cv-1-col\" ><div class='pt-cv-ifield'><h6 class=\"pt-cv-title\"><a href=\"https:\/\/www.moto-collection.org\/blog\/bourg-en-bresse-1906-2020\/\" class=\"_self\" target=\"_self\" >Bourg-en-Bresse 1906-2020<\/a><\/h6><\/div><\/div>\n<div class=\"col-md-12 col-sm-6 col-xs-12 pt-cv-content-item pt-cv-1-col\" ><div class='pt-cv-ifield'><h6 class=\"pt-cv-title\"><a href=\"https:\/\/www.moto-collection.org\/blog\/concept-car-a-compiegne-le-design-rencontre-lhistoire\/\" class=\"_self\" target=\"_self\" >Concept-car \u00e0 Compi\u00e8gne : le design rencontre l\u2019histoire<\/a><\/h6><\/div><\/div>\n<div class=\"col-md-12 col-sm-6 col-xs-12 pt-cv-content-item pt-cv-1-col\" ><div class='pt-cv-ifield'><h6 class=\"pt-cv-title\"><a href=\"https:\/\/www.moto-collection.org\/blog\/salon-moto-legende-2019-les-amis-les-surprises-et-les-bonbons\/\" class=\"_self\" target=\"_self\" >Salon Moto L\u00e9gende 2019 : Les amis, les surprises et les bonbons\u2026<\/a><\/h6><\/div><\/div>\n<div class=\"col-md-12 col-sm-6 col-xs-12 pt-cv-content-item pt-cv-1-col\" ><div class='pt-cv-ifield'><h6 class=\"pt-cv-title\"><a href=\"https:\/\/www.moto-collection.org\/blog\/la-750-honda-a-50-ans\/\" class=\"_self\" target=\"_self\" >La 750 Honda a 50 ans<\/a><\/h6><\/div><\/div>\n<div class=\"col-md-12 col-sm-6 col-xs-12 pt-cv-content-item pt-cv-1-col\" ><div class='pt-cv-ifield'><h6 class=\"pt-cv-title\"><a href=\"https:\/\/www.moto-collection.org\/blog\/major-litalie-reinvente-la-moto-en-1947\/\" class=\"_self\" target=\"_self\" >Major : L&rsquo;Italie r\u00e9invente la moto en 1947<\/a><\/h6><\/div><\/div>\n<div class=\"col-md-12 col-sm-6 col-xs-12 pt-cv-content-item pt-cv-1-col\" ><div class='pt-cv-ifield'><h6 class=\"pt-cv-title\"><a href=\"https:\/\/www.moto-collection.org\/blog\/concept-car-beaute-pure-au-musee-de-compiegne\/\" class=\"_self\" target=\"_self\" >\u00ab\u00a0Concept-car. Beaut\u00e9 pure\u00a0\u00bb au mus\u00e9e de Compi\u00e8gne<\/a><\/h6><\/div><\/div>\n<div class=\"col-md-12 col-sm-6 col-xs-12 pt-cv-content-item pt-cv-1-col\" ><div class='pt-cv-ifield'><h6 class=\"pt-cv-title\"><a href=\"https:\/\/www.moto-collection.org\/blog\/epoquauto-2019-abc-gnome-rhone-a-lhonneur\/\" class=\"_self\" target=\"_self\" >Epoqu&rsquo;Auto 2019: Gnome &#038; Rh\u00f4ne \u00e0 l&rsquo;honneur<\/a><\/h6><\/div><\/div>\n<div class=\"col-md-12 col-sm-6 col-xs-12 pt-cv-content-item pt-cv-1-col\" ><div class='pt-cv-ifield'><h6 class=\"pt-cv-title\"><a href=\"https:\/\/www.moto-collection.org\/blog\/centenaire-de-la-revolutionnaire-abc\/\" class=\"_self\" target=\"_self\" >Centenaire de la r\u00e9volutionnaire ABC<\/a><\/h6><\/div><\/div>\n<div class=\"col-md-12 col-sm-6 col-xs-12 pt-cv-content-item pt-cv-1-col\" ><div class='pt-cv-ifield'><h6 class=\"pt-cv-title\"><a href=\"https:\/\/www.moto-collection.org\/blog\/pierre-viura-champion-de-france-1967-70-71\/\" class=\"_self\" target=\"_self\" >Pierre Viura : Champion de France 1967-70-71<\/a><\/h6><\/div><\/div>\n<div class=\"col-md-12 col-sm-6 col-xs-12 pt-cv-content-item pt-cv-1-col\" ><div class='pt-cv-ifield'><h6 class=\"pt-cv-title\"><a href=\"https:\/\/www.moto-collection.org\/blog\/salon-de-milan-1959\/\" class=\"_self\" target=\"_self\" >Salon de Milan 1959<\/a><\/h6><\/div><\/div>\n<div class=\"col-md-12 col-sm-6 col-xs-12 pt-cv-content-item pt-cv-1-col\" ><div class='pt-cv-ifield'><h6 class=\"pt-cv-title\"><a href=\"https:\/\/www.moto-collection.org\/blog\/yamaha-motor-europe-collection-hall\/\" class=\"_self\" target=\"_self\" >Yamaha Motor Europe Collection Hall<\/a><\/h6><\/div><\/div>\n<div class=\"col-md-12 col-sm-6 col-xs-12 pt-cv-content-item pt-cv-1-col\" ><div class='pt-cv-ifield'><h6 class=\"pt-cv-title\"><a href=\"https:\/\/www.moto-collection.org\/blog\/luigi-colani-le-bio-design\/\" class=\"_self\" target=\"_self\" >Luigi Colani: le bio-design<\/a><\/h6><\/div><\/div>\n<div class=\"col-md-12 col-sm-6 col-xs-12 pt-cv-content-item pt-cv-1-col\" ><div class='pt-cv-ifield'><h6 class=\"pt-cv-title\"><a href=\"https:\/\/www.moto-collection.org\/blog\/jawa-improbables-en-periode-de-guerre\/\" class=\"_self\" target=\"_self\" >Les Jawa improbables de 1939 \u00e0 45<\/a><\/h6><\/div><\/div>\n<div class=\"col-md-12 col-sm-6 col-xs-12 pt-cv-content-item pt-cv-1-col\" ><div class='pt-cv-ifield'><h6 class=\"pt-cv-title\"><a href=\"https:\/\/www.moto-collection.org\/blog\/windhoff-2-flat-twin-et-pistons-pompe\/\" class=\"_self\" target=\"_self\" >Windhoff (2) : du piston-pompe au flat twin<\/a><\/h6><\/div><\/div>\n<div class=\"col-md-12 col-sm-6 col-xs-12 pt-cv-content-item pt-cv-1-col\" ><div class='pt-cv-ifield'><h6 class=\"pt-cv-title\"><a href=\"https:\/\/www.moto-collection.org\/blog\/windhoff-750-et-1000-quatre-cylindres-des-berlinoises-revolutionnaires\/\" class=\"_self\" target=\"_self\" >Windhoff 750 et 1000 quatre-cylindres : des Berlinoises r\u00e9volutionnaires<\/a><\/h6><\/div><\/div>\n<div class=\"col-md-12 col-sm-6 col-xs-12 pt-cv-content-item pt-cv-1-col\" ><div class='pt-cv-ifield'><h6 class=\"pt-cv-title\"><a href=\"https:\/\/www.moto-collection.org\/blog\/microcars-a-gratibus\/\" class=\"_self\" target=\"_self\" >Microcars \u00e0 Gratibus<\/a><\/h6><\/div><\/div>\n<div class=\"col-md-12 col-sm-6 col-xs-12 pt-cv-content-item pt-cv-1-col\" ><div class='pt-cv-ifield'><h6 class=\"pt-cv-title\"><a href=\"https:\/\/www.moto-collection.org\/blog\/brough-superior-fete-ses-100-ans-au-top-mountain-museum\/\" class=\"_self\" target=\"_self\" >Brough Superior f\u00eate ses 100 ans au Top Mountain museum<\/a><\/h6><\/div><\/div>\n<div class=\"col-md-12 col-sm-6 col-xs-12 pt-cv-content-item pt-cv-1-col\" ><div class='pt-cv-ifield'><h6 class=\"pt-cv-title\"><a href=\"https:\/\/www.moto-collection.org\/blog\/top-mountain-museum-le-plus-haut-musee-de-motos-au-monde\/\" class=\"_self\" target=\"_self\" >Top Mountain museum : le plus haut mus\u00e9e de motos au monde<\/a><\/h6><\/div><\/div>\n<div class=\"col-md-12 col-sm-6 col-xs-12 pt-cv-content-item pt-cv-1-col\" ><div class='pt-cv-ifield'><h6 class=\"pt-cv-title\"><a href=\"https:\/\/www.moto-collection.org\/blog\/12e-traversee-de-paris-estivale-en-vehicules-anciens\/\" class=\"_self\" target=\"_self\" >12e Travers\u00e9e de Paris estivale en v\u00e9hicules anciens<\/a><\/h6><\/div><\/div>\n<div class=\"col-md-12 col-sm-6 col-xs-12 pt-cv-content-item pt-cv-1-col\" ><div class='pt-cv-ifield'><h6 class=\"pt-cv-title\"><a href=\"https:\/\/www.moto-collection.org\/blog\/tour-dauvergne-2019-coup-de-chaud-pour-les-ancetres\/\" class=\"_self\" target=\"_self\" >Tour d\u2019Auvergne 2019 : coup de chaud pour les anc\u00eatres<\/a><\/h6><\/div><\/div>\n<div class=\"col-md-12 col-sm-6 col-xs-12 pt-cv-content-item pt-cv-1-col\" ><div class='pt-cv-ifield'><h6 class=\"pt-cv-title\"><a href=\"https:\/\/www.moto-collection.org\/blog\/gyro-x-1300-1967-la-voiture-a-deux-roues\/\" class=\"_self\" target=\"_self\" >Gyro-X 1300 \u2013 1967 : La voiture \u00e0 deux roues<\/a><\/h6><\/div><\/div>\n<div class=\"col-md-12 col-sm-6 col-xs-12 pt-cv-content-item pt-cv-1-col\" ><div class='pt-cv-ifield'><h6 class=\"pt-cv-title\"><a href=\"https:\/\/www.moto-collection.org\/blog\/villa-deste-2019-vive-la-france\/\" class=\"_self\" target=\"_self\" >Villa d\u2019Este 2019 : Vive la France !<\/a><\/h6><\/div><\/div>\n<div class=\"col-md-12 col-sm-6 col-xs-12 pt-cv-content-item pt-cv-1-col\" ><div class='pt-cv-ifield'><h6 class=\"pt-cv-title\"><a href=\"https:\/\/www.moto-collection.org\/blog\/vintage-revival-montlhery-2019-lextase-2\/\" class=\"_self\" target=\"_self\" >Vintage Revival Montlh\u00e9ry 2019 : L&rsquo;extase (2)<\/a><\/h6><\/div><\/div>\n<div class=\"col-md-12 col-sm-6 col-xs-12 pt-cv-content-item pt-cv-1-col\" ><div class='pt-cv-ifield'><h6 class=\"pt-cv-title\"><a href=\"https:\/\/www.moto-collection.org\/blog\/vintage-revival-montlhery-lextase-1\/\" class=\"_self\" target=\"_self\" >Vintage Revival Montlh\u00e9ry : l&rsquo;extase ! (1)<\/a><\/h6><\/div><\/div>\n<div class=\"col-md-12 col-sm-6 col-xs-12 pt-cv-content-item pt-cv-1-col\" ><div class='pt-cv-ifield'><h6 class=\"pt-cv-title\"><a href=\"https:\/\/www.moto-collection.org\/blog\/vespa-tap-56-balinais\/\" class=\"_self\" target=\"_self\" >Vespa TAP 56 balinais<\/a><\/h6><\/div><\/div>\n<div class=\"col-md-12 col-sm-6 col-xs-12 pt-cv-content-item pt-cv-1-col\" ><div class='pt-cv-ifield'><h6 class=\"pt-cv-title\"><a href=\"https:\/\/www.moto-collection.org\/blog\/5e-vintage-revival-a-montlhery-les-11-12-mai\/\" class=\"_self\" target=\"_self\" >5e Vintage Revival \u00e0 Montlh\u00e9ry les 11-12 Mai<\/a><\/h6><\/div><\/div>\n<div class=\"col-md-12 col-sm-6 col-xs-12 pt-cv-content-item pt-cv-1-col\" ><div class='pt-cv-ifield'><h6 class=\"pt-cv-title\"><a href=\"https:\/\/www.moto-collection.org\/blog\/microcars-les-oeufs-de-la-route\/\" class=\"_self\" target=\"_self\" >Microcars : Les oeufs de la route !<\/a><\/h6><\/div><\/div>\n<div class=\"col-md-12 col-sm-6 col-xs-12 pt-cv-content-item pt-cv-1-col\" ><div class='pt-cv-ifield'><h6 class=\"pt-cv-title\"><a href=\"https:\/\/www.moto-collection.org\/blog\/honda-juno-250-ka-1954-6391-e\/\" class=\"_self\" target=\"_self\" >Honda Juno 250 KA 1954 : 6 391 euros !<\/a><\/h6><\/div><\/div>\n<div class=\"col-md-12 col-sm-6 col-xs-12 pt-cv-content-item pt-cv-1-col\" ><div class='pt-cv-ifield'><h6 class=\"pt-cv-title\"><a href=\"https:\/\/www.moto-collection.org\/blog\/patchett-langlais-qui-fit-la-jawa\/\" class=\"_self\" target=\"_self\" >Patchett : L&rsquo;Anglais qui fit la Jawa<\/a><\/h6><\/div><\/div>\n<div class=\"col-md-12 col-sm-6 col-xs-12 pt-cv-content-item pt-cv-1-col\" ><div class='pt-cv-ifield'><h6 class=\"pt-cv-title\"><a href=\"https:\/\/www.moto-collection.org\/blog\/des-bmw-cmr-r73-francaises-aux-versions-course-bulgares\/\" class=\"_self\" target=\"_self\" >Des BMW-CMR R73 fran\u00e7aises aux versions course bulgares<\/a><\/h6><\/div><\/div>\n<div class=\"col-md-12 col-sm-6 col-xs-12 pt-cv-content-item pt-cv-1-col\" ><div class='pt-cv-ifield'><h6 class=\"pt-cv-title\"><a href=\"https:\/\/www.moto-collection.org\/blog\/gnome-rhone-a-retromobile-le-film-de-lexpo\/\" class=\"_self\" target=\"_self\" >Gnome &#038; Rh\u00f4ne \u00e0 R\u00e9tromobile: le film de l&rsquo;expo<\/a><\/h6><\/div><\/div>\n<div class=\"col-md-12 col-sm-6 col-xs-12 pt-cv-content-item pt-cv-1-col\" ><div class='pt-cv-ifield'><h6 class=\"pt-cv-title\"><a href=\"https:\/\/www.moto-collection.org\/blog\/retromobile-100-ans-de-gnome-rhone-a-safran\/\" class=\"_self\" target=\"_self\" >R\u00e9tromobile : 100 ans de Gnome &#038; Rh\u00f4ne \u00e0 Safran<\/a><\/h6><\/div><\/div>\n<div class=\"col-md-12 col-sm-6 col-xs-12 pt-cv-content-item pt-cv-1-col\" ><div class='pt-cv-ifield'><h6 class=\"pt-cv-title\"><a href=\"https:\/\/www.moto-collection.org\/blog\/scooters-francais-a-grandes-roues-lutopie-des-seconds-couteaux\/\" class=\"_self\" target=\"_self\" >Scooters fran\u00e7ais \u00e0 grandes roues : L&rsquo;utopie des seconds couteaux<\/a><\/h6><\/div><\/div>\n<div class=\"col-md-12 col-sm-6 col-xs-12 pt-cv-content-item pt-cv-1-col\" ><div class='pt-cv-ifield'><h6 class=\"pt-cv-title\"><a href=\"https:\/\/www.moto-collection.org\/blog\/moto-japonaise-110-ans\/\" class=\"_self\" target=\"_self\" >La moto japonaise f\u00eate ses 110 ans<\/a><\/h6><\/div><\/div>\n<div class=\"col-md-12 col-sm-6 col-xs-12 pt-cv-content-item pt-cv-1-col\" ><div class='pt-cv-ifield'><h6 class=\"pt-cv-title\"><a href=\"https:\/\/www.moto-collection.org\/blog\/triumph-550-la-h-de-guerre\/\" class=\"_self\" target=\"_self\" >Triumph 550 : La H de guerre<\/a><\/h6><\/div><\/div>\n<div class=\"col-md-12 col-sm-6 col-xs-12 pt-cv-content-item pt-cv-1-col\" ><div class='pt-cv-ifield'><h6 class=\"pt-cv-title\"><a href=\"https:\/\/www.moto-collection.org\/blog\/richard-kuchen-le-roi-des-allemandes\/\" class=\"_self\" target=\"_self\" >Richard K\u00fcchen : le roi des Allemandes<\/a><\/h6><\/div><\/div>\n<div class=\"col-md-12 col-sm-6 col-xs-12 pt-cv-content-item pt-cv-1-col\" ><div class='pt-cv-ifield'><h6 class=\"pt-cv-title\"><a href=\"https:\/\/www.moto-collection.org\/blog\/mondial-de-lauto-et-de-la-moto-120-ans-non-124\/\" class=\"_self\" target=\"_self\" >Mondial de l&rsquo;Auto et de la Moto : 120 ans, non, 124!<\/a><\/h6><\/div><\/div>\n<div class=\"col-md-12 col-sm-6 col-xs-12 pt-cv-content-item pt-cv-1-col\" ><div class='pt-cv-ifield'><h6 class=\"pt-cv-title\"><a href=\"https:\/\/www.moto-collection.org\/blog\/bsa-250-sunbeam-triumph-250-tigress-le-twin-anglais-sur-roulettes-2\/\" class=\"_self\" target=\"_self\" >250 BSA Sunbeam, Triumph Tigress: l&rsquo;autre twin anglais<\/a><\/h6><\/div><\/div>\n<div class=\"col-md-12 col-sm-6 col-xs-12 pt-cv-content-item pt-cv-1-col\" ><div class='pt-cv-ifield'><h6 class=\"pt-cv-title\"><a href=\"https:\/\/www.moto-collection.org\/blog\/quasar-1976-1985-le-reve-de-la-gt-parfaite\/\" class=\"_self\" target=\"_self\" >Quasar 1976-1985 :  le r\u00eave de la GT parfaite<\/a><\/h6><\/div><\/div>\n<div class=\"col-md-12 col-sm-6 col-xs-12 pt-cv-content-item pt-cv-1-col\" ><div class='pt-cv-ifield'><h6 class=\"pt-cv-title\"><a href=\"https:\/\/www.moto-collection.org\/blog\/triumph-t20-le-bouillant-cub\/\" class=\"_self\" target=\"_self\" >Triumph T20 : Le bouillant Cub<\/a><\/h6><\/div><\/div>\n<div class=\"col-md-12 col-sm-6 col-xs-12 pt-cv-content-item pt-cv-1-col\" ><div class='pt-cv-ifield'><h6 class=\"pt-cv-title\"><a href=\"https:\/\/www.moto-collection.org\/blog\/jap-les-250-350-double-act-des-annees-20\/\" class=\"_self\" target=\"_self\" >JAP : les 250\/350 double ACT des ann\u00e9es 20<\/a><\/h6><\/div><\/div>\n<div class=\"col-md-12 col-sm-6 col-xs-12 pt-cv-content-item pt-cv-1-col\" ><div class='pt-cv-ifield'><h6 class=\"pt-cv-title\"><a href=\"https:\/\/www.moto-collection.org\/blog\/la-piste-aux-records-au-cafe-racer-festival\/\" class=\"_self\" target=\"_self\" >\u00ab\u00a0La piste aux records\u00a0\u00bb au Caf\u00e9 Racer Festival<\/a><\/h6><\/div><\/div>\n<div class=\"col-md-12 col-sm-6 col-xs-12 pt-cv-content-item pt-cv-1-col\" ><div class='pt-cv-ifield'><h6 class=\"pt-cv-title\"><a href=\"https:\/\/www.moto-collection.org\/blog\/gillet-herstal-600-des-records-1928\/\" class=\"_self\" target=\"_self\" >Gillet Herstal 600 des records 1928<\/a><\/h6><\/div><\/div>\n<div class=\"col-md-12 col-sm-6 col-xs-12 pt-cv-content-item pt-cv-1-col\" ><div class='pt-cv-ifield'><h6 class=\"pt-cv-title\"><a href=\"https:\/\/www.moto-collection.org\/blog\/18-motos-de-record-a-montlhery-les-23-et-24-juin-2018\/\" class=\"_self\" target=\"_self\" >18 motos de record \u00e0 Montlh\u00e9ry les 23\/24 juin 2018<\/a><\/h6><\/div><\/div>\n<div class=\"col-md-12 col-sm-6 col-xs-12 pt-cv-content-item pt-cv-1-col\" ><div class='pt-cv-ifield'><h6 class=\"pt-cv-title\"><a href=\"https:\/\/www.moto-collection.org\/blog\/jonghi-350-double-act-1934-38\/\" class=\"_self\" target=\"_self\" >Jonghi 350 double ACT 1934-38<\/a><\/h6><\/div><\/div>\n<div class=\"col-md-12 col-sm-6 col-xs-12 pt-cv-content-item pt-cv-1-col\" ><div class='pt-cv-ifield'><h6 class=\"pt-cv-title\"><a href=\"https:\/\/www.moto-collection.org\/blog\/vincent-dearden-1000-black-lightning-compresseur-1950\/\" class=\"_self\" target=\"_self\" >Vincent-Dearden 1000 Black Lightning compresseur 1950<\/a><\/h6><\/div><\/div>\n<div class=\"col-md-12 col-sm-6 col-xs-12 pt-cv-content-item pt-cv-1-col\" ><div class='pt-cv-ifield'><h6 class=\"pt-cv-title\"><a href=\"https:\/\/www.moto-collection.org\/blog\/villa-deste-210-lelegance-primee\/\" class=\"_self\" target=\"_self\" >Villa d\u2019Este 2018 : L\u2019\u00e9l\u00e9gance prim\u00e9e<\/a><\/h6><\/div><\/div>\n<div class=\"col-md-12 col-sm-6 col-xs-12 pt-cv-content-item pt-cv-1-col\" ><div class='pt-cv-ifield'><h6 class=\"pt-cv-title\"><a href=\"https:\/\/www.moto-collection.org\/blog\/mc-evoy-1927-29-jap-et-4-cylindres\/\" class=\"_self\" target=\"_self\" >Mc Evoy 1927-29: JAP en V, 4 cylindres et mono maison<\/a><\/h6><\/div><\/div>\n<div class=\"col-md-12 col-sm-6 col-xs-12 pt-cv-content-item pt-cv-1-col\" ><div class='pt-cv-ifield'><h6 class=\"pt-cv-title\"><a href=\"https:\/\/www.moto-collection.org\/blog\/mc-evoy-1924-26-les-1000-british-anzani\/\" class=\"_self\" target=\"_self\" >Mc Evoy 1924-26: les 1000 British Anzani<\/a><\/h6><\/div><\/div>\n<div class=\"col-md-12 col-sm-6 col-xs-12 pt-cv-content-item pt-cv-1-col\" ><div class='pt-cv-ifield'><h6 class=\"pt-cv-title\"><a href=\"https:\/\/www.moto-collection.org\/blog\/nsu-250-sportmax-1955-la-meilleure-tout-simplement\/\" class=\"_self\" target=\"_self\" >NSU 250 Sportmax 1955: La meilleure, tout simplement<\/a><\/h6><\/div><\/div>\n<div class=\"col-md-12 col-sm-6 col-xs-12 pt-cv-content-item pt-cv-1-col\" ><div class='pt-cv-ifield'><h6 class=\"pt-cv-title\"><a href=\"https:\/\/www.moto-collection.org\/blog\/filles-de-mobylette\/\" class=\"_self\" target=\"_self\" >Filles de Mobylette<\/a><\/h6><\/div><\/div>\n<div class=\"col-md-12 col-sm-6 col-xs-12 pt-cv-content-item pt-cv-1-col\" ><div class='pt-cv-ifield'><h6 class=\"pt-cv-title\"><a href=\"https:\/\/www.moto-collection.org\/blog\/christian-rey\/\" class=\"_self\" target=\"_self\" >Christian Rey<\/a><\/h6><\/div><\/div>\n<div class=\"col-md-12 col-sm-6 col-xs-12 pt-cv-content-item pt-cv-1-col\" ><div class='pt-cv-ifield'><h6 class=\"pt-cv-title\"><a href=\"https:\/\/www.moto-collection.org\/blog\/lechec-de-mat-une-500-four-tcheque-en-1928\/\" class=\"_self\" target=\"_self\" >L&rsquo;\u00e9chec de MAT, une 500 four tch\u00e8que en 1928<\/a><\/h6><\/div><\/div>\n<div class=\"col-md-12 col-sm-6 col-xs-12 pt-cv-content-item pt-cv-1-col\" ><div class='pt-cv-ifield'><h6 class=\"pt-cv-title\"><a href=\"https:\/\/www.moto-collection.org\/blog\/souplex-la-mini-belge\/\" class=\"_self\" target=\"_self\" >Souplex : la mini belge<\/a><\/h6><\/div><\/div>\n<div class=\"col-md-12 col-sm-6 col-xs-12 pt-cv-content-item pt-cv-1-col\" ><div class='pt-cv-ifield'><h6 class=\"pt-cv-title\"><a href=\"https:\/\/www.moto-collection.org\/blog\/scootavia-un-si-beau-reve\/\" class=\"_self\" target=\"_self\" >Scootavia : un si beau r\u00eave<\/a><\/h6><\/div><\/div>\n<div class=\"col-md-12 col-sm-6 col-xs-12 pt-cv-content-item pt-cv-1-col\" ><div class='pt-cv-ifield'><h6 class=\"pt-cv-title\"><a href=\"https:\/\/www.moto-collection.org\/blog\/honda-100-millions-de-super-cub\/\" class=\"_self\" target=\"_self\" >Honda : 100 millions de Super Cub<\/a><\/h6><\/div><\/div>\n<div class=\"col-md-12 col-sm-6 col-xs-12 pt-cv-content-item pt-cv-1-col\" ><div class='pt-cv-ifield'><h6 class=\"pt-cv-title\"><a href=\"https:\/\/www.moto-collection.org\/blog\/imola-fete-les-70-ans-de-son-gp-de-motocross\/\" class=\"_self\" target=\"_self\" >Imola f\u00eate les 70 ans de son GP de motocross<\/a><\/h6><\/div><\/div>\n<div class=\"col-md-12 col-sm-6 col-xs-12 pt-cv-content-item pt-cv-1-col\" ><div class='pt-cv-ifield'><h6 class=\"pt-cv-title\"><a href=\"https:\/\/www.moto-collection.org\/blog\/vente-artcurial-a-retromobile-2018-76-motos-pour-2-millions\/\" class=\"_self\" target=\"_self\" >R\u00e9tromobile 2018: Artcurial vend 76 motos pour 2 millions<\/a><\/h6><\/div><\/div>\n<div class=\"col-md-12 col-sm-6 col-xs-12 pt-cv-content-item pt-cv-1-col\" ><div class='pt-cv-ifield'><h6 class=\"pt-cv-title\"><a href=\"https:\/\/www.moto-collection.org\/blog\/grosso-125-double-arbre-1950-du-fait-main\/\" class=\"_self\" target=\"_self\" >Grosso 125 double arbre 1950 : du fait main<\/a><\/h6><\/div><\/div>\n<div class=\"col-md-12 col-sm-6 col-xs-12 pt-cv-content-item pt-cv-1-col\" ><div class='pt-cv-ifield'><h6 class=\"pt-cv-title\"><a href=\"https:\/\/www.moto-collection.org\/blog\/laverda-debuts-en-petite-classe\/\" class=\"_self\" target=\"_self\" >Laverda : D\u00e9buts en petite classe<\/a><\/h6><\/div><\/div>\n<div class=\"col-md-12 col-sm-6 col-xs-12 pt-cv-content-item pt-cv-1-col\" ><div class='pt-cv-ifield'><h6 class=\"pt-cv-title\"><a href=\"https:\/\/www.moto-collection.org\/blog\/sevitame-1937-1939-du-brouillon-a-la-production\/\" class=\"_self\" target=\"_self\" >S\u00e9vitame 1937-1939 : Du brouillon \u00e0 la production<\/a><\/h6><\/div><\/div>\n<div class=\"col-md-12 col-sm-6 col-xs-12 pt-cv-content-item pt-cv-1-col\" ><div class='pt-cv-ifield'><h6 class=\"pt-cv-title\"><a href=\"https:\/\/www.moto-collection.org\/blog\/2-sevitame-et-tous-mes-voeux\/\" class=\"_self\" target=\"_self\" >2 S\u00e9vitame et tous mes voeux<\/a><\/h6><\/div><\/div>\n<div class=\"col-md-12 col-sm-6 col-xs-12 pt-cv-content-item pt-cv-1-col\" ><div class='pt-cv-ifield'><h6 class=\"pt-cv-title\"><a href=\"https:\/\/www.moto-collection.org\/blog\/iwashita-collection-2e-partie-les-motos-du-bout-du-monde\/\" class=\"_self\" target=\"_self\" >Iwashita collection, 2e partie : Les motos du bout du monde<\/a><\/h6><\/div><\/div>\n<div class=\"col-md-12 col-sm-6 col-xs-12 pt-cv-content-item pt-cv-1-col\" ><div class='pt-cv-ifield'><h6 class=\"pt-cv-title\"><a href=\"https:\/\/www.moto-collection.org\/blog\/bi-pantah-1000-lautre-ducati-v4\/\" class=\"_self\" target=\"_self\" >Bi-Pantah 1000: L&rsquo;autre Ducati V4<\/a><\/h6><\/div><\/div>\n<div class=\"col-md-12 col-sm-6 col-xs-12 pt-cv-content-item pt-cv-1-col\" ><div class='pt-cv-ifield'><h6 class=\"pt-cv-title\"><a href=\"https:\/\/www.moto-collection.org\/blog\/iwashita-collection-1e-partie-la-ducati-1260-apollo\/\" class=\"_self\" target=\"_self\" >Iwashita collection, 1e partie : LA Ducati 1260 Apollo<\/a><\/h6><\/div><\/div>\n<div class=\"col-md-12 col-sm-6 col-xs-12 pt-cv-content-item pt-cv-1-col\" ><div class='pt-cv-ifield'><h6 class=\"pt-cv-title\"><a href=\"https:\/\/www.moto-collection.org\/blog\/hiroshi-collection\/\" class=\"_self\" target=\"_self\" >Hiroshi collection<\/a><\/h6><\/div><\/div>\n<div class=\"col-md-12 col-sm-6 col-xs-12 pt-cv-content-item pt-cv-1-col\" ><div class='pt-cv-ifield'><h6 class=\"pt-cv-title\"><a href=\"https:\/\/www.moto-collection.org\/blog\/alain-chevallier-le-film-dune-vie\/\" class=\"_self\" target=\"_self\" >Alain Chevallier : le film d&rsquo;une vie<\/a><\/h6><\/div><\/div>\n<div class=\"col-md-12 col-sm-6 col-xs-12 pt-cv-content-item pt-cv-1-col\" ><div class='pt-cv-ifield'><h6 class=\"pt-cv-title\"><a href=\"https:\/\/www.moto-collection.org\/blog\/moto-salon-insolite\/\" class=\"_self\" target=\"_self\" >Moto Salon insolite<\/a><\/h6><\/div><\/div>\n<div class=\"col-md-12 col-sm-6 col-xs-12 pt-cv-content-item pt-cv-1-col\" ><div class='pt-cv-ifield'><h6 class=\"pt-cv-title\"><a href=\"https:\/\/www.moto-collection.org\/blog\/la-gillet-herstal-1000-au-salon-moto-legende\/\" class=\"_self\" target=\"_self\" >La Gillet Herstal 1000 au salon Moto L\u00e9gende<\/a><\/h6><\/div><\/div>\n<div class=\"col-md-12 col-sm-6 col-xs-12 pt-cv-content-item pt-cv-1-col\" ><div class='pt-cv-ifield'><h6 class=\"pt-cv-title\"><a href=\"https:\/\/www.moto-collection.org\/blog\/les-100-ans-de-monet-goyon-a-epoquauto\/\" class=\"_self\" target=\"_self\" >Les 100 ans de Monet Goyon \u00e0 Epoqu\u2019Auto<\/a><\/h6><\/div><\/div>\n<div class=\"col-md-12 col-sm-6 col-xs-12 pt-cv-content-item pt-cv-1-col\" ><div class='pt-cv-ifield'><h6 class=\"pt-cv-title\"><a href=\"https:\/\/www.moto-collection.org\/blog\/norton-du-cafe-racer-au-50-cm3\/\" class=\"_self\" target=\"_self\" >Norton : du caf\u00e9 racer au 50 cm3<\/a><\/h6><\/div><\/div>\n<div class=\"col-md-12 col-sm-6 col-xs-12 pt-cv-content-item pt-cv-1-col\" ><div class='pt-cv-ifield'><h6 class=\"pt-cv-title\"><a href=\"https:\/\/www.moto-collection.org\/blog\/toutes-les-motos-a-moteur-rotatif-wankel\/\" class=\"_self\" target=\"_self\" >Toutes les motos \u00e0 moteur rotatif Wankel<\/a><\/h6><\/div><\/div>\n<div class=\"col-md-12 col-sm-6 col-xs-12 pt-cv-content-item pt-cv-1-col\" ><div class='pt-cv-ifield'><h6 class=\"pt-cv-title\"><a href=\"https:\/\/www.moto-collection.org\/blog\/norton-rotary-le-cadeau-empoisonne-de-bsa\/\" class=\"_self\" target=\"_self\" >Norton Rotary\u00a0: le cadeau empoisonn\u00e9 de BSA<\/a><\/h6><\/div><\/div>\n<div class=\"col-md-12 col-sm-6 col-xs-12 pt-cv-content-item pt-cv-1-col\" ><div class='pt-cv-ifield'><h6 class=\"pt-cv-title\"><a href=\"https:\/\/www.moto-collection.org\/blog\/exclusif-jai-roule-sur-la-nouvelle-honda-gold-wing\/\" class=\"_self\" target=\"_self\" >Exclusif\u00a0: J&rsquo;ai roul\u00e9 sur la nouvelle Honda Gold Wing<\/a><\/h6><\/div><\/div>\n<div class=\"col-md-12 col-sm-6 col-xs-12 pt-cv-content-item pt-cv-1-col\" ><div class='pt-cv-ifield'><h6 class=\"pt-cv-title\"><a href=\"https:\/\/www.moto-collection.org\/blog\/limme-et-la-joie-en-1948\/\" class=\"_self\" target=\"_self\" >L&rsquo;Imme et la joie en 1948<\/a><\/h6><\/div><\/div>\n<div class=\"col-md-12 col-sm-6 col-xs-12 pt-cv-content-item pt-cv-1-col\" ><div class='pt-cv-ifield'><h6 class=\"pt-cv-title\"><a href=\"https:\/\/www.moto-collection.org\/blog\/imperia-350-a-pistons-opposes-1935\/\" class=\"_self\" target=\"_self\" >Imperia 350 \u00e0 pistons oppos\u00e9s 1935<\/a><\/h6><\/div><\/div>\n<div class=\"col-md-12 col-sm-6 col-xs-12 pt-cv-content-item pt-cv-1-col\" ><div class='pt-cv-ifield'><h6 class=\"pt-cv-title\"><a href=\"https:\/\/www.moto-collection.org\/blog\/benelli-moc-950-du-bol-dor-1977\/\" class=\"_self\" target=\"_self\" >Benelli MOC 900 du Bol d\u2019Or 1977<\/a><\/h6><\/div><\/div>\n<div class=\"col-md-12 col-sm-6 col-xs-12 pt-cv-content-item pt-cv-1-col\" ><div class='pt-cv-ifield'><h6 class=\"pt-cv-title\"><a href=\"https:\/\/www.moto-collection.org\/blog\/le-bol-dor-il-y-a-70-ans\/\" class=\"_self\" target=\"_self\" >Le Bol d\u2019or, il y a 70 ans<\/a><\/h6><\/div><\/div>\n<div class=\"col-md-12 col-sm-6 col-xs-12 pt-cv-content-item pt-cv-1-col\" ><div class='pt-cv-ifield'><h6 class=\"pt-cv-title\"><a href=\"https:\/\/www.moto-collection.org\/blog\/v-twin-royal-enfieldducati-pour-bientot\/\" class=\"_self\" target=\"_self\" >V Twin Royal Enfield\/Ducati\u00a0pour bient\u00f4t ?<\/a><\/h6><\/div><\/div>\n<div class=\"col-md-12 col-sm-6 col-xs-12 pt-cv-content-item pt-cv-1-col\" ><div class='pt-cv-ifield'><h6 class=\"pt-cv-title\"><a href=\"https:\/\/www.moto-collection.org\/blog\/de-dion-contre-cul-de-jatte\/\" class=\"_self\" target=\"_self\" >De Dion contre cul-de-jatte<\/a><\/h6><\/div><\/div>\n<div class=\"col-md-12 col-sm-6 col-xs-12 pt-cv-content-item pt-cv-1-col\" ><div class='pt-cv-ifield'><h6 class=\"pt-cv-title\"><a href=\"https:\/\/www.moto-collection.org\/blog\/bmw-300-le-retour-apres-80-ans\/\" class=\"_self\" target=\"_self\" >BMW 300\u00a0: le retour apr\u00e8s 80 ans<\/a><\/h6><\/div><\/div>\n<div class=\"col-md-12 col-sm-6 col-xs-12 pt-cv-content-item pt-cv-1-col\" ><div class='pt-cv-ifield'><h6 class=\"pt-cv-title\"><a href=\"https:\/\/www.moto-collection.org\/blog\/4500-km-sans-changer-de-vitesse\/\" class=\"_self\" target=\"_self\" >4500 km sans changer de vitesse<\/a><\/h6><\/div><\/div>\n<div class=\"col-md-12 col-sm-6 col-xs-12 pt-cv-content-item pt-cv-1-col\" ><div class='pt-cv-ifield'><h6 class=\"pt-cv-title\"><a href=\"https:\/\/www.moto-collection.org\/blog\/la-kawasaki-250-kl-1978-par-micou\/\" class=\"_self\" target=\"_self\" >La Kawasaki 250 KL 1978 par Micou<\/a><\/h6><\/div><\/div>\n<div class=\"col-md-12 col-sm-6 col-xs-12 pt-cv-content-item pt-cv-1-col\" ><div class='pt-cv-ifield'><h6 class=\"pt-cv-title\"><a href=\"https:\/\/www.moto-collection.org\/blog\/1917-les-harley-davidson-debarquent-en-france\/\" class=\"_self\" target=\"_self\" >1917: Les Harley Davidson d\u00e9barquent en France<\/a><\/h6><\/div><\/div>\n<div class=\"col-md-12 col-sm-6 col-xs-12 pt-cv-content-item pt-cv-1-col\" ><div class='pt-cv-ifield'><h6 class=\"pt-cv-title\"><a href=\"https:\/\/www.moto-collection.org\/blog\/austral-motos-et-tricars-les-sites-qui-en-parlent\/\" class=\"_self\" target=\"_self\" >Austral motos et tricars : les sites qui en parlent<\/a><\/h6><\/div><\/div>\n<div class=\"col-md-12 col-sm-6 col-xs-12 pt-cv-content-item pt-cv-1-col\" ><div class='pt-cv-ifield'><h6 class=\"pt-cv-title\"><a href=\"https:\/\/www.moto-collection.org\/blog\/bernardet-un-pave-indispensable\/\" class=\"_self\" target=\"_self\" >Bernardet\u00a0: un pav\u00e9 indispensable<\/a><\/h6><\/div><\/div>\n<div class=\"col-md-12 col-sm-6 col-xs-12 pt-cv-content-item pt-cv-1-col\" ><div class='pt-cv-ifield'><h6 class=\"pt-cv-title\"><a href=\"https:\/\/www.moto-collection.org\/blog\/laverda-1000-v6-1977-2017\/\" class=\"_self\" target=\"_self\" >Laverda 1000 V6 &#8211; 1977-2017<\/a><\/h6><\/div><\/div>\n<div class=\"col-md-12 col-sm-6 col-xs-12 pt-cv-content-item pt-cv-1-col\" ><div class='pt-cv-ifield'><h6 class=\"pt-cv-title\"><a href=\"https:\/\/www.moto-collection.org\/blog\/collection-chapleur-sauvee-mais\/\" class=\"_self\" target=\"_self\" >Collection Chapleur sauv\u00e9e<\/a><\/h6><\/div><\/div>\n<div class=\"col-md-12 col-sm-6 col-xs-12 pt-cv-content-item pt-cv-1-col\" ><div class='pt-cv-ifield'><h6 class=\"pt-cv-title\"><a href=\"https:\/\/www.moto-collection.org\/blog\/favor-la-moto-clermontoise\/\" class=\"_self\" target=\"_self\" >Favor: la moto clermontoise<\/a><\/h6><\/div><\/div>\n<div class=\"col-md-12 col-sm-6 col-xs-12 pt-cv-content-item pt-cv-1-col\" ><div class='pt-cv-ifield'><h6 class=\"pt-cv-title\"><a href=\"https:\/\/www.moto-collection.org\/blog\/vichy-classic-les-copains-dabord\/\" class=\"_self\" target=\"_self\" >Vichy Classic\u00a0: les copains d\u2019abord<\/a><\/h6><\/div><\/div>\n<div class=\"col-md-12 col-sm-6 col-xs-12 pt-cv-content-item pt-cv-1-col\" ><div class='pt-cv-ifield'><h6 class=\"pt-cv-title\"><a href=\"https:\/\/www.moto-collection.org\/blog\/lhongroise-pliable-dendre-zolnay\/\" class=\"_self\" target=\"_self\" >La hongroise pliable d&rsquo;Endre Zolnay!<\/a><\/h6><\/div><\/div>\n<div class=\"col-md-12 col-sm-6 col-xs-12 pt-cv-content-item pt-cv-1-col\" ><div class='pt-cv-ifield'><h6 class=\"pt-cv-title\"><a href=\"https:\/\/www.moto-collection.org\/blog\/vehicule-de-collection-definition\/\" class=\"_self\" target=\"_self\" >V\u00e9hicule de collection: d\u00e9finition<\/a><\/h6><\/div><\/div>\n<div class=\"col-md-12 col-sm-6 col-xs-12 pt-cv-content-item pt-cv-1-col\" ><div class='pt-cv-ifield'><h6 class=\"pt-cv-title\"><a href=\"https:\/\/www.moto-collection.org\/blog\/villa-deste-une-guzzi-chez-les-autos\/\" class=\"_self\" target=\"_self\" >Villa d\u2019Este\u00a0: une Guzzi chez les autos<\/a><\/h6><\/div><\/div>\n<div class=\"col-md-12 col-sm-6 col-xs-12 pt-cv-content-item pt-cv-1-col\" ><div class='pt-cv-ifield'><h6 class=\"pt-cv-title\"><a href=\"https:\/\/www.moto-collection.org\/blog\/villa-deste-2017-suite-en-images\/\" class=\"_self\" target=\"_self\" >Villa d\u2019Este\u00a02017: suite en images<\/a><\/h6><\/div><\/div>\n<div class=\"col-md-12 col-sm-6 col-xs-12 pt-cv-content-item pt-cv-1-col\" ><div class='pt-cv-ifield'><h6 class=\"pt-cv-title\"><a href=\"https:\/\/www.moto-collection.org\/blog\/villa-deste-7e-edition-puch-et-gillet-autour-du-monde\/\" class=\"_self\" target=\"_self\" >Villa d\u2019Este 7e \u00e9dition\u00a0: Puch et Gillet autour du monde<\/a><\/h6><\/div><\/div>\n<div class=\"col-md-12 col-sm-6 col-xs-12 pt-cv-content-item pt-cv-1-col\" ><div class='pt-cv-ifield'><h6 class=\"pt-cv-title\"><a href=\"https:\/\/www.moto-collection.org\/blog\/lvm-cest-fini\/\" class=\"_self\" target=\"_self\" >LVM: C&rsquo;est fini !<\/a><\/h6><\/div><\/div>\n<div class=\"col-md-12 col-sm-6 col-xs-12 pt-cv-content-item pt-cv-1-col\" ><div class='pt-cv-ifield'><h6 class=\"pt-cv-title\"><a href=\"https:\/\/www.moto-collection.org\/blog\/hausman-un-scooter-hors-normes\/\" class=\"_self\" target=\"_self\" >Hausman\u00a0: un scooter hors normes<\/a><\/h6><\/div><\/div>\n<div class=\"col-md-12 col-sm-6 col-xs-12 pt-cv-content-item pt-cv-1-col\" ><div class='pt-cv-ifield'><h6 class=\"pt-cv-title\"><a href=\"https:\/\/www.moto-collection.org\/blog\/cnrtl-lincompetence-lexicale\/\" class=\"_self\" target=\"_self\" >CNRTL\u00a0: incomp\u00e9tence lexicale\u00a0!<\/a><\/h6><\/div><\/div>\n<div class=\"col-md-12 col-sm-6 col-xs-12 pt-cv-content-item pt-cv-1-col\" ><div class='pt-cv-ifield'><h6 class=\"pt-cv-title\"><a href=\"https:\/\/www.moto-collection.org\/blog\/bsa-200-beeza-1955-le-flat-one-briton\/\" class=\"_self\" target=\"_self\" >BSA\u00a0200 Beeza 1955\u00a0: le \u201cflat one\u201d Briton<\/a><\/h6><\/div><\/div>\n<div class=\"col-md-12 col-sm-6 col-xs-12 pt-cv-content-item pt-cv-1-col\" ><div class='pt-cv-ifield'><h6 class=\"pt-cv-title\"><a href=\"https:\/\/www.moto-collection.org\/blog\/vintage-revival-montlhery-2017\/\" class=\"_self\" target=\"_self\" >Vintage Revival Montlh\u00e9ry 2017<\/a><\/h6><\/div><\/div>\n<div class=\"col-md-12 col-sm-6 col-xs-12 pt-cv-content-item pt-cv-1-col\" ><div class='pt-cv-ifield'><h6 class=\"pt-cv-title\"><a href=\"https:\/\/www.moto-collection.org\/blog\/cas-le-premier-flat-twin-a-transmission-par-arbre-est-un-scooter\/\" class=\"_self\" target=\"_self\" >&#268;as: Le premier flat twin \u00e0 transmission par arbre est un scooter\u00a0!<\/a><\/h6><\/div><\/div>\n<div class=\"col-md-12 col-sm-6 col-xs-12 pt-cv-content-item pt-cv-1-col\" ><div class='pt-cv-ifield'><h6 class=\"pt-cv-title\"><a href=\"https:\/\/www.moto-collection.org\/blog\/felix-millet-5-cylindres-et-1900-cm3-il-y-a-130-ans\/\" class=\"_self\" target=\"_self\" >F\u00e9lix Millet: 5 cylindres et 1900 cm3 il y a 120 ans<\/a><\/h6><\/div><\/div>\n<div class=\"col-md-12 col-sm-6 col-xs-12 pt-cv-content-item pt-cv-1-col\" ><div class='pt-cv-ifield'><h6 class=\"pt-cv-title\"><a href=\"https:\/\/www.moto-collection.org\/blog\/maico-400-taifun-1958\/\" class=\"_self\" target=\"_self\" >Maico 400 Taifun 1958<\/a><\/h6><\/div><\/div>\n<div class=\"col-md-12 col-sm-6 col-xs-12 pt-cv-content-item pt-cv-1-col\" ><div class='pt-cv-ifield'><h6 class=\"pt-cv-title\"><a href=\"https:\/\/www.moto-collection.org\/blog\/john-surtees\/\" class=\"_self\" target=\"_self\" >John Surtees<\/a><\/h6><\/div><\/div>\n<div class=\"col-md-12 col-sm-6 col-xs-12 pt-cv-content-item pt-cv-1-col\" ><div class='pt-cv-ifield'><h6 class=\"pt-cv-title\"><a href=\"https:\/\/www.moto-collection.org\/blog\/royal-standard-1929-lideal-suisse\/\" class=\"_self\" target=\"_self\" >Royal Standard\u00a01929: L\u2019id\u00e9al suisse<\/a><\/h6><\/div><\/div>\n<div class=\"col-md-12 col-sm-6 col-xs-12 pt-cv-content-item pt-cv-1-col\" ><div class='pt-cv-ifield'><h6 class=\"pt-cv-title\"><a href=\"https:\/\/www.moto-collection.org\/blog\/militaire-1917-une-voiture-a-deux-roues\/\" class=\"_self\" target=\"_self\" >Militaire\u00a01914-1922\u00a0: une voiture \u00e0 deux roues<\/a><\/h6><\/div><\/div>\n<div class=\"col-md-12 col-sm-6 col-xs-12 pt-cv-content-item pt-cv-1-col\" ><div class='pt-cv-ifield'><h6 class=\"pt-cv-title\"><a href=\"https:\/\/www.moto-collection.org\/blog\/pierre-ducloux\/\" class=\"_self\" target=\"_self\" >Pierre Ducloux<\/a><\/h6><\/div><\/div>\n<div class=\"col-md-12 col-sm-6 col-xs-12 pt-cv-content-item pt-cv-1-col\" ><div class='pt-cv-ifield'><h6 class=\"pt-cv-title\"><a href=\"https:\/\/www.moto-collection.org\/blog\/yamaha-250-yds2-1963-premiers-essais\/\" class=\"_self\" target=\"_self\" >Yamaha 250 YDS2 1963\u00a0: Premiers essais<\/a><\/h6><\/div><\/div>\n<div class=\"col-md-12 col-sm-6 col-xs-12 pt-cv-content-item pt-cv-1-col\" ><div class='pt-cv-ifield'><h6 class=\"pt-cv-title\"><a href=\"https:\/\/www.moto-collection.org\/blog\/les-premieres-yamaha-en-france\/\" class=\"_self\" target=\"_self\" >Les premi\u00e8res Yamaha en France<\/a><\/h6><\/div><\/div>\n<div class=\"col-md-12 col-sm-6 col-xs-12 pt-cv-content-item pt-cv-1-col\" ><div class='pt-cv-ifield'><h6 class=\"pt-cv-title\"><a href=\"https:\/\/www.moto-collection.org\/blog\/lete-du-grand-brule\/\" class=\"_self\" target=\"_self\" >L&rsquo;\u00e9t\u00e9 du Grand Br\u00fble<\/a><\/h6><\/div><\/div>\n<div class=\"col-md-12 col-sm-6 col-xs-12 pt-cv-content-item pt-cv-1-col\" ><div class='pt-cv-ifield'><h6 class=\"pt-cv-title\"><a href=\"https:\/\/www.moto-collection.org\/blog\/les-secrets-de-la-louis-guillaume-perreaux\/\" class=\"_self\" target=\"_self\" >Les secrets de la Louis-Guillaume Perreaux<\/a><\/h6><\/div><\/div>\n<div class=\"col-md-12 col-sm-6 col-xs-12 pt-cv-content-item pt-cv-1-col\" ><div class='pt-cv-ifield'><h6 class=\"pt-cv-title\"><a href=\"https:\/\/www.moto-collection.org\/blog\/retromobile-2017-la-moto-en-force-2\/\" class=\"_self\" target=\"_self\" >R\u00e9tromobile 2017: la moto en force<\/a><\/h6><\/div><\/div>\n<div class=\"col-md-12 col-sm-6 col-xs-12 pt-cv-content-item pt-cv-1-col\" ><div class='pt-cv-ifield'><h6 class=\"pt-cv-title\"><a href=\"https:\/\/www.moto-collection.org\/blog\/interview-fmd-4e-partie\/\" class=\"_self\" target=\"_self\" >Interview FMD 4e partie<\/a><\/h6><\/div><\/div>\n<div class=\"col-md-12 col-sm-6 col-xs-12 pt-cv-content-item pt-cv-1-col\" ><div class='pt-cv-ifield'><h6 class=\"pt-cv-title\"><a href=\"https:\/\/www.moto-collection.org\/blog\/interview-fmd-3e-partie\/\" class=\"_self\" target=\"_self\" >Interview FMD 3e partie<\/a><\/h6><\/div><\/div>\n<div class=\"col-md-12 col-sm-6 col-xs-12 pt-cv-content-item pt-cv-1-col\" ><div class='pt-cv-ifield'><h6 class=\"pt-cv-title\"><a href=\"https:\/\/www.moto-collection.org\/blog\/le-valmobile-et-le-cyclecar-terrot-de-victor-bouffort\/\" class=\"_self\" target=\"_self\" >Le Valmobile et le cyclecar Terrot de Victor Bouffort<\/a><\/h6><\/div><\/div>\n<div class=\"col-md-12 col-sm-6 col-xs-12 pt-cv-content-item pt-cv-1-col\" ><div class='pt-cv-ifield'><h6 class=\"pt-cv-title\"><a href=\"https:\/\/www.moto-collection.org\/blog\/une-bonne-bouteille-pour-lhiver\/\" class=\"_self\" target=\"_self\" >Une bonne bouteille pour l&rsquo;hiver !<\/a><\/h6><\/div><\/div>\n<div class=\"col-md-12 col-sm-6 col-xs-12 pt-cv-content-item pt-cv-1-col\" ><div class='pt-cv-ifield'><h6 class=\"pt-cv-title\"><a href=\"https:\/\/www.moto-collection.org\/blog\/interview-fmd-1ere-et-2e-partie\/\" class=\"_self\" target=\"_self\" >Interview FMD 1ere et 2e partie<\/a><\/h6><\/div><\/div>\n<div class=\"col-md-12 col-sm-6 col-xs-12 pt-cv-content-item pt-cv-1-col\" ><div class='pt-cv-ifield'><h6 class=\"pt-cv-title\"><a href=\"https:\/\/www.moto-collection.org\/blog\/trump-en-moto-et-la-belle-gwenda\/\" class=\"_self\" target=\"_self\" >Trump en moto et la belle Gwenda !<\/a><\/h6><\/div><\/div>\n<div class=\"col-md-12 col-sm-6 col-xs-12 pt-cv-content-item pt-cv-1-col\" ><div class='pt-cv-ifield'><h6 class=\"pt-cv-title\"><a href=\"https:\/\/www.moto-collection.org\/blog\/2017-2\/\" class=\"_self\" target=\"_self\" >Voeux 2017<\/a><\/h6><\/div><\/div>\n<div class=\"col-md-12 col-sm-6 col-xs-12 pt-cv-content-item pt-cv-1-col\" ><div class='pt-cv-ifield'><h6 class=\"pt-cv-title\"><a href=\"https:\/\/www.moto-collection.org\/blog\/rossi-pris-a-153-kmh-dans-le-bois-de-boulogne\/\" class=\"_self\" target=\"_self\" >Rossi pris \u00e0 153 km\/h dans le bois de Boulogne !<\/a><\/h6><\/div><\/div>\n<div class=\"col-md-12 col-sm-6 col-xs-12 pt-cv-content-item pt-cv-1-col\" ><div class='pt-cv-ifield'><h6 class=\"pt-cv-title\"><a href=\"https:\/\/www.moto-collection.org\/blog\/la-moto-revient-a-retromobile-en-2017\/\" class=\"_self\" target=\"_self\" >La moto revient \u00e0 R\u00e9tromobile en 2017<\/a><\/h6><\/div><\/div>\n<div class=\"col-md-12 col-sm-6 col-xs-12 pt-cv-content-item pt-cv-1-col\" ><div class='pt-cv-ifield'><h6 class=\"pt-cv-title\"><a href=\"https:\/\/www.moto-collection.org\/blog\/jean-lalan\/\" class=\"_self\" target=\"_self\" >Jean Lalan<\/a><\/h6><\/div><\/div>\n<div class=\"col-md-12 col-sm-6 col-xs-12 pt-cv-content-item pt-cv-1-col\" ><div class='pt-cv-ifield'><h6 class=\"pt-cv-title\"><a href=\"https:\/\/www.moto-collection.org\/blog\/une-histoire-du-scooter\/\" class=\"_self\" target=\"_self\" >\u00ab Une histoire du scooter \u00bb<\/a><\/h6><\/div><\/div>\n<div class=\"col-md-12 col-sm-6 col-xs-12 pt-cv-content-item pt-cv-1-col\" ><div class='pt-cv-ifield'><h6 class=\"pt-cv-title\"><a href=\"https:\/\/www.moto-collection.org\/blog\/ollearo-un-arbre-au-pays-des-chaines\/\" class=\"_self\" target=\"_self\" >Ollearo : Un arbre au pays des cha\u00eenes<\/a><\/h6><\/div><\/div>\n<div class=\"col-md-12 col-sm-6 col-xs-12 pt-cv-content-item pt-cv-1-col\" ><div class='pt-cv-ifield'><h6 class=\"pt-cv-title\"><a href=\"https:\/\/www.moto-collection.org\/blog\/chapleur-encore-helas\/\" class=\"_self\" target=\"_self\" >Chapleur, encore\u2026 h\u00e9las!<\/a><\/h6><\/div><\/div>\n<div class=\"col-md-12 col-sm-6 col-xs-12 pt-cv-content-item pt-cv-1-col\" ><div class='pt-cv-ifield'><h6 class=\"pt-cv-title\"><a href=\"https:\/\/www.moto-collection.org\/blog\/wooler-500-four-1948-une-4-cylindres-de-105-kg\/\" class=\"_self\" target=\"_self\" >Wooler 500 Four -1948 : Une 4 cylindres de 105 kg<\/a><\/h6><\/div><\/div>\n<div class=\"col-md-12 col-sm-6 col-xs-12 pt-cv-content-item pt-cv-1-col\" ><div class='pt-cv-ifield'><h6 class=\"pt-cv-title\"><a href=\"https:\/\/www.moto-collection.org\/blog\/yamaha-750-fzt-hyper-tenere\/\" class=\"_self\" target=\"_self\" >Yamaha 750 FZT \u00ab\u00a0Hyper T\u00e9n\u00e9r\u00e9\u00a0\u00bb<\/a><\/h6><\/div><\/div>\n<div class=\"col-md-12 col-sm-6 col-xs-12 pt-cv-content-item pt-cv-1-col\" ><div class='pt-cv-ifield'><h6 class=\"pt-cv-title\"><a href=\"https:\/\/www.moto-collection.org\/blog\/le-musee-chapleur-en-live\/\" class=\"_self\" target=\"_self\" >Le mus\u00e9e Chapleur en live<\/a><\/h6><\/div><\/div>\n<div class=\"col-md-12 col-sm-6 col-xs-12 pt-cv-content-item pt-cv-1-col\" ><div class='pt-cv-ifield'><h6 class=\"pt-cv-title\"><a href=\"https:\/\/www.moto-collection.org\/blog\/beatty-claxton-1922-24-lapatride\/\" class=\"_self\" target=\"_self\" >Beatty &#038; Claxton 1922-24 : L\u2019apatride<\/a><\/h6><\/div><\/div>\n<div class=\"col-md-12 col-sm-6 col-xs-12 pt-cv-content-item pt-cv-1-col\" ><div class='pt-cv-ifield'><h6 class=\"pt-cv-title\"><a href=\"https:\/\/www.moto-collection.org\/blog\/francaises-et-v4-inconnu-en-argentine\/\" class=\"_self\" target=\"_self\" >Fran\u00e7aises et V4 inconnu en Argentine<\/a><\/h6><\/div><\/div>\n<div class=\"col-md-12 col-sm-6 col-xs-12 pt-cv-content-item pt-cv-1-col\" ><div class='pt-cv-ifield'><h6 class=\"pt-cv-title\"><a href=\"https:\/\/www.moto-collection.org\/blog\/terrot-plagiat-posthume\/\" class=\"_self\" target=\"_self\" >Terrot : plagiat posthume<\/a><\/h6><\/div><\/div>\n<div class=\"col-md-12 col-sm-6 col-xs-12 pt-cv-content-item pt-cv-1-col\" ><div class='pt-cv-ifield'><h6 class=\"pt-cv-title\"><a href=\"https:\/\/www.moto-collection.org\/blog\/bonneville-en-pyrenees-les-vrais-purs\/\" class=\"_self\" target=\"_self\" >Bonneville en Pyr\u00e9n\u00e9es : les vrais purs<\/a><\/h6><\/div><\/div>\n<div class=\"col-md-12 col-sm-6 col-xs-12 pt-cv-content-item pt-cv-1-col\" ><div class='pt-cv-ifield'><h6 class=\"pt-cv-title\"><a href=\"https:\/\/www.moto-collection.org\/blog\/solex-70-ans-a-linternational\/\" class=\"_self\" target=\"_self\" >Solex : 70 ans \u00e0 l\u2019international<\/a><\/h6><\/div><\/div>\n<div class=\"col-md-12 col-sm-6 col-xs-12 pt-cv-content-item pt-cv-1-col\" ><div class='pt-cv-ifield'><h6 class=\"pt-cv-title\"><a href=\"https:\/\/www.moto-collection.org\/blog\/vacances-davant-en-terrot-175\/\" class=\"_self\" target=\"_self\" >Vacances d&rsquo;avant\u2026 en Terrot 175<\/a><\/h6><\/div><\/div>\n<div class=\"col-md-12 col-sm-6 col-xs-12 pt-cv-content-item pt-cv-1-col\" ><div class='pt-cv-ifield'><h6 class=\"pt-cv-title\"><a href=\"https:\/\/www.moto-collection.org\/blog\/70-ans-de-bikinis-motocyclistes\/\" class=\"_self\" target=\"_self\" >70 ans de bikinis motocyclistes<\/a><\/h6><\/div><\/div>\n<div class=\"col-md-12 col-sm-6 col-xs-12 pt-cv-content-item pt-cv-1-col\" ><div class='pt-cv-ifield'><h6 class=\"pt-cv-title\"><a href=\"https:\/\/www.moto-collection.org\/blog\/yamaha-xt-500-de-boue\/\" class=\"_self\" target=\"_self\" >Yamaha XT 500 de boue<\/a><\/h6><\/div><\/div>\n<div class=\"col-md-12 col-sm-6 col-xs-12 pt-cv-content-item pt-cv-1-col\" ><div class='pt-cv-ifield'><h6 class=\"pt-cv-title\"><a href=\"https:\/\/www.moto-collection.org\/blog\/nouveaute-honda-les-jantes-a-tiges-de-soupape\/\" class=\"_self\" target=\"_self\" >Nouveaut\u00e9 Honda : les jantes \u00e0 tiges de soupape<\/a><\/h6><\/div><\/div>\n<div class=\"col-md-12 col-sm-6 col-xs-12 pt-cv-content-item pt-cv-1-col\" ><div class='pt-cv-ifield'><h6 class=\"pt-cv-title\"><a href=\"https:\/\/www.moto-collection.org\/blog\/yamaha-xt-500-prototype-1973-2\/\" class=\"_self\" target=\"_self\" >Yamaha XT 500 Prototype 1973<\/a><\/h6><\/div><\/div>\n<div class=\"col-md-12 col-sm-6 col-xs-12 pt-cv-content-item pt-cv-1-col\" ><div class='pt-cv-ifield'><h6 class=\"pt-cv-title\"><a href=\"https:\/\/www.moto-collection.org\/blog\/souvenir-de-guerre\/\" class=\"_self\" target=\"_self\" >Souvenir de guerre !<\/a><\/h6><\/div><\/div>\n<div class=\"col-md-12 col-sm-6 col-xs-12 pt-cv-content-item pt-cv-1-col\" ><div class='pt-cv-ifield'><h6 class=\"pt-cv-title\"><a href=\"https:\/\/www.moto-collection.org\/blog\/histoires-motocyclistes-et-indispensables\/\" class=\"_self\" target=\"_self\" >Histoires motocyclistes et indispensables<\/a><\/h6><\/div><\/div>\n<div class=\"col-md-12 col-sm-6 col-xs-12 pt-cv-content-item pt-cv-1-col\" ><div class='pt-cv-ifield'><h6 class=\"pt-cv-title\"><a href=\"https:\/\/www.moto-collection.org\/blog\/kg-la-premiere-allemande-a-arbre\/\" class=\"_self\" target=\"_self\" >KG: la premi\u00e8re Allemande \u00e0 arbre<\/a><\/h6><\/div><\/div>\n<div class=\"col-md-12 col-sm-6 col-xs-12 pt-cv-content-item pt-cv-1-col\" ><div class='pt-cv-ifield'><h6 class=\"pt-cv-title\"><a href=\"https:\/\/www.moto-collection.org\/blog\/collection-chapleur-suite-sans-fin\/\" class=\"_self\" target=\"_self\" >Collection Chapleur: suite sans fin<\/a><\/h6><\/div><\/div>\n<div class=\"col-md-12 col-sm-6 col-xs-12 pt-cv-content-item pt-cv-1-col\" ><div class='pt-cv-ifield'><h6 class=\"pt-cv-title\"><a href=\"https:\/\/www.moto-collection.org\/blog\/motoball-le-foot-sur-deux-roues\/\" class=\"_self\" target=\"_self\" >Motoball: Le foot sur deux roues<\/a><\/h6><\/div><\/div>\n<div class=\"col-md-12 col-sm-6 col-xs-12 pt-cv-content-item pt-cv-1-col\" ><div class='pt-cv-ifield'><h6 class=\"pt-cv-title\"><a href=\"https:\/\/www.moto-collection.org\/blog\/anniversaire-205-kmh-sous-le-tunnel-de-saint-cloud\/\" class=\"_self\" target=\"_self\" >Anniversaire : 205 km\/h sous le tunnel de Saint Cloud<\/a><\/h6><\/div><\/div>\n<div class=\"col-md-12 col-sm-6 col-xs-12 pt-cv-content-item pt-cv-1-col\" ><div class='pt-cv-ifield'><h6 class=\"pt-cv-title\"><a href=\"https:\/\/www.moto-collection.org\/blog\/sale-conte\/\" class=\"_self\" target=\"_self\" >Sale conte<\/a><\/h6><\/div><\/div>\n<div class=\"col-md-12 col-sm-6 col-xs-12 pt-cv-content-item pt-cv-1-col\" ><div class='pt-cv-ifield'><h6 class=\"pt-cv-title\"><a href=\"https:\/\/www.moto-collection.org\/blog\/sten-lundin-un-as-du-motocross-sen-va\/\" class=\"_self\" target=\"_self\" >Sten Lundin : un as du motocross s\u2019en va<\/a><\/h6><\/div><\/div>\n<div class=\"col-md-12 col-sm-6 col-xs-12 pt-cv-content-item pt-cv-1-col\" ><div class='pt-cv-ifield'><h6 class=\"pt-cv-title\"><a href=\"https:\/\/www.moto-collection.org\/blog\/villa-deste-2016-la-viratelle-revient\/\" class=\"_self\" target=\"_self\" >Villa d\u2019Este 2016 : La Viratelle revient !<\/a><\/h6><\/div><\/div>\n<div class=\"col-md-12 col-sm-6 col-xs-12 pt-cv-content-item pt-cv-1-col\" ><div class='pt-cv-ifield'><h6 class=\"pt-cv-title\"><a href=\"https:\/\/www.moto-collection.org\/blog\/finie-la-penurie-passez-au-bois\/\" class=\"_self\" target=\"_self\" >Finie la p\u00e9nurie\u2026 passez au bois\u00a0!<\/a><\/h6><\/div><\/div>\n<div class=\"col-md-12 col-sm-6 col-xs-12 pt-cv-content-item pt-cv-1-col\" ><div class='pt-cv-ifield'><h6 class=\"pt-cv-title\"><a href=\"https:\/\/www.moto-collection.org\/blog\/villa-deste-2016-elegance-mais-pas-que\/\" class=\"_self\" target=\"_self\" >Villa d&rsquo;Este 2016 : \u00c9l\u00e9gance, mais pas que\u2026<\/a><\/h6><\/div><\/div>\n<div class=\"col-md-12 col-sm-6 col-xs-12 pt-cv-content-item pt-cv-1-col\" ><div class='pt-cv-ifield'><h6 class=\"pt-cv-title\"><a href=\"https:\/\/www.moto-collection.org\/blog\/girls-de-salon-2\/\" class=\"_self\" target=\"_self\" >Girls de salon (2)<\/a><\/h6><\/div><\/div>\n<div class=\"col-md-12 col-sm-6 col-xs-12 pt-cv-content-item pt-cv-1-col\" ><div class='pt-cv-ifield'><h6 class=\"pt-cv-title\"><a href=\"https:\/\/www.moto-collection.org\/blog\/girls-de-salon-1\/\" class=\"_self\" target=\"_self\" >Girls de salon (1)<\/a><\/h6><\/div><\/div>\n<div class=\"col-md-12 col-sm-6 col-xs-12 pt-cv-content-item pt-cv-1-col\" ><div class='pt-cv-ifield'><h6 class=\"pt-cv-title\"><a href=\"https:\/\/www.moto-collection.org\/blog\/peugeot-vers-les-sommets-en-1932\/\" class=\"_self\" target=\"_self\" >Peugeot vers les sommets en 1932.<\/a><\/h6><\/div><\/div>\n<div class=\"col-md-12 col-sm-6 col-xs-12 pt-cv-content-item pt-cv-1-col\" ><div class='pt-cv-ifield'><h6 class=\"pt-cv-title\"><a href=\"https:\/\/www.moto-collection.org\/blog\/dollar-350-r36-normandie-1936\/\" class=\"_self\" target=\"_self\" >Dollar 350 R36 Normandie 1936<\/a><\/h6><\/div><\/div>\n<div class=\"col-md-12 col-sm-6 col-xs-12 pt-cv-content-item pt-cv-1-col\" ><div class='pt-cv-ifield'><h6 class=\"pt-cv-title\"><a href=\"https:\/\/www.moto-collection.org\/blog\/la-louis-clement-de-1921-fait-salon\/\" class=\"_self\" target=\"_self\" >La Louis Cl\u00e9ment de 1921 fait salon<\/a><\/h6><\/div><\/div>\n<div class=\"col-md-12 col-sm-6 col-xs-12 pt-cv-content-item pt-cv-1-col\" ><div class='pt-cv-ifield'><h6 class=\"pt-cv-title\"><a href=\"https:\/\/www.moto-collection.org\/blog\/automoto-350-a18-speciale-act\/\" class=\"_self\" target=\"_self\" >Automoto 350 A18 sp\u00e9ciale ACT<\/a><\/h6><\/div><\/div>\n<div class=\"col-md-12 col-sm-6 col-xs-12 pt-cv-content-item pt-cv-1-col\" ><div class='pt-cv-ifield'><h6 class=\"pt-cv-title\"><a href=\"https:\/\/www.moto-collection.org\/blog\/un-100-cm3-a-distribution-variable-en-1938%e2%80%89\/\" class=\"_self\" target=\"_self\" >GEM 100 cm3 \u00e0 distribution variable en 1936\u2009!<\/a><\/h6><\/div><\/div>\n<div class=\"col-md-12 col-sm-6 col-xs-12 pt-cv-content-item pt-cv-1-col\" ><div class='pt-cv-ifield'><h6 class=\"pt-cv-title\"><a href=\"https:\/\/www.moto-collection.org\/blog\/photos-truquees-on-vous-ment\/\" class=\"_self\" target=\"_self\" >Photos truqu\u00e9es : On vous ment !<\/a><\/h6><\/div><\/div>\n<div class=\"col-md-12 col-sm-6 col-xs-12 pt-cv-content-item pt-cv-1-col\" ><div class='pt-cv-ifield'><h6 class=\"pt-cv-title\"><a href=\"https:\/\/www.moto-collection.org\/blog\/la-moto-du-pere-couetard\/\" class=\"_self\" target=\"_self\" >La moto du p\u00e8re Cou\u00e9tard<\/a><\/h6><\/div><\/div>\n<div class=\"col-md-12 col-sm-6 col-xs-12 pt-cv-content-item pt-cv-1-col\" ><div class='pt-cv-ifield'><h6 class=\"pt-cv-title\"><a href=\"https:\/\/www.moto-collection.org\/blog\/sorties-de-granges-a-limoges\/\" class=\"_self\" target=\"_self\" >Sorties de granges \u00e0 Limoges<\/a><\/h6><\/div><\/div>\n<div class=\"col-md-12 col-sm-6 col-xs-12 pt-cv-content-item pt-cv-1-col\" ><div class='pt-cv-ifield'><h6 class=\"pt-cv-title\"><a href=\"https:\/\/www.moto-collection.org\/blog\/majestic-1000-cleveland-la-copie\/\" class=\"_self\" target=\"_self\" >Majestic 1000 Cleveland: La copie<\/a><\/h6><\/div><\/div>\n<div class=\"col-md-12 col-sm-6 col-xs-12 pt-cv-content-item pt-cv-1-col\" ><div class='pt-cv-ifield'><h6 class=\"pt-cv-title\"><a href=\"https:\/\/www.moto-collection.org\/blog\/rene-gillet-en-boheme-et-plein-dautres\/\" class=\"_self\" target=\"_self\" >Ren\u00e9 Gillet en Boh\u00eame et plein d&rsquo;autres\u2026<\/a><\/h6><\/div><\/div>\n<div class=\"col-md-12 col-sm-6 col-xs-12 pt-cv-content-item pt-cv-1-col\" ><div class='pt-cv-ifield'><h6 class=\"pt-cv-title\"><a href=\"https:\/\/www.moto-collection.org\/blog\/bonhams-au-grand-palais-motos-en-solde\/\" class=\"_self\" target=\"_self\" >Bonhams au Grand Palais : Motos en solde<\/a><\/h6><\/div><\/div>\n<div class=\"col-md-12 col-sm-6 col-xs-12 pt-cv-content-item pt-cv-1-col\" ><div class='pt-cv-ifield'><h6 class=\"pt-cv-title\"><a href=\"https:\/\/www.moto-collection.org\/blog\/retromobile-2016-la-moto-de-lart\/\" class=\"_self\" target=\"_self\" >R\u00e9tromobile 2016: la moto de l&rsquo;art<\/a><\/h6><\/div><\/div>\n<div class=\"col-md-12 col-sm-6 col-xs-12 pt-cv-content-item pt-cv-1-col\" ><div class='pt-cv-ifield'><h6 class=\"pt-cv-title\"><a href=\"https:\/\/www.moto-collection.org\/blog\/retromobile-2016-la-moto-en-inter-files\/\" class=\"_self\" target=\"_self\" >R\u00e9tromobile 2016: La moto en inter files<\/a><\/h6><\/div><\/div>\n<div class=\"col-md-12 col-sm-6 col-xs-12 pt-cv-content-item pt-cv-1-col\" ><div class='pt-cv-ifield'><h6 class=\"pt-cv-title\"><a href=\"https:\/\/www.moto-collection.org\/blog\/lage-dor-de-%e2%80%89bubu%e2%80%89\/\" class=\"_self\" target=\"_self\" >L\u2019\u00e2ge d\u2019or de \u00ab\u00a0Bubu\u00a0\u00bb<\/a><\/h6><\/div><\/div>\n<div class=\"col-md-12 col-sm-6 col-xs-12 pt-cv-content-item pt-cv-1-col\" ><div class='pt-cv-ifield'><h6 class=\"pt-cv-title\"><a href=\"https:\/\/www.moto-collection.org\/blog\/condor-les-suisses-a-plat-et-a-lenvers\/\" class=\"_self\" target=\"_self\" >Condor : Les Suisses \u00e0 plat et \u00e0 l\u2019envers<\/a><\/h6><\/div><\/div>\n<div class=\"col-md-12 col-sm-6 col-xs-12 pt-cv-content-item pt-cv-1-col\" ><div class='pt-cv-ifield'><h6 class=\"pt-cv-title\"><a href=\"https:\/\/www.moto-collection.org\/blog\/moto-a-skis-moto-a-clous\/\" class=\"_self\" target=\"_self\" >Moto \u00e0 skis &#038; moto \u00e0 clous<\/a><\/h6><\/div><\/div>\n<div class=\"col-md-12 col-sm-6 col-xs-12 pt-cv-content-item pt-cv-1-col\" ><div class='pt-cv-ifield'><h6 class=\"pt-cv-title\"><a href=\"https:\/\/www.moto-collection.org\/blog\/anglaises-en-uniforme-2\/\" class=\"_self\" target=\"_self\" >Anglaises en uniforme #2<\/a><\/h6><\/div><\/div>\n<div class=\"col-md-12 col-sm-6 col-xs-12 pt-cv-content-item pt-cv-1-col\" ><div class='pt-cv-ifield'><h6 class=\"pt-cv-title\"><a href=\"https:\/\/www.moto-collection.org\/blog\/anglaises-en-uniforme\/\" class=\"_self\" target=\"_self\" >Anglaises en uniforme<\/a><\/h6><\/div><\/div>\n<div class=\"col-md-12 col-sm-6 col-xs-12 pt-cv-content-item pt-cv-1-col\" ><div class='pt-cv-ifield'><h6 class=\"pt-cv-title\"><a href=\"https:\/\/www.moto-collection.org\/blog\/1896-a-1996-100-ans-danniversaires\/\" class=\"_self\" target=\"_self\" >1896 \u00e0 1996 : 100 ans d&rsquo;anniversaires<\/a><\/h6><\/div><\/div>\n<div class=\"col-md-12 col-sm-6 col-xs-12 pt-cv-content-item pt-cv-1-col\" ><div class='pt-cv-ifield'><h6 class=\"pt-cv-title\"><a href=\"https:\/\/www.moto-collection.org\/blog\/tous-mes-voeux-pour-2016\/\" class=\"_self\" target=\"_self\" >Tous mes v\u0153ux pour 2016<\/a><\/h6><\/div><\/div>\n<div class=\"col-md-12 col-sm-6 col-xs-12 pt-cv-content-item pt-cv-1-col\" ><div class='pt-cv-ifield'><h6 class=\"pt-cv-title\"><a href=\"https:\/\/www.moto-collection.org\/blog\/velo-dei-pour-couple-uni\/\" class=\"_self\" target=\"_self\" >V\u00e9lo Dei pour couple uni<\/a><\/h6><\/div><\/div>\n<div class=\"col-md-12 col-sm-6 col-xs-12 pt-cv-content-item pt-cv-1-col\" ><div class='pt-cv-ifield'><h6 class=\"pt-cv-title\"><a href=\"https:\/\/www.moto-collection.org\/blog\/brough-superior-golden-dream-1938-encore-rate\/\" class=\"_self\" target=\"_self\" >Brough Superior 1000 Golden Dream 1938<\/a><\/h6><\/div><\/div>\n<div class=\"col-md-12 col-sm-6 col-xs-12 pt-cv-content-item pt-cv-1-col\" ><div class='pt-cv-ifield'><h6 class=\"pt-cv-title\"><a href=\"https:\/\/www.moto-collection.org\/blog\/brough-superior-invente-la-moto-a-3-roues\/\" class=\"_self\" target=\"_self\" >Brough Superior invente la moto \u00e0 3 roues<\/a><\/h6><\/div><\/div>\n<div class=\"col-md-12 col-sm-6 col-xs-12 pt-cv-content-item pt-cv-1-col\" ><div class='pt-cv-ifield'><h6 class=\"pt-cv-title\"><a href=\"https:\/\/www.moto-collection.org\/blog\/bullier-1927-rene-gillet-au-bal-de-la-horde\/\" class=\"_self\" target=\"_self\" >Bullier 1927 : Ren\u00e9 Gillet au Bal de la Horde<\/a><\/h6><\/div><\/div>\n<div class=\"col-md-12 col-sm-6 col-xs-12 pt-cv-content-item pt-cv-1-col\" ><div class='pt-cv-ifield'><h6 class=\"pt-cv-title\"><a href=\"https:\/\/www.moto-collection.org\/blog\/brough-superior-les-infidelites-a-4-pattes-de-george-brough\/\" class=\"_self\" target=\"_self\" >Brough Superior : les infid\u00e9lit\u00e9s \u00e0 4 pattes de George Brough<\/a><\/h6><\/div><\/div>\n<div class=\"col-md-12 col-sm-6 col-xs-12 pt-cv-content-item pt-cv-1-col\" ><div class='pt-cv-ifield'><h6 class=\"pt-cv-title\"><a href=\"https:\/\/www.moto-collection.org\/blog\/kawasaki-1955-2015-60-ans-de-twin\/\" class=\"_self\" target=\"_self\" >Kawasaki 1955-2015: 60 ans de twin<\/a><\/h6><\/div><\/div>\n<div class=\"col-md-12 col-sm-6 col-xs-12 pt-cv-content-item pt-cv-1-col\" ><div class='pt-cv-ifield'><h6 class=\"pt-cv-title\"><a href=\"https:\/\/www.moto-collection.org\/blog\/salon-de-la-moto-de-paris-micro-visite\/\" class=\"_self\" target=\"_self\" >Salon de la moto de Paris : micro-visite<\/a><\/h6><\/div><\/div>\n<div class=\"col-md-12 col-sm-6 col-xs-12 pt-cv-content-item pt-cv-1-col\" ><div class='pt-cv-ifield'><h6 class=\"pt-cv-title\"><a href=\"https:\/\/www.moto-collection.org\/blog\/arturo-magni-le-continental-circus-perd-une-de-ses-stars\/\" class=\"_self\" target=\"_self\" >Arturo Magni : Le Continental Circus perd une de ses stars<\/a><\/h6><\/div><\/div>\n<div class=\"col-md-12 col-sm-6 col-xs-12 pt-cv-content-item pt-cv-1-col\" ><div class='pt-cv-ifield'><h6 class=\"pt-cv-title\"><a href=\"https:\/\/www.moto-collection.org\/blog\/salon-moto-legende-2\/\" class=\"_self\" target=\"_self\" >Salon Moto L\u00e9gende 2015 #2<\/a><\/h6><\/div><\/div>\n<div class=\"col-md-12 col-sm-6 col-xs-12 pt-cv-content-item pt-cv-1-col\" ><div class='pt-cv-ifield'><h6 class=\"pt-cv-title\"><a href=\"https:\/\/www.moto-collection.org\/blog\/salon-moto-legende-2015-1\/\" class=\"_self\" target=\"_self\" >Salon Moto L\u00e9gende 2015 #1<\/a><\/h6><\/div><\/div>\n<div class=\"col-md-12 col-sm-6 col-xs-12 pt-cv-content-item pt-cv-1-col\" ><div class='pt-cv-ifield'><h6 class=\"pt-cv-title\"><a href=\"https:\/\/www.moto-collection.org\/blog\/anti-salon-2016-nouveautes-ou-reprises\/\" class=\"_self\" target=\"_self\" >Anti-salon 2016 : nouveaut\u00e9s ou reprises?<\/a><\/h6><\/div><\/div>\n<div class=\"col-md-12 col-sm-6 col-xs-12 pt-cv-content-item pt-cv-1-col\" ><div class='pt-cv-ifield'><h6 class=\"pt-cv-title\"><a href=\"https:\/\/www.moto-collection.org\/blog\/musee-de-chatellerault-un-bien-beau-brouillon\/\" class=\"_self\" target=\"_self\" >Mus\u00e9e de Ch\u00e2tellerault : un bien beau brouillon<\/a><\/h6><\/div><\/div>\n<div class=\"col-md-12 col-sm-6 col-xs-12 pt-cv-content-item pt-cv-1-col\" ><div class='pt-cv-ifield'><h6 class=\"pt-cv-title\"><a href=\"https:\/\/www.moto-collection.org\/blog\/rumi-sorti-de-grange-belge\/\" class=\"_self\" target=\"_self\" >Rumi sorti de grange\u2026 belge<\/a><\/h6><\/div><\/div>\n<div class=\"col-md-12 col-sm-6 col-xs-12 pt-cv-content-item pt-cv-1-col\" ><div class='pt-cv-ifield'><h6 class=\"pt-cv-title\"><a href=\"https:\/\/www.moto-collection.org\/blog\/ariel-250-leader-revolution-a-contre-temps\/\" class=\"_self\" target=\"_self\" >Ariel 250 Leader : r\u00e9volution \u00e0 contre-temps<\/a><\/h6><\/div><\/div>\n<div class=\"col-md-12 col-sm-6 col-xs-12 pt-cv-content-item pt-cv-1-col\" ><div class='pt-cv-ifield'><h6 class=\"pt-cv-title\"><a href=\"https:\/\/www.moto-collection.org\/blog\/accessoirement-4-les-mascottes-interdites\/\" class=\"_self\" target=\"_self\" >Accessoirement #4 : Les Mascottes interdites<\/a><\/h6><\/div><\/div>\n<div class=\"col-md-12 col-sm-6 col-xs-12 pt-cv-content-item pt-cv-1-col\" ><div class='pt-cv-ifield'><h6 class=\"pt-cv-title\"><a href=\"https:\/\/www.moto-collection.org\/blog\/automedon-2015-200-motos-en-expo\/\" class=\"_self\" target=\"_self\" >Autom\u00e9don 2015 : 200 motos en expo<\/a><\/h6><\/div><\/div>\n<div class=\"col-md-12 col-sm-6 col-xs-12 pt-cv-content-item pt-cv-1-col\" ><div class='pt-cv-ifield'><h6 class=\"pt-cv-title\"><a href=\"https:\/\/www.moto-collection.org\/blog\/hummer-et-topper-les-petites-harley-davidson\/\" class=\"_self\" target=\"_self\" >Hummer et Topper : les petites Harley<\/a><\/h6><\/div><\/div>\n<div class=\"col-md-12 col-sm-6 col-xs-12 pt-cv-content-item pt-cv-1-col\" ><div class='pt-cv-ifield'><h6 class=\"pt-cv-title\"><a href=\"https:\/\/www.moto-collection.org\/blog\/a-la-poursuite-de-la-collection-chapleur\/\" class=\"_self\" target=\"_self\" >\u00c0 la poursuite de la collection Chapleur<\/a><\/h6><\/div><\/div>\n<div class=\"col-md-12 col-sm-6 col-xs-12 pt-cv-content-item pt-cv-1-col\" ><div class='pt-cv-ifield'><h6 class=\"pt-cv-title\"><a href=\"https:\/\/www.moto-collection.org\/blog\/accessoirement-3-casques-fous\/\" class=\"_self\" target=\"_self\" >Accessoirement #3 : Casques fous<\/a><\/h6><\/div><\/div>\n<div class=\"col-md-12 col-sm-6 col-xs-12 pt-cv-content-item pt-cv-1-col\" ><div class='pt-cv-ifield'><h6 class=\"pt-cv-title\"><a href=\"https:\/\/www.moto-collection.org\/blog\/accessoirement-le-nez-dans-le-guidon\/\" class=\"_self\" target=\"_self\" >Accessoirement : Le nez dans le guidon<\/a><\/h6><\/div><\/div>\n<div class=\"col-md-12 col-sm-6 col-xs-12 pt-cv-content-item pt-cv-1-col\" ><div class='pt-cv-ifield'><h6 class=\"pt-cv-title\"><a href=\"https:\/\/www.moto-collection.org\/blog\/la-moto-origami-existe\/\" class=\"_self\" target=\"_self\" >La moto Origami existe\u2026<\/a><\/h6><\/div><\/div>\n<div class=\"col-md-12 col-sm-6 col-xs-12 pt-cv-content-item pt-cv-1-col\" ><div class='pt-cv-ifield'><h6 class=\"pt-cv-title\"><a href=\"https:\/\/www.moto-collection.org\/blog\/accessoirement-1\/\" class=\"_self\" target=\"_self\" >Accessoirement #1<\/a><\/h6><\/div><\/div>\n<div class=\"col-md-12 col-sm-6 col-xs-12 pt-cv-content-item pt-cv-1-col\" ><div class='pt-cv-ifield'><h6 class=\"pt-cv-title\"><a href=\"https:\/\/www.moto-collection.org\/blog\/les-filles-de-tartarini\/\" class=\"_self\" target=\"_self\" >Les filles de Tartarini<\/a><\/h6><\/div><\/div>\n<div class=\"col-md-12 col-sm-6 col-xs-12 pt-cv-content-item pt-cv-1-col\" ><div class='pt-cv-ifield'><h6 class=\"pt-cv-title\"><a href=\"https:\/\/www.moto-collection.org\/blog\/leopoldo-tartarini-createur-de-modes\/\" class=\"_self\" target=\"_self\" >Leopoldo Tartarini : Cr\u00e9ateur de modes<\/a><\/h6><\/div><\/div>\n<div class=\"col-md-12 col-sm-6 col-xs-12 pt-cv-content-item pt-cv-1-col\" ><div class='pt-cv-ifield'><h6 class=\"pt-cv-title\"><a href=\"https:\/\/www.moto-collection.org\/blog\/mv-agusta-les-vacances-de-monsieur-remor\/\" class=\"_self\" target=\"_self\" >MV Agusta : Les vacances de monsieur Remor<\/a><\/h6><\/div><\/div>\n<div class=\"col-md-12 col-sm-6 col-xs-12 pt-cv-content-item pt-cv-1-col\" ><div class='pt-cv-ifield'><h6 class=\"pt-cv-title\"><a href=\"https:\/\/www.moto-collection.org\/blog\/collection-chapleur-point-commun\/\" class=\"_self\" target=\"_self\" >Collection Chapleur : Point commun<\/a><\/h6><\/div><\/div>\n<div class=\"col-md-12 col-sm-6 col-xs-12 pt-cv-content-item pt-cv-1-col\" ><div class='pt-cv-ifield'><h6 class=\"pt-cv-title\"><a href=\"https:\/\/www.moto-collection.org\/blog\/1896-2016-bicentenaire-de-la-naissance-de-l-g-perreaux-createur-de-la-premiere-moto\/\" class=\"_self\" target=\"_self\" >Bicentenaire de la naissance de L. G. Perreaux cr\u00e9ateur de la premi\u00e8re moto<\/a><\/h6><\/div><\/div>\n<div class=\"col-md-12 col-sm-6 col-xs-12 pt-cv-content-item pt-cv-1-col\" ><div class='pt-cv-ifield'><h6 class=\"pt-cv-title\"><a href=\"https:\/\/www.moto-collection.org\/blog\/royal-enfield-175-act-1962-lessai-manque\/\" class=\"_self\" target=\"_self\" >Royal Enfield 175 ACT 1962 : l\u2019essai manqu\u00e9<\/a><\/h6><\/div><\/div>\n<div class=\"col-md-12 col-sm-6 col-xs-12 pt-cv-content-item pt-cv-1-col\" ><div class='pt-cv-ifield'><h6 class=\"pt-cv-title\"><a href=\"https:\/\/www.moto-collection.org\/blog\/les-tt-1958-1964-en-live\/\" class=\"_self\" target=\"_self\" >Les TT 1958-1964 en live<\/a><\/h6><\/div><\/div>\n<div class=\"col-md-12 col-sm-6 col-xs-12 pt-cv-content-item pt-cv-1-col\" ><div class='pt-cv-ifield'><h6 class=\"pt-cv-title\"><a href=\"https:\/\/www.moto-collection.org\/blog\/les-vacances-davant-4\/\" class=\"_self\" target=\"_self\" >Les vacances d&rsquo;avant\u2026 (4)<\/a><\/h6><\/div><\/div>\n<div class=\"col-md-12 col-sm-6 col-xs-12 pt-cv-content-item pt-cv-1-col\" ><div class='pt-cv-ifield'><h6 class=\"pt-cv-title\"><a href=\"https:\/\/www.moto-collection.org\/blog\/les-vacances-davant-3\/\" class=\"_self\" target=\"_self\" >Les vacances d&rsquo;avant\u2026 (3)<\/a><\/h6><\/div><\/div>\n<div class=\"col-md-12 col-sm-6 col-xs-12 pt-cv-content-item pt-cv-1-col\" ><div class='pt-cv-ifield'><h6 class=\"pt-cv-title\"><a href=\"https:\/\/www.moto-collection.org\/blog\/marc-defour\/\" class=\"_self\" target=\"_self\" >Marc Defour<\/a><\/h6><\/div><\/div>\n<div class=\"col-md-12 col-sm-6 col-xs-12 pt-cv-content-item pt-cv-1-col\" ><div class='pt-cv-ifield'><h6 class=\"pt-cv-title\"><a href=\"https:\/\/www.moto-collection.org\/blog\/collection-chapleur-on-demenage\/\" class=\"_self\" target=\"_self\" >Collection Chapleur : On d\u00e9m\u00e9nage !<\/a><\/h6><\/div><\/div>\n<div class=\"col-md-12 col-sm-6 col-xs-12 pt-cv-content-item pt-cv-1-col\" ><div class='pt-cv-ifield'><h6 class=\"pt-cv-title\"><a href=\"https:\/\/www.moto-collection.org\/blog\/les-vacances-davant-2\/\" class=\"_self\" target=\"_self\" >Les vacances d&rsquo;avant\u2026 (2)<\/a><\/h6><\/div><\/div>\n<div class=\"col-md-12 col-sm-6 col-xs-12 pt-cv-content-item pt-cv-1-col\" ><div class='pt-cv-ifield'><h6 class=\"pt-cv-title\"><a href=\"https:\/\/www.moto-collection.org\/blog\/les-vacances-davant\/\" class=\"_self\" target=\"_self\" >Les vacances d&rsquo;avant\u2026<\/a><\/h6><\/div><\/div>\n<div class=\"col-md-12 col-sm-6 col-xs-12 pt-cv-content-item pt-cv-1-col\" ><div class='pt-cv-ifield'><h6 class=\"pt-cv-title\"><a href=\"https:\/\/www.moto-collection.org\/blog\/des-vacances-hors-de-prix\/\" class=\"_self\" target=\"_self\" >Des \u201cVacances\u201d hors de prix\u2026<\/a><\/h6><\/div><\/div>\n<div class=\"col-md-12 col-sm-6 col-xs-12 pt-cv-content-item pt-cv-1-col\" ><div class='pt-cv-ifield'><h6 class=\"pt-cv-title\"><a href=\"https:\/\/www.moto-collection.org\/blog\/gilera-a-106-ans-et-bouge-encore\/\" class=\"_self\" target=\"_self\" >Gilera a 106 ans et bouge encore !<\/a><\/h6><\/div><\/div>\n<div class=\"col-md-12 col-sm-6 col-xs-12 pt-cv-content-item pt-cv-1-col\" ><div class='pt-cv-ifield'><h6 class=\"pt-cv-title\"><a href=\"https:\/\/www.moto-collection.org\/blog\/pas-de-news-bonne-nouvelle\/\" class=\"_self\" target=\"_self\" >Pas de news, bonne nouvelle!<\/a><\/h6><\/div><\/div>\n<div class=\"col-md-12 col-sm-6 col-xs-12 pt-cv-content-item pt-cv-1-col\" ><div class='pt-cv-ifield'><h6 class=\"pt-cv-title\"><a href=\"https:\/\/www.moto-collection.org\/blog\/cinq-anglaises-sur-petites-roues\/\" class=\"_self\" target=\"_self\" >Cinq Anglaises sur petites roues<\/a><\/h6><\/div><\/div>\n<div class=\"col-md-12 col-sm-6 col-xs-12 pt-cv-content-item pt-cv-1-col\" ><div class='pt-cv-ifield'><h6 class=\"pt-cv-title\"><a href=\"https:\/\/www.moto-collection.org\/blog\/vacances-en-scooter\/\" class=\"_self\" target=\"_self\" >Lambretta, side-car et caravane !<\/a><\/h6><\/div><\/div>\n<div class=\"col-md-12 col-sm-6 col-xs-12 pt-cv-content-item pt-cv-1-col\" ><div class='pt-cv-ifield'><h6 class=\"pt-cv-title\"><a href=\"https:\/\/www.moto-collection.org\/blog\/hagg-tandam-une-affaire-de-gout\/\" class=\"_self\" target=\"_self\" >Hagg Tandam : une affaire de go\u00fbt !<\/a><\/h6><\/div><\/div>\n<div class=\"col-md-12 col-sm-6 col-xs-12 pt-cv-content-item pt-cv-1-col\" ><div class='pt-cv-ifield'><h6 class=\"pt-cv-title\"><a href=\"https:\/\/www.moto-collection.org\/blog\/les-motos-a-pistons-opposes-de-fernand-laguesse\/\" class=\"_self\" target=\"_self\" >Les motos \u00e0 pistons oppos\u00e9s\u00a0de Fernand Laguesse<\/a><\/h6><\/div><\/div>\n<div class=\"col-md-12 col-sm-6 col-xs-12 pt-cv-content-item pt-cv-1-col\" ><div class='pt-cv-ifield'><h6 class=\"pt-cv-title\"><a href=\"https:\/\/www.moto-collection.org\/blog\/quizz-2\/\" class=\"_self\" target=\"_self\" >Quizz: Les secrets de la Giacomasso\u2026 enfin presque !<\/a><\/h6><\/div><\/div>\n<div class=\"col-md-12 col-sm-6 col-xs-12 pt-cv-content-item pt-cv-1-col\" ><div class='pt-cv-ifield'><h6 class=\"pt-cv-title\"><a href=\"https:\/\/www.moto-collection.org\/blog\/collection-chapleur-suite-ni-fleurs-ni-couronnes\/\" class=\"_self\" target=\"_self\" >Collection Chapleur (suite) : Ni fleurs, ni couronnes<\/a><\/h6><\/div><\/div>\n<div class=\"col-md-12 col-sm-6 col-xs-12 pt-cv-content-item pt-cv-1-col\" ><div class='pt-cv-ifield'><h6 class=\"pt-cv-title\"><a href=\"https:\/\/www.moto-collection.org\/blog\/clones-brides-de-bmw\/\" class=\"_self\" target=\"_self\" >Clones brid\u00e9s de BMW<\/a><\/h6><\/div><\/div>\n<div class=\"col-md-12 col-sm-6 col-xs-12 pt-cv-content-item pt-cv-1-col\" ><div class='pt-cv-ifield'><h6 class=\"pt-cv-title\"><a href=\"https:\/\/www.moto-collection.org\/blog\/coupes-moto-legende-2015-les-50\/\" class=\"_self\" target=\"_self\" >Coupes Moto L\u00e9gende 2015 : Les 50<\/a><\/h6><\/div><\/div>\n<div class=\"col-md-12 col-sm-6 col-xs-12 pt-cv-content-item pt-cv-1-col\" ><div class='pt-cv-ifield'><h6 class=\"pt-cv-title\"><a href=\"https:\/\/www.moto-collection.org\/blog\/coupes-moto-legende-2015-2e-tour-de-parc\/\" class=\"_self\" target=\"_self\" >Coupes Moto L\u00e9gende 2015 : 2e tour de parc<\/a><\/h6><\/div><\/div>\n<div class=\"col-md-12 col-sm-6 col-xs-12 pt-cv-content-item pt-cv-1-col\" ><div class='pt-cv-ifield'><h6 class=\"pt-cv-title\"><a href=\"https:\/\/www.moto-collection.org\/blog\/coupes-moto-legende-2015-cest-trop\/\" class=\"_self\" target=\"_self\" >Coupes Moto L\u00e9gende 2015 : C&rsquo;est trop !!!<\/a><\/h6><\/div><\/div>\n<div class=\"col-md-12 col-sm-6 col-xs-12 pt-cv-content-item pt-cv-1-col\" ><div class='pt-cv-ifield'><h6 class=\"pt-cv-title\"><a href=\"https:\/\/www.moto-collection.org\/blog\/villa-deste-deux-roues-dexception-autour-du-lac-de-come\/\" class=\"_self\" target=\"_self\" >Villa d&rsquo;Este : deux roues d&rsquo;exception autour du lac de C\u00f4me<\/a><\/h6><\/div><\/div>\n<div class=\"col-md-12 col-sm-6 col-xs-12 pt-cv-content-item pt-cv-1-col\" ><div class='pt-cv-ifield'><h6 class=\"pt-cv-title\"><a href=\"https:\/\/www.moto-collection.org\/blog\/collection-chapleur-a-vendre-a-nouveau\/\" class=\"_self\" target=\"_self\" >Collection Chapleur : \u00c0 vendre \u00e0 nouveau<\/a><\/h6><\/div><\/div>\n<div class=\"col-md-12 col-sm-6 col-xs-12 pt-cv-content-item pt-cv-1-col\" ><div class='pt-cv-ifield'><h6 class=\"pt-cv-title\"><a href=\"https:\/\/www.moto-collection.org\/blog\/scooters-flat-one-2-nsu-175-prima-v\/\" class=\"_self\" target=\"_self\" >Scooters \u00ab\u00a0Flat One\u00a0\u00bb #2 : NSU 175 Prima V<\/a><\/h6><\/div><\/div>\n<div class=\"col-md-12 col-sm-6 col-xs-12 pt-cv-content-item pt-cv-1-col\" ><div class='pt-cv-ifield'><h6 class=\"pt-cv-title\"><a href=\"https:\/\/www.moto-collection.org\/blog\/scooters-flat-one-n1-ducati-175-cruiser\/\" class=\"_self\" target=\"_self\" >Scooters \u00ab\u00a0Flat One\u00a0\u00bb #1 : Ducati 175 Cruiser<\/a><\/h6><\/div><\/div>\n<div class=\"col-md-12 col-sm-6 col-xs-12 pt-cv-content-item pt-cv-1-col\" ><div class='pt-cv-ifield'><h6 class=\"pt-cv-title\"><a href=\"https:\/\/www.moto-collection.org\/blog\/montlhery-vintage-revival-2015-le-paradis\/\" class=\"_self\" target=\"_self\" >Montlh\u00e9ry Vintage Revival 2015 : Le paradis !<\/a><\/h6><\/div><\/div>\n<div class=\"col-md-12 col-sm-6 col-xs-12 pt-cv-content-item pt-cv-1-col\" ><div class='pt-cv-ifield'><h6 class=\"pt-cv-title\"><a href=\"https:\/\/www.moto-collection.org\/blog\/abuse-par-une-abysinienne\/\" class=\"_self\" target=\"_self\" >Abus\u00e9 par une Abysinienne<\/a><\/h6><\/div><\/div>\n<div class=\"col-md-12 col-sm-6 col-xs-12 pt-cv-content-item pt-cv-1-col\" ><div class='pt-cv-ifield'><h6 class=\"pt-cv-title\"><a href=\"https:\/\/www.moto-collection.org\/blog\/montlhery-revit-son-histoire-les-9-et-10-mai\/\" class=\"_self\" target=\"_self\" >Montlh\u00e9ry revit son histoire les 9 et 10 mai<\/a><\/h6><\/div><\/div>\n<div class=\"col-md-12 col-sm-6 col-xs-12 pt-cv-content-item pt-cv-1-col\" ><div class='pt-cv-ifield'><h6 class=\"pt-cv-title\"><a href=\"https:\/\/www.moto-collection.org\/blog\/trois-miss-de-france-en-1953\/\" class=\"_self\" target=\"_self\" >Trois Miss de France en 1953<\/a><\/h6><\/div><\/div>\n<div class=\"col-md-12 col-sm-6 col-xs-12 pt-cv-content-item pt-cv-1-col\" ><div class='pt-cv-ifield'><h6 class=\"pt-cv-title\"><a href=\"https:\/\/www.moto-collection.org\/blog\/geoff-duke-nous-a-quitte\/\" class=\"_self\" target=\"_self\" >Geoff Duke nous a quitt\u00e9<\/a><\/h6><\/div><\/div>\n<div class=\"col-md-12 col-sm-6 col-xs-12 pt-cv-content-item pt-cv-1-col\" ><div class='pt-cv-ifield'><h6 class=\"pt-cv-title\"><a href=\"https:\/\/www.moto-collection.org\/blog\/bresilienne-hybride\/\" class=\"_self\" target=\"_self\" >Br\u00e9silienne hybride<\/a><\/h6><\/div><\/div>\n<div class=\"col-md-12 col-sm-6 col-xs-12 pt-cv-content-item pt-cv-1-col\" ><div class='pt-cv-ifield'><h6 class=\"pt-cv-title\"><a href=\"https:\/\/www.moto-collection.org\/blog\/muse-de-suz\/\" class=\"_self\" target=\"_self\" >Muse de Suz<\/a><\/h6><\/div><\/div>\n<div class=\"col-md-12 col-sm-6 col-xs-12 pt-cv-content-item pt-cv-1-col\" ><div class='pt-cv-ifield'><h6 class=\"pt-cv-title\"><a href=\"https:\/\/www.moto-collection.org\/blog\/quizz-special-petits-cubes\/\" class=\"_self\" target=\"_self\" >Quizz sp\u00e9cial \u00ab\u00a0Petits cubes\u00a0\u00bb<\/a><\/h6><\/div><\/div>\n<div class=\"col-md-12 col-sm-6 col-xs-12 pt-cv-content-item pt-cv-1-col\" ><div class='pt-cv-ifield'><h6 class=\"pt-cv-title\"><a href=\"https:\/\/www.moto-collection.org\/blog\/collection-chapleur-vente-annulee\/\" class=\"_self\" target=\"_self\" >Collection Chapleur: vente annul\u00e9e<\/a><\/h6><\/div><\/div>\n<div class=\"col-md-12 col-sm-6 col-xs-12 pt-cv-content-item pt-cv-1-col\" ><div class='pt-cv-ifield'><h6 class=\"pt-cv-title\"><a href=\"https:\/\/www.moto-collection.org\/blog\/vespa-doutre-rhin\/\" class=\"_self\" target=\"_self\" >Vespa d&rsquo;outre-Rhin<\/a><\/h6><\/div><\/div>\n<div class=\"col-md-12 col-sm-6 col-xs-12 pt-cv-content-item pt-cv-1-col\" ><div class='pt-cv-ifield'><h6 class=\"pt-cv-title\"><a href=\"https:\/\/www.moto-collection.org\/blog\/tresor-public-en-solde-suite\/\" class=\"_self\" target=\"_self\" >Tr\u00e9sor public en solde \u2014 suite\u2026<\/a><\/h6><\/div><\/div>\n<div class=\"col-md-12 col-sm-6 col-xs-12 pt-cv-content-item pt-cv-1-col\" ><div class='pt-cv-ifield'><h6 class=\"pt-cv-title\"><a href=\"https:\/\/www.moto-collection.org\/blog\/la-nlg-des-records-de-cook\/\" class=\"_self\" target=\"_self\" >Les NLG des records de Cook<\/a><\/h6><\/div><\/div>\n<div class=\"col-md-12 col-sm-6 col-xs-12 pt-cv-content-item pt-cv-1-col\" ><div class='pt-cv-ifield'><h6 class=\"pt-cv-title\"><a href=\"https:\/\/www.moto-collection.org\/blog\/la-ravat-au-moser\/\" class=\"_self\" target=\"_self\" >Ravat, Moser et coquine<\/a><\/h6><\/div><\/div>\n<div class=\"col-md-12 col-sm-6 col-xs-12 pt-cv-content-item pt-cv-1-col\" ><div class='pt-cv-ifield'><h6 class=\"pt-cv-title\"><a href=\"https:\/\/www.moto-collection.org\/blog\/tirailleurs-en-goguette\/\" class=\"_self\" target=\"_self\" >Tirailleurs en goguette<\/a><\/h6><\/div><\/div>\n<div class=\"col-md-12 col-sm-6 col-xs-12 pt-cv-content-item pt-cv-1-col\" ><div class='pt-cv-ifield'><h6 class=\"pt-cv-title\"><a href=\"https:\/\/www.moto-collection.org\/blog\/bam-la-fn-dhitler\/\" class=\"_self\" target=\"_self\" >BAM, la FN d\u2019Hitler<\/a><\/h6><\/div><\/div>\n<div class=\"col-md-12 col-sm-6 col-xs-12 pt-cv-content-item pt-cv-1-col\" ><div class='pt-cv-ifield'><h6 class=\"pt-cv-title\"><a href=\"https:\/\/www.moto-collection.org\/blog\/une-nouvelle-nougier\/\" class=\"_self\" target=\"_self\" >Une nouvelle Nougier !<\/a><\/h6><\/div><\/div>\n<div class=\"col-md-12 col-sm-6 col-xs-12 pt-cv-content-item pt-cv-1-col\" ><div class='pt-cv-ifield'><h6 class=\"pt-cv-title\"><a href=\"https:\/\/www.moto-collection.org\/blog\/plantureuse-serie-b\/\" class=\"_self\" target=\"_self\" >Plantureuse s\u00e9rie B<\/a><\/h6><\/div><\/div>\n<div class=\"col-md-12 col-sm-6 col-xs-12 pt-cv-content-item pt-cv-1-col\" ><div class='pt-cv-ifield'><h6 class=\"pt-cv-title\"><a href=\"https:\/\/www.moto-collection.org\/blog\/plein-phare-sur-la-peugeot-350-p105-de-1927\/\" class=\"_self\" target=\"_self\" >Plein phare sur la Peugeot 350 P105 de 1927<\/a><\/h6><\/div><\/div>\n<div class=\"col-md-12 col-sm-6 col-xs-12 pt-cv-content-item pt-cv-1-col\" ><div class='pt-cv-ifield'><h6 class=\"pt-cv-title\"><a href=\"https:\/\/www.moto-collection.org\/blog\/quizz\/\" class=\"_self\" target=\"_self\" >Quizz !<\/a><\/h6><\/div><\/div>\n<div class=\"col-md-12 col-sm-6 col-xs-12 pt-cv-content-item pt-cv-1-col\" ><div class='pt-cv-ifield'><h6 class=\"pt-cv-title\"><a href=\"https:\/\/www.moto-collection.org\/blog\/collection-chapleur-a-amneville-lespoir-renait\/\" class=\"_self\" target=\"_self\" >Collection Chapleur \u00e0 Amn\u00e9ville : l\u2019espoir rena\u00eet !<\/a><\/h6><\/div><\/div>\n<div class=\"col-md-12 col-sm-6 col-xs-12 pt-cv-content-item pt-cv-1-col\" ><div class='pt-cv-ifield'><h6 class=\"pt-cv-title\"><a href=\"https:\/\/www.moto-collection.org\/blog\/collection-chapleur-a-amneville-ultime-visite\/\" class=\"_self\" target=\"_self\" >Collection Chapleur \u00e0 Amn\u00e9ville : ultime visite !<\/a><\/h6><\/div><\/div>\n<div class=\"col-md-12 col-sm-6 col-xs-12 pt-cv-content-item pt-cv-1-col\" ><div class='pt-cv-ifield'><h6 class=\"pt-cv-title\"><a href=\"https:\/\/www.moto-collection.org\/blog\/bruxelles-la-ou-un-musee-moto-se-porte-bien\/\" class=\"_self\" target=\"_self\" >Bruxelles, l\u00e0 o\u00f9 un mus\u00e9e moto se porte bien !<\/a><\/h6><\/div><\/div>\n<div class=\"col-md-12 col-sm-6 col-xs-12 pt-cv-content-item pt-cv-1-col\" ><div class='pt-cv-ifield'><h6 class=\"pt-cv-title\"><a href=\"https:\/\/www.moto-collection.org\/blog\/bmw-remplace-loeuf-la-poule-et-le-lapin\/\" class=\"_self\" target=\"_self\" >BMW, l&rsquo;\u0153uf, la poule et le lapin<\/a><\/h6><\/div><\/div>\n<div class=\"col-md-12 col-sm-6 col-xs-12 pt-cv-content-item pt-cv-1-col\" ><div class='pt-cv-ifield'><h6 class=\"pt-cv-title\"><a href=\"https:\/\/www.moto-collection.org\/blog\/tresor-public-en-solde\/\" class=\"_self\" target=\"_self\" >Tr\u00e9sor public en solde !<\/a><\/h6><\/div><\/div>\n<div class=\"col-md-12 col-sm-6 col-xs-12 pt-cv-content-item pt-cv-1-col\" ><div class='pt-cv-ifield'><h6 class=\"pt-cv-title\"><a href=\"https:\/\/www.moto-collection.org\/blog\/collection-chapleur-vendue\/\" class=\"_self\" target=\"_self\" >Collection Chapleur vendue ?<\/a><\/h6><\/div><\/div>\n<div class=\"col-md-12 col-sm-6 col-xs-12 pt-cv-content-item pt-cv-1-col\" ><div class='pt-cv-ifield'><h6 class=\"pt-cv-title\"><a href=\"https:\/\/www.moto-collection.org\/blog\/scooters-bmw-faux-departs\/\" class=\"_self\" target=\"_self\" >Scooters BMW: les faux d\u00e9parts<\/a><\/h6><\/div><\/div>\n<div class=\"col-md-12 col-sm-6 col-xs-12 pt-cv-content-item pt-cv-1-col\" ><div class='pt-cv-ifield'><h6 class=\"pt-cv-title\"><a href=\"https:\/\/www.moto-collection.org\/blog\/vespa-des-records-125-mais-a-deux-pistons\/\" class=\"_self\" target=\"_self\" >Vespa des records: 125cc mais deux pistons !<\/a><\/h6><\/div><\/div>\n<div class=\"col-md-12 col-sm-6 col-xs-12 pt-cv-content-item pt-cv-1-col\" ><div class='pt-cv-ifield'><h6 class=\"pt-cv-title\"><a href=\"https:\/\/www.moto-collection.org\/blog\/la-triumph-girl-des-annees-30\/\" class=\"_self\" target=\"_self\" >La Triumph girl des ann\u00e9es 30<\/a><\/h6><\/div><\/div>\n<div class=\"col-md-12 col-sm-6 col-xs-12 pt-cv-content-item pt-cv-1-col\" ><div class='pt-cv-ifield'><h6 class=\"pt-cv-title\"><a href=\"https:\/\/www.moto-collection.org\/blog\/peugeot-passe-le-triangle-a-larriere\/\" class=\"_self\" target=\"_self\" >Peugeot passe le triangle \u00e0 l&rsquo;arri\u00e8re<\/a><\/h6><\/div><\/div>\n<div class=\"col-md-12 col-sm-6 col-xs-12 pt-cv-content-item pt-cv-1-col\" ><div class='pt-cv-ifield'><h6 class=\"pt-cv-title\"><a href=\"https:\/\/www.moto-collection.org\/blog\/polonaises\/\" class=\"_self\" target=\"_self\" >Polonaises<\/a><\/h6><\/div><\/div>\n<div class=\"col-md-12 col-sm-6 col-xs-12 pt-cv-content-item pt-cv-1-col\" ><div class='pt-cv-ifield'><h6 class=\"pt-cv-title\"><a href=\"https:\/\/www.moto-collection.org\/blog\/brooklands-au-feminin\/\" class=\"_self\" target=\"_self\" >Brooklands au f\u00e9minin<\/a><\/h6><\/div><\/div>\n<div class=\"col-md-12 col-sm-6 col-xs-12 pt-cv-content-item pt-cv-1-col\" ><div class='pt-cv-ifield'><h6 class=\"pt-cv-title\"><a href=\"https:\/\/www.moto-collection.org\/blog\/femmes-et-motos\/\" class=\"_self\" target=\"_self\" >Grand m\u00e8re Brin\u2026<\/a><\/h6><\/div><\/div>\n<div class=\"col-md-12 col-sm-6 col-xs-12 pt-cv-content-item pt-cv-1-col\" ><div class='pt-cv-ifield'><h6 class=\"pt-cv-title\"><a href=\"https:\/\/www.moto-collection.org\/blog\/midual-2015-enfin-un-heritage-de-la-plus-belle-des-motos-francaises\/\" class=\"_self\" target=\"_self\" >Midual 2015 : un bel h\u00e9ritage<\/a><\/h6><\/div><\/div>\n<div class=\"col-md-12 col-sm-6 col-xs-12 pt-cv-content-item pt-cv-1-col\" ><div class='pt-cv-ifield'><h6 class=\"pt-cv-title\"><a href=\"https:\/\/www.moto-collection.org\/blog\/cycles-sport-en-avignon\/\" class=\"_self\" target=\"_self\" >Cyclos sport en Avignon<\/a><\/h6><\/div><\/div>\n<div class=\"col-md-12 col-sm-6 col-xs-12 pt-cv-content-item pt-cv-1-col\" ><div class='pt-cv-ifield'><h6 class=\"pt-cv-title\"><a href=\"https:\/\/www.moto-collection.org\/blog\/cote-fiches-ou-cote-blog\/\" class=\"_self\" target=\"_self\" >C\u00f4t\u00e9 Fiches, ou c\u00f4t\u00e9 Blog<\/a><\/h6><\/div><\/div>\n<div class=\"col-md-12 col-sm-6 col-xs-12 pt-cv-content-item pt-cv-1-col\" ><div class='pt-cv-ifield'><h6 class=\"pt-cv-title\"><a href=\"https:\/\/www.moto-collection.org\/blog\/aldimi-nouvelles-revelations-sur-le-scooter-belge-de-1953\/\" class=\"_self\" target=\"_self\" >Des Belgian Cushman aux Aldimi<\/a><\/h6><\/div><\/div>\n<div class=\"col-md-12 col-sm-6 col-xs-12 pt-cv-content-item pt-cv-1-col\" ><div class='pt-cv-ifield'><h6 class=\"pt-cv-title\"><a href=\"https:\/\/www.moto-collection.org\/blog\/bsa-250-sunbeam-triumph-250-tigress-le-twin-anglais-sur-roulettes\/\" class=\"_self\" target=\"_self\" >BSA 250 Sunbeam, Triumph 250 Tigress : le twin anglais sur roulettes<\/a><\/h6><\/div><\/div>\n<div class=\"col-md-12 col-sm-6 col-xs-12 pt-cv-content-item pt-cv-1-col\" ><div class='pt-cv-ifield'><h6 class=\"pt-cv-title\"><a href=\"https:\/\/www.moto-collection.org\/blog\/maico-350400-taifun-le-concept-global\/\" class=\"_self\" target=\"_self\" >Maico 350\/400 Taifun : Le concept global<\/a><\/h6><\/div><\/div>\n<div class=\"col-md-12 col-sm-6 col-xs-12 pt-cv-content-item pt-cv-1-col\" ><div class='pt-cv-ifield'><h6 class=\"pt-cv-title\"><a href=\"https:\/\/www.moto-collection.org\/blog\/aguste-goffin-le-der-des-der\/\" class=\"_self\" target=\"_self\" >Auguste Goffin : le der des der<\/a><\/h6><\/div><\/div>\n<div class=\"col-md-12 col-sm-6 col-xs-12 pt-cv-content-item pt-cv-1-col\" ><div class='pt-cv-ifield'><h6 class=\"pt-cv-title\"><a href=\"https:\/\/www.moto-collection.org\/blog\/45-ans-avant-le-paris-dakar\/\" class=\"_self\" target=\"_self\" >45 ans avant le Paris-Dakar<\/a><\/h6><\/div><\/div>\n<div class=\"col-md-12 col-sm-6 col-xs-12 pt-cv-content-item pt-cv-1-col\" ><div class='pt-cv-ifield'><h6 class=\"pt-cv-title\"><a href=\"https:\/\/www.moto-collection.org\/blog\/hommage-a-jean-pierre-beltoise\/\" class=\"_self\" target=\"_self\" >Hommage \u00e0 Jean-Pierre Beltoise<\/a><\/h6><\/div><\/div>\n<div class=\"col-md-12 col-sm-6 col-xs-12 pt-cv-content-item pt-cv-1-col\" ><div class='pt-cv-ifield'><h6 class=\"pt-cv-title\"><a href=\"https:\/\/www.moto-collection.org\/blog\/test\/\" class=\"_self\" target=\"_self\" >190 Anniversaires motocyclistes de 1895 \u00e0 1985<\/a><\/h6><\/div><\/div><\/div><\/div><\/div><\/code><\/p>\n<p>[\/vc_column_text][\/vc_column][\/vc_row]<\/p>\n","protected":false},"excerpt":{"rendered":"<p>[vc_row][vc_column][vc_column_text] [\/vc_column_text][\/vc_column][\/vc_row]<\/p>\n","protected":false},"author":1,"featured_media":0,"parent":0,"menu_order":0,"comment_status":"closed","ping_status":"closed","template":"","meta":[],"_links":{"self":[{"href":"https:\/\/www.moto-collection.org\/blog\/wp-json\/wp\/v2\/pages\/4471"}],"collection":[{"href":"https:\/\/www.moto-collection.org\/blog\/wp-json\/wp\/v2\/pages"}],"about":[{"href":"https:\/\/www.moto-collection.org\/blog\/wp-json\/wp\/v2\/types\/page"}],"author":[{"embeddable":true,"href":"https:\/\/www.moto-collection.org\/blog\/wp-json\/wp\/v2\/users\/1"}],"replies":[{"embeddable":true,"href":"https:\/\/www.moto-collection.org\/blog\/wp-json\/wp\/v2\/comments?post=4471"}],"version-history":[{"count":0,"href":"https:\/\/www.moto-collection.org\/blog\/wp-json\/wp\/v2\/pages\/4471\/revisions"}],"wp:attachment":[{"href":"https:\/\/www.moto-collection.org\/blog\/wp-json\/wp\/v2\/media?parent=4471"}],"curies":[{"name":"wp","href":"https:\/\/api.w.org\/{rel}","templated":true}]}}